{"id":594,"date":"2017-08-19T10:16:46","date_gmt":"2017-08-19T08:16:46","guid":{"rendered":"http:\/\/grupored.inteligencia-web.com\/?page_id=594"},"modified":"2026-02-26T13:23:26","modified_gmt":"2026-02-26T12:23:26","slug":"agencias-aluguer-carros-menorca","status":"publish","type":"page","link":"https:\/\/www.autosvalls.com\/pt\/aluguer-de-carros-em-menorca\/agencias-aluguer-carros-menorca\/","title":{"rendered":"Ag\u00eancias de Aluguer de Carros em Menorca."},"content":{"rendered":"<div class=\"wpb-content-wrapper\">[vc_row][vc_column][vc_column_text css=&#8221;&#8221;]\r\n<h2 style=\"text-align: center;\"><span style=\"color: #09b3de;\">Rede de ag\u00eancias de aluguer de carros na Ilha de Menorca<\/span><\/h2>\r\n[\/vc_column_text]<div id=\"locations-list119659\"><div class=\"car-rental-locations-list\">\r\n                        <div class=\"row\">\r\n                <div class=\"col-xs-12 col-sm-5\">\r\n                    <h2 class=\"location_title\"><a href=\"https:\/\/www.autosvalls.com\/pt\/aluguer-de-carros-em\/aeroporto-de-menorca\/\" title=\"Mostrar descri\u00e7\u00e3o da viatura\"><span class=\"location-name\">Aeropuerto Menorca<\/span><\/a><\/h2>\r\n                <\/div>\r\n                <div class=\"col-xs-12 col-sm-7 button-holder\">\r\n                    <a class=\"button\" href=\"https:\/\/www.autosvalls.com\/pt\/aluguer-de-carros-em\/aeroporto-de-menorca\/\" title=\"Ver Localiza\u00e7\u00e3o\">Reservar em Aeropuerto Menorca<\/a>                <\/div>\r\n            <\/div>\r\n            <div class=\"row under_dash\">\r\n                <div class=\"col-xs-12 col-sm-5 img-holder\">\r\n                                            <a href=\"https:\/\/www.autosvalls.com\/pt\/aluguer-de-carros-em\/aeroporto-de-menorca\/\"\r\n                           title=\"Aeropuerto Menorca\">\r\n                            <img decoding=\"async\" src=\"https:\/\/www.autosvalls.com\/pt\/wp-content\/uploads\/CarRentalGallery\/big_thumb_location_POIMA.jpg.jpg\"\r\n                                 alt=\"Aeropuerto Menorca\"\/>\r\n                        <\/a>\r\n                                    <\/div>\r\n                <div class=\"col-xs-12 col-sm-7 information\">\r\n                    <div class=\"col-xs-12 col-sm-6\">\r\n                                                    <div class=\"description-location\">\r\n                                <span class=\"title\">Morada<\/span class=\"highlight\">\r\n                                <i class=\"fas fa-map-signs\"><\/i> Curniola, 32<br\/>Mahon - Menorca<br\/>Minib\u00fas Aeropuerto-Oficina Aeropuerto Gratis. -<br\/>*Servicio de fuera horas hasta las 23.59h                            <\/div>\r\n                                                                            <div class=\"description-location\">\r\n                                <span class=\"title\">Telefone<\/span>\r\n                                <i class=\"fas fa-phone\"><\/i> 971 593 167                            <\/div>\r\n                                            <\/div>\r\n                    <div class=\"col-xs-12 col-sm-6\">\r\n                        <div class=\"description-location\">\r\n                            <span class=\"title\">Hor\u00e1rio de Funcionamento<\/span>\r\n                            <ul class=\"car-rental-working-hours-list\">\n    <li>\n        <i class=\"far fa-clock\"><\/i>\n        <span class=\"highlight\">Segundas-feiras:<\/span>\n        07:00 - 22:00    <\/li>\n    <li>\n        <i class=\"far fa-clock\"><\/i>\n        <span class=\"highlight\">Ter\u00e7as-feiras:<\/span>\n        07:00 - 22:00    <\/li>\n    <li>\n        <i class=\"far fa-clock\"><\/i>\n        <span class=\"highlight\">Quartas-feiras:<\/span>\n        07:00 - 22:00    <\/li>\n    <li>\n        <i class=\"far fa-clock\"><\/i>\n        <span class=\"highlight\">Quintas-feiras:<\/span>\n        07:00 - 22:00    <\/li>\n    <li>\n        <i class=\"far fa-clock\"><\/i>\n        <span class=\"highlight\">Sextas-feiras:<\/span>\n        07:00 - 22:00    <\/li>\n    <li>\n        <i class=\"far fa-clock\"><\/i>\n        <span class=\"highlight\">S\u00e1bados:<\/span>\n        07:00 - 22:00    <\/li>\n    <li>\n        <i class=\"far fa-clock\"><\/i>\n        <span class=\"highlight\">Domingos:<\/span>\n        07:00 - 22:00    <\/li>\n<\/ul>\n                        <\/div>\r\n                    <\/div>\r\n                <\/div>\r\n            <\/div>\r\n                    <div class=\"row\">\r\n                <div class=\"col-xs-12 col-sm-5\">\r\n                    <h2 class=\"location_title\"><a href=\"https:\/\/www.autosvalls.com\/pt\/aluguer-de-carros-em\/arenal-den-castell\/\" title=\"Mostrar descri\u00e7\u00e3o da viatura\"><span class=\"location-name\">Arenal d&#039;en Castell<\/span><\/a><\/h2>\r\n                <\/div>\r\n                <div class=\"col-xs-12 col-sm-7 button-holder\">\r\n                    <a class=\"button\" href=\"https:\/\/www.autosvalls.com\/pt\/aluguer-de-carros-em\/arenal-den-castell\/\" title=\"Ver Localiza\u00e7\u00e3o\">Reservar em Arenal d&#039;en Castell<\/a>                <\/div>\r\n            <\/div>\r\n            <div class=\"row under_dash\">\r\n                <div class=\"col-xs-12 col-sm-5 img-holder\">\r\n                                            <a href=\"https:\/\/www.autosvalls.com\/pt\/aluguer-de-carros-em\/arenal-den-castell\/\"\r\n                           title=\"Arenal d&#039;en Castell\">\r\n                            <img decoding=\"async\" src=\"https:\/\/www.autosvalls.com\/pt\/wp-content\/uploads\/CarRentalGallery\/big_thumb_location_location_motos-valls-arenal-den-castell.jpg\"\r\n                                 alt=\"Arenal d&#039;en Castell\"\/>\r\n                        <\/a>\r\n                                    <\/div>\r\n                <div class=\"col-xs-12 col-sm-7 information\">\r\n                    <div class=\"col-xs-12 col-sm-6\">\r\n                                                    <div class=\"description-location\">\r\n                                <span class=\"title\">Morada<\/span class=\"highlight\">\r\n                                <i class=\"fas fa-map-signs\"><\/i> C.C. Coves Noves<br\/>Arenal den Castell<br\/>Menorca                            <\/div>\r\n                                                                            <div class=\"description-location\">\r\n                                <span class=\"title\">Telefone<\/span>\r\n                                <i class=\"fas fa-phone\"><\/i> Telf: 656 697 198                            <\/div>\r\n                                            <\/div>\r\n                    <div class=\"col-xs-12 col-sm-6\">\r\n                        <div class=\"description-location\">\r\n                            <span class=\"title\">Hor\u00e1rio de Funcionamento<\/span>\r\n                            <ul class=\"car-rental-working-hours-list\">\n    <li>\n        <i class=\"far fa-clock\"><\/i>\n        <span class=\"highlight\">Segundas-feiras:<\/span>\n        08:30 - 19:30    <\/li>\n    <li>\n        <i class=\"far fa-clock\"><\/i>\n        <span class=\"highlight\">Ter\u00e7as-feiras:<\/span>\n        08:30 - 19:30    <\/li>\n    <li>\n        <i class=\"far fa-clock\"><\/i>\n        <span class=\"highlight\">Quartas-feiras:<\/span>\n        08:30 - 19:30    <\/li>\n    <li>\n        <i class=\"far fa-clock\"><\/i>\n        <span class=\"highlight\">Quintas-feiras:<\/span>\n        08:30 - 19:30    <\/li>\n    <li>\n        <i class=\"far fa-clock\"><\/i>\n        <span class=\"highlight\">Sextas-feiras:<\/span>\n        08:30 - 19:30    <\/li>\n    <li>\n        <i class=\"far fa-clock\"><\/i>\n        <span class=\"highlight\">S\u00e1bados:<\/span>\n        08:30 - 19:30    <\/li>\n    <li>\n        <i class=\"far fa-clock\"><\/i>\n        <span class=\"highlight\">Domingos:<\/span>\n        08:30 - 19:30    <\/li>\n<\/ul>\n    <div class=\"car-rental-section-title\">\n        <i class=\"fas fa-utensils\"><\/i>\n        <span class=\"highlight\">Hora de Almo\u00e7o\t\t\t\t\t\t\t\t\t\t: Seg-Dom<\/span>\n        12:30 - 17:00    <\/div>\n                        <\/div>\r\n                    <\/div>\r\n                <\/div>\r\n            <\/div>\r\n                    <div class=\"row\">\r\n                <div class=\"col-xs-12 col-sm-5\">\r\n                    <h2 class=\"location_title\"><a href=\"https:\/\/www.autosvalls.com\/pt\/aluguer-de-carros-em\/binibeca\/\" title=\"Mostrar descri\u00e7\u00e3o da viatura\"><span class=\"location-name\">Binibeca<\/span><\/a><\/h2>\r\n                <\/div>\r\n                <div class=\"col-xs-12 col-sm-7 button-holder\">\r\n                    <a class=\"button\" href=\"https:\/\/www.autosvalls.com\/pt\/aluguer-de-carros-em\/binibeca\/\" title=\"Ver Localiza\u00e7\u00e3o\">Reservar em Binibeca<\/a>                <\/div>\r\n            <\/div>\r\n            <div class=\"row under_dash\">\r\n                <div class=\"col-xs-12 col-sm-5 img-holder\">\r\n                                            <a href=\"https:\/\/www.autosvalls.com\/pt\/aluguer-de-carros-em\/binibeca\/\"\r\n                           title=\"Binibeca\">\r\n                            <img decoding=\"async\" src=\"https:\/\/www.autosvalls.com\/pt\/wp-content\/uploads\/CarRentalGallery\/big_thumb_location_1605597552_motos-valls-binibeca.jpg\"\r\n                                 alt=\"Binibeca\"\/>\r\n                        <\/a>\r\n                                    <\/div>\r\n                <div class=\"col-xs-12 col-sm-7 information\">\r\n                    <div class=\"col-xs-12 col-sm-6\">\r\n                                                    <div class=\"description-location\">\r\n                                <span class=\"title\">Morada<\/span class=\"highlight\">\r\n                                <i class=\"fas fa-map-signs\"><\/i> C.C Binibeca Local, 1<br\/>Binibeca Vell<br\/>Menorca<br\/>Oficina mas cercana abierta: Punta Prima                            <\/div>\r\n                                                                            <div class=\"description-location\">\r\n                                <span class=\"title\">Telefone<\/span>\r\n                                <i class=\"fas fa-phone\"><\/i> Tel. +34 971 15 90 00                            <\/div>\r\n                                            <\/div>\r\n                    <div class=\"col-xs-12 col-sm-6\">\r\n                        <div class=\"description-location\">\r\n                            <span class=\"title\">Hor\u00e1rio de Funcionamento<\/span>\r\n                            <ul class=\"car-rental-working-hours-list\">\n    <li>\n        <i class=\"far fa-clock\"><\/i>\n        <span class=\"highlight\">Segundas-feiras:<\/span>\n        09:00 - 20:00    <\/li>\n    <li>\n        <i class=\"far fa-clock\"><\/i>\n        <span class=\"highlight\">Ter\u00e7as-feiras:<\/span>\n        09:00 - 20:00    <\/li>\n    <li>\n        <i class=\"far fa-clock\"><\/i>\n        <span class=\"highlight\">Quartas-feiras:<\/span>\n        09:00 - 20:00    <\/li>\n    <li>\n        <i class=\"far fa-clock\"><\/i>\n        <span class=\"highlight\">Quintas-feiras:<\/span>\n        09:00 - 20:00    <\/li>\n    <li>\n        <i class=\"far fa-clock\"><\/i>\n        <span class=\"highlight\">Sextas-feiras:<\/span>\n        09:00 - 20:00    <\/li>\n    <li>\n        <i class=\"far fa-clock\"><\/i>\n        <span class=\"highlight\">S\u00e1bados:<\/span>\n        09:00 - 13:00    <\/li>\n    <li>\n        <i class=\"far fa-clock\"><\/i>\n        <span class=\"highlight\">Domingos:<\/span>\n        09:00 - 13:00    <\/li>\n<\/ul>\n    <div class=\"car-rental-section-title\">\n        <i class=\"fas fa-utensils\"><\/i>\n        <span class=\"highlight\">Hora de Almo\u00e7o\t\t\t\t\t\t\t\t\t\t: Seg-Dom<\/span>\n        13:00 - 17:00    <\/div>\n                        <\/div>\r\n                    <\/div>\r\n                <\/div>\r\n            <\/div>\r\n                    <div class=\"row\">\r\n                <div class=\"col-xs-12 col-sm-5\">\r\n                    <h2 class=\"location_title\"><a href=\"https:\/\/www.autosvalls.com\/pt\/aluguer-de-carros-em\/cala-galdana\/\" title=\"Mostrar descri\u00e7\u00e3o da viatura\"><span class=\"location-name\">Cala Galdana<\/span><\/a><\/h2>\r\n                <\/div>\r\n                <div class=\"col-xs-12 col-sm-7 button-holder\">\r\n                    <a class=\"button\" href=\"https:\/\/www.autosvalls.com\/pt\/aluguer-de-carros-em\/cala-galdana\/\" title=\"Ver Localiza\u00e7\u00e3o\">Reservar em Cala Galdana<\/a>                <\/div>\r\n            <\/div>\r\n            <div class=\"row under_dash\">\r\n                <div class=\"col-xs-12 col-sm-5 img-holder\">\r\n                                            <a href=\"https:\/\/www.autosvalls.com\/pt\/aluguer-de-carros-em\/cala-galdana\/\"\r\n                           title=\"Cala Galdana\">\r\n                            <img decoding=\"async\" src=\"https:\/\/www.autosvalls.com\/pt\/wp-content\/uploads\/CarRentalGallery\/big_thumb_location_Motos-valls-menorca-cala-galdana.jpg\"\r\n                                 alt=\"Cala Galdana\"\/>\r\n                        <\/a>\r\n                                    <\/div>\r\n                <div class=\"col-xs-12 col-sm-7 information\">\r\n                    <div class=\"col-xs-12 col-sm-6\">\r\n                                                    <div class=\"description-location\">\r\n                                <span class=\"title\">Morada<\/span class=\"highlight\">\r\n                                <i class=\"fas fa-map-signs\"><\/i> C.Comercial Serpentona.<br\/>Cala Galdana<br\/>Al lado del Hotel Melia Cala Galdana - Hotel Audax<br\/>Menorca                            <\/div>\r\n                                                                            <div class=\"description-location\">\r\n                                <span class=\"title\">Telefone<\/span>\r\n                                <i class=\"fas fa-phone\"><\/i> Telf: 674 680 724 - Telf: 971 593 167 Ext112                            <\/div>\r\n                                            <\/div>\r\n                    <div class=\"col-xs-12 col-sm-6\">\r\n                        <div class=\"description-location\">\r\n                            <span class=\"title\">Hor\u00e1rio de Funcionamento<\/span>\r\n                            <ul class=\"car-rental-working-hours-list\">\n    <li>\n        <i class=\"far fa-clock\"><\/i>\n        <span class=\"highlight\">Segundas-feiras:<\/span>\n        09:00 - 20:00    <\/li>\n    <li>\n        <i class=\"far fa-clock\"><\/i>\n        <span class=\"highlight\">Ter\u00e7as-feiras:<\/span>\n        09:00 - 20:00    <\/li>\n    <li>\n        <i class=\"far fa-clock\"><\/i>\n        <span class=\"highlight\">Quartas-feiras:<\/span>\n        09:00 - 20:00    <\/li>\n    <li>\n        <i class=\"far fa-clock\"><\/i>\n        <span class=\"highlight\">Quintas-feiras:<\/span>\n        09:00 - 20:00    <\/li>\n    <li>\n        <i class=\"far fa-clock\"><\/i>\n        <span class=\"highlight\">Sextas-feiras:<\/span>\n        09:00 - 20:00    <\/li>\n    <li>\n        <i class=\"far fa-clock\"><\/i>\n        <span class=\"highlight\">S\u00e1bados:<\/span>\n        09:00 - 13:00    <\/li>\n    <li>\n        <i class=\"far fa-clock\"><\/i>\n        <span class=\"highlight\">Domingos:<\/span>\n        Encerrado    <\/li>\n<\/ul>\n    <div class=\"car-rental-section-title\">\n        <i class=\"fas fa-utensils\"><\/i>\n        <span class=\"highlight\">Hora de Almo\u00e7o\t\t\t\t\t\t\t\t\t\t: Seg-Dom<\/span>\n        13:00 - 16:00    <\/div>\n                        <\/div>\r\n                    <\/div>\r\n                <\/div>\r\n            <\/div>\r\n                    <div class=\"row\">\r\n                <div class=\"col-xs-12 col-sm-5\">\r\n                    <h2 class=\"location_title\"><a href=\"https:\/\/www.autosvalls.com\/pt\/aluguer-de-carros-em\/calan-bosch\/\" title=\"Mostrar descri\u00e7\u00e3o da viatura\"><span class=\"location-name\">Calan Bosch<\/span><\/a><\/h2>\r\n                <\/div>\r\n                <div class=\"col-xs-12 col-sm-7 button-holder\">\r\n                    <a class=\"button\" href=\"https:\/\/www.autosvalls.com\/pt\/aluguer-de-carros-em\/calan-bosch\/\" title=\"Ver Localiza\u00e7\u00e3o\">Reservar em Calan Bosch<\/a>                <\/div>\r\n            <\/div>\r\n            <div class=\"row under_dash\">\r\n                <div class=\"col-xs-12 col-sm-5 img-holder\">\r\n                                            <a href=\"https:\/\/www.autosvalls.com\/pt\/aluguer-de-carros-em\/calan-bosch\/\"\r\n                           title=\"Calan Bosch\">\r\n                            <img decoding=\"async\" src=\"https:\/\/www.autosvalls.com\/pt\/wp-content\/uploads\/CarRentalGallery\/big_thumb_location_location_autos-valls-calan-bosch.jpg\"\r\n                                 alt=\"Calan Bosch\"\/>\r\n                        <\/a>\r\n                                    <\/div>\r\n                <div class=\"col-xs-12 col-sm-7 information\">\r\n                    <div class=\"col-xs-12 col-sm-6\">\r\n                                                    <div class=\"description-location\">\r\n                                <span class=\"title\">Morada<\/span class=\"highlight\">\r\n                                <i class=\"fas fa-map-signs\"><\/i> C.C. Cal\u00e1n Bosch<br\/>Carrer Circumvalaci\u00f3, 1<br\/>Calan Bosch Ciudadella<br\/>Menorca                            <\/div>\r\n                                                                            <div class=\"description-location\">\r\n                                <span class=\"title\">Telefone<\/span>\r\n                                <i class=\"fas fa-phone\"><\/i> 971 573740                            <\/div>\r\n                                            <\/div>\r\n                    <div class=\"col-xs-12 col-sm-6\">\r\n                        <div class=\"description-location\">\r\n                            <span class=\"title\">Hor\u00e1rio de Funcionamento<\/span>\r\n                            <ul class=\"car-rental-working-hours-list\">\n    <li>\n        <i class=\"far fa-clock\"><\/i>\n        <span class=\"highlight\">Segundas-feiras:<\/span>\n        08:00 - 19:00    <\/li>\n    <li>\n        <i class=\"far fa-clock\"><\/i>\n        <span class=\"highlight\">Ter\u00e7as-feiras:<\/span>\n        08:00 - 19:00    <\/li>\n    <li>\n        <i class=\"far fa-clock\"><\/i>\n        <span class=\"highlight\">Quartas-feiras:<\/span>\n        08:00 - 19:00    <\/li>\n    <li>\n        <i class=\"far fa-clock\"><\/i>\n        <span class=\"highlight\">Quintas-feiras:<\/span>\n        08:00 - 19:00    <\/li>\n    <li>\n        <i class=\"far fa-clock\"><\/i>\n        <span class=\"highlight\">Sextas-feiras:<\/span>\n        08:00 - 19:00    <\/li>\n    <li>\n        <i class=\"far fa-clock\"><\/i>\n        <span class=\"highlight\">S\u00e1bados:<\/span>\n        08:00 - 19:00    <\/li>\n    <li>\n        <i class=\"far fa-clock\"><\/i>\n        <span class=\"highlight\">Domingos:<\/span>\n        08:00 - 19:00    <\/li>\n<\/ul>\n                        <\/div>\r\n                    <\/div>\r\n                <\/div>\r\n            <\/div>\r\n                    <div class=\"row\">\r\n                <div class=\"col-xs-12 col-sm-5\">\r\n                    <h2 class=\"location_title\"><a href=\"https:\/\/www.autosvalls.com\/pt\/aluguer-de-carros-em\/mar-de-menorca\/\" title=\"Mostrar descri\u00e7\u00e3o da viatura\"><span class=\"location-name\">Canutells Mar De Menorca<\/span><\/a><\/h2>\r\n                <\/div>\r\n                <div class=\"col-xs-12 col-sm-7 button-holder\">\r\n                    <a class=\"button\" href=\"https:\/\/www.autosvalls.com\/pt\/aluguer-de-carros-em\/mar-de-menorca\/\" title=\"Ver Localiza\u00e7\u00e3o\">Reservar em Canutells Mar De Menorca<\/a>                <\/div>\r\n            <\/div>\r\n            <div class=\"row under_dash\">\r\n                <div class=\"col-xs-12 col-sm-5 img-holder\">\r\n                                            <a href=\"https:\/\/www.autosvalls.com\/pt\/aluguer-de-carros-em\/mar-de-menorca\/\"\r\n                           title=\"Canutells Mar De Menorca\">\r\n                            <img decoding=\"async\" src=\"https:\/\/www.autosvalls.com\/pt\/wp-content\/uploads\/CarRentalGallery\/big_thumb_location_IMG-20170302-WA0001.jpg\"\r\n                                 alt=\"Canutells Mar De Menorca\"\/>\r\n                        <\/a>\r\n                                    <\/div>\r\n                <div class=\"col-xs-12 col-sm-7 information\">\r\n                    <div class=\"col-xs-12 col-sm-6\">\r\n                                                    <div class=\"description-location\">\r\n                                <span class=\"title\">Morada<\/span class=\"highlight\">\r\n                                <i class=\"fas fa-map-signs\"><\/i> Hotel Mar de Menorca<br\/>Cala Canutells<br\/>Menorca Hotel Mar de Menorca<br\/>Oficina m\u00e1s cercana abierta: Mahon \/ Aeropuerto.                            <\/div>\r\n                                                                            <div class=\"description-location\">\r\n                                <span class=\"title\">Telefone<\/span>\r\n                                <i class=\"fas fa-phone\"><\/i> 971 593 167                            <\/div>\r\n                                            <\/div>\r\n                    <div class=\"col-xs-12 col-sm-6\">\r\n                        <div class=\"description-location\">\r\n                            <span class=\"title\">Hor\u00e1rio de Funcionamento<\/span>\r\n                            <ul class=\"car-rental-working-hours-list\">\n    <li>\n        <i class=\"far fa-clock\"><\/i>\n        <span class=\"highlight\">Segundas-feiras:<\/span>\n        09:00 - 12:00    <\/li>\n    <li>\n        <i class=\"far fa-clock\"><\/i>\n        <span class=\"highlight\">Ter\u00e7as-feiras:<\/span>\n        09:00 - 12:00    <\/li>\n    <li>\n        <i class=\"far fa-clock\"><\/i>\n        <span class=\"highlight\">Quartas-feiras:<\/span>\n        09:00 - 12:00    <\/li>\n    <li>\n        <i class=\"far fa-clock\"><\/i>\n        <span class=\"highlight\">Quintas-feiras:<\/span>\n        09:00 - 12:00    <\/li>\n    <li>\n        <i class=\"far fa-clock\"><\/i>\n        <span class=\"highlight\">Sextas-feiras:<\/span>\n        09:00 - 12:00    <\/li>\n    <li>\n        <i class=\"far fa-clock\"><\/i>\n        <span class=\"highlight\">S\u00e1bados:<\/span>\n        09:00 - 12:00    <\/li>\n    <li>\n        <i class=\"far fa-clock\"><\/i>\n        <span class=\"highlight\">Domingos:<\/span>\n        Encerrado    <\/li>\n<\/ul>\n    <div class=\"car-rental-section-title\">\n        <i class=\"fas fa-utensils\"><\/i>\n        <span class=\"highlight\">Hora de Almo\u00e7o\t\t\t\t\t\t\t\t\t\t: Seg-Dom<\/span>\n        12:00 - 23:59    <\/div>\n                        <\/div>\r\n                    <\/div>\r\n                <\/div>\r\n            <\/div>\r\n                    <div class=\"row\">\r\n                <div class=\"col-xs-12 col-sm-5\">\r\n                    <h2 class=\"location_title\"><a href=\"https:\/\/www.autosvalls.com\/pt\/aluguer-de-carros-em\/cala-galdana\/\" title=\"Mostrar descri\u00e7\u00e3o da viatura\"><span class=\"location-name\">Hotel Cala Galdana<\/span><\/a><\/h2>\r\n                <\/div>\r\n                <div class=\"col-xs-12 col-sm-7 button-holder\">\r\n                    <a class=\"button\" href=\"https:\/\/www.autosvalls.com\/pt\/aluguer-de-carros-em\/cala-galdana\/\" title=\"Ver Localiza\u00e7\u00e3o\">Reservar em Hotel Cala Galdana<\/a>                <\/div>\r\n            <\/div>\r\n            <div class=\"row under_dash\">\r\n                <div class=\"col-xs-12 col-sm-5 img-holder\">\r\n                                            <a href=\"https:\/\/www.autosvalls.com\/pt\/aluguer-de-carros-em\/cala-galdana\/\"\r\n                           title=\"Hotel Cala Galdana\">\r\n                            <img decoding=\"async\" src=\"https:\/\/www.autosvalls.com\/pt\/wp-content\/uploads\/CarRentalGallery\/big_thumb_location_motos-valls-hotel-cala-galdana-villas-de-aljandar.jpg\"\r\n                                 alt=\"Hotel Cala Galdana\"\/>\r\n                        <\/a>\r\n                                    <\/div>\r\n                <div class=\"col-xs-12 col-sm-7 information\">\r\n                    <div class=\"col-xs-12 col-sm-6\">\r\n                                                    <div class=\"description-location\">\r\n                                <span class=\"title\">Morada<\/span class=\"highlight\">\r\n                                <i class=\"fas fa-map-signs\"><\/i> Urb. La Serpentona S\/N<br\/>Cala Galdana<br\/>Menorca                            <\/div>\r\n                                                                            <div class=\"description-location\">\r\n                                <span class=\"title\">Telefone<\/span>\r\n                                <i class=\"fas fa-phone\"><\/i> Telf: 674 680 724                            <\/div>\r\n                                            <\/div>\r\n                    <div class=\"col-xs-12 col-sm-6\">\r\n                        <div class=\"description-location\">\r\n                            <span class=\"title\">Hor\u00e1rio de Funcionamento<\/span>\r\n                            <ul class=\"car-rental-working-hours-list\">\n    <li>\n        <i class=\"far fa-clock\"><\/i>\n        <span class=\"highlight\">Segundas-feiras:<\/span>\n        09:00 - 20:00    <\/li>\n    <li>\n        <i class=\"far fa-clock\"><\/i>\n        <span class=\"highlight\">Ter\u00e7as-feiras:<\/span>\n        09:00 - 20:00    <\/li>\n    <li>\n        <i class=\"far fa-clock\"><\/i>\n        <span class=\"highlight\">Quartas-feiras:<\/span>\n        09:00 - 20:00    <\/li>\n    <li>\n        <i class=\"far fa-clock\"><\/i>\n        <span class=\"highlight\">Quintas-feiras:<\/span>\n        09:00 - 20:00    <\/li>\n    <li>\n        <i class=\"far fa-clock\"><\/i>\n        <span class=\"highlight\">Sextas-feiras:<\/span>\n        09:00 - 20:00    <\/li>\n    <li>\n        <i class=\"far fa-clock\"><\/i>\n        <span class=\"highlight\">S\u00e1bados:<\/span>\n        09:00 - 13:00    <\/li>\n    <li>\n        <i class=\"far fa-clock\"><\/i>\n        <span class=\"highlight\">Domingos:<\/span>\n        Encerrado    <\/li>\n<\/ul>\n    <div class=\"car-rental-section-title\">\n        <i class=\"fas fa-utensils\"><\/i>\n        <span class=\"highlight\">Hora de Almo\u00e7o\t\t\t\t\t\t\t\t\t\t: Seg-Dom<\/span>\n        13:00 - 16:30    <\/div>\n                        <\/div>\r\n                    <\/div>\r\n                <\/div>\r\n            <\/div>\r\n                    <div class=\"row\">\r\n                <div class=\"col-xs-12 col-sm-5\">\r\n                    <h2 class=\"location_title\"><a href=\"https:\/\/www.autosvalls.com\/pt\/aluguer-de-carros-em\/es-castell\/\" title=\"Mostrar descri\u00e7\u00e3o da viatura\"><span class=\"location-name\">Hotel Hamilton - Es Castell<\/span><\/a><\/h2>\r\n                <\/div>\r\n                <div class=\"col-xs-12 col-sm-7 button-holder\">\r\n                    <a class=\"button\" href=\"https:\/\/www.autosvalls.com\/pt\/aluguer-de-carros-em\/es-castell\/\" title=\"Ver Localiza\u00e7\u00e3o\">Reservar em Hotel Hamilton - Es Castell<\/a>                <\/div>\r\n            <\/div>\r\n            <div class=\"row under_dash\">\r\n                <div class=\"col-xs-12 col-sm-5 img-holder\">\r\n                                            <a href=\"https:\/\/www.autosvalls.com\/pt\/aluguer-de-carros-em\/es-castell\/\"\r\n                           title=\"Hotel Hamilton - Es Castell\">\r\n                            <img decoding=\"async\" src=\"https:\/\/www.autosvalls.com\/pt\/wp-content\/uploads\/CarRentalGallery\/big_thumb_location_motos-valls-es-castell.jpg\"\r\n                                 alt=\"Hotel Hamilton - Es Castell\"\/>\r\n                        <\/a>\r\n                                    <\/div>\r\n                <div class=\"col-xs-12 col-sm-7 information\">\r\n                    <div class=\"col-xs-12 col-sm-6\">\r\n                                                    <div class=\"description-location\">\r\n                                <span class=\"title\">Morada<\/span class=\"highlight\">\r\n                                <i class=\"fas fa-map-signs\"><\/i> Carrer de Sant Ignaci, 22<br\/>Es Castell<br\/>Hotel Hamilton<br\/>Oficina mas cercana abierta: Mahon                            <\/div>\r\n                                                                            <div class=\"description-location\">\r\n                                <span class=\"title\">Telefone<\/span>\r\n                                <i class=\"fas fa-phone\"><\/i> 971 593 167                            <\/div>\r\n                                            <\/div>\r\n                    <div class=\"col-xs-12 col-sm-6\">\r\n                        <div class=\"description-location\">\r\n                            <span class=\"title\">Hor\u00e1rio de Funcionamento<\/span>\r\n                            <ul class=\"car-rental-working-hours-list\">\n    <li>\n        <i class=\"far fa-clock\"><\/i>\n        <span class=\"highlight\">Segundas-feiras:<\/span>\n        09:00 - 20:00    <\/li>\n    <li>\n        <i class=\"far fa-clock\"><\/i>\n        <span class=\"highlight\">Ter\u00e7as-feiras:<\/span>\n        09:00 - 20:00    <\/li>\n    <li>\n        <i class=\"far fa-clock\"><\/i>\n        <span class=\"highlight\">Quartas-feiras:<\/span>\n        09:00 - 20:00    <\/li>\n    <li>\n        <i class=\"far fa-clock\"><\/i>\n        <span class=\"highlight\">Quintas-feiras:<\/span>\n        09:00 - 20:00    <\/li>\n    <li>\n        <i class=\"far fa-clock\"><\/i>\n        <span class=\"highlight\">Sextas-feiras:<\/span>\n        09:00 - 20:00    <\/li>\n    <li>\n        <i class=\"far fa-clock\"><\/i>\n        <span class=\"highlight\">S\u00e1bados:<\/span>\n        09:00 - 20:00    <\/li>\n    <li>\n        <i class=\"far fa-clock\"><\/i>\n        <span class=\"highlight\">Domingos:<\/span>\n        09:00 - 20:00    <\/li>\n<\/ul>\n    <div class=\"car-rental-section-title\">\n        <i class=\"fas fa-utensils\"><\/i>\n        <span class=\"highlight\">Hora de Almo\u00e7o\t\t\t\t\t\t\t\t\t\t: Seg-Dom<\/span>\n        13:00 - 16:00    <\/div>\n                        <\/div>\r\n                    <\/div>\r\n                <\/div>\r\n            <\/div>\r\n                    <div class=\"row\">\r\n                <div class=\"col-xs-12 col-sm-5\">\r\n                    <h2 class=\"location_title\"><a href=\"https:\/\/www.autosvalls.com\/pt\/aluguer-de-carros-em\/hotel\/\" title=\"Mostrar descri\u00e7\u00e3o da viatura\"><span class=\"location-name\">Hotel Sol Parc<\/span><\/a><\/h2>\r\n                <\/div>\r\n                <div class=\"col-xs-12 col-sm-7 button-holder\">\r\n                    <a class=\"button\" href=\"https:\/\/www.autosvalls.com\/pt\/aluguer-de-carros-em\/hotel\/\" title=\"Ver Localiza\u00e7\u00e3o\">Reservar em Hotel Sol Parc<\/a>                <\/div>\r\n            <\/div>\r\n            <div class=\"row under_dash\">\r\n                <div class=\"col-xs-12 col-sm-5 img-holder\">\r\n                                            &nbsp;\r\n                                    <\/div>\r\n                <div class=\"col-xs-12 col-sm-7 information\">\r\n                    <div class=\"col-xs-12 col-sm-6\">\r\n                                                    <div class=\"description-location\">\r\n                                <span class=\"title\">Morada<\/span class=\"highlight\">\r\n                                <i class=\"fas fa-map-signs\"><\/i> La ubicaci\u00f3n con este c\u00f3digo ya existe!                            <\/div>\r\n                                                                    <\/div>\r\n                    <div class=\"col-xs-12 col-sm-6\">\r\n                        <div class=\"description-location\">\r\n                            <span class=\"title\">Hor\u00e1rio de Funcionamento<\/span>\r\n                            <ul class=\"car-rental-working-hours-list\">\n    <li>\n        <i class=\"far fa-clock\"><\/i>\n        <span class=\"highlight\">Segundas-feiras:<\/span>\n        08:00 - 19:00    <\/li>\n    <li>\n        <i class=\"far fa-clock\"><\/i>\n        <span class=\"highlight\">Ter\u00e7as-feiras:<\/span>\n        08:00 - 19:00    <\/li>\n    <li>\n        <i class=\"far fa-clock\"><\/i>\n        <span class=\"highlight\">Quartas-feiras:<\/span>\n        08:00 - 19:00    <\/li>\n    <li>\n        <i class=\"far fa-clock\"><\/i>\n        <span class=\"highlight\">Quintas-feiras:<\/span>\n        08:00 - 19:00    <\/li>\n    <li>\n        <i class=\"far fa-clock\"><\/i>\n        <span class=\"highlight\">Sextas-feiras:<\/span>\n        08:00 - 19:00    <\/li>\n    <li>\n        <i class=\"far fa-clock\"><\/i>\n        <span class=\"highlight\">S\u00e1bados:<\/span>\n        08:00 - 19:00    <\/li>\n    <li>\n        <i class=\"far fa-clock\"><\/i>\n        <span class=\"highlight\">Domingos:<\/span>\n        08:00 - 19:00    <\/li>\n<\/ul>\n                        <\/div>\r\n                    <\/div>\r\n                <\/div>\r\n            <\/div>\r\n                    <div class=\"row\">\r\n                <div class=\"col-xs-12 col-sm-5\">\r\n                    <h2 class=\"location_title\"><a href=\"https:\/\/www.autosvalls.com\/pt\/aluguer-de-carros-em\/hotel-sur-menorca\/\" title=\"Mostrar descri\u00e7\u00e3o da viatura\"><span class=\"location-name\">Hotel Sur Menorca<\/span><\/a><\/h2>\r\n                <\/div>\r\n                <div class=\"col-xs-12 col-sm-7 button-holder\">\r\n                    <a class=\"button\" href=\"https:\/\/www.autosvalls.com\/pt\/aluguer-de-carros-em\/hotel-sur-menorca\/\" title=\"Ver Localiza\u00e7\u00e3o\">Reservar em Hotel Sur Menorca<\/a>                <\/div>\r\n            <\/div>\r\n            <div class=\"row under_dash\">\r\n                <div class=\"col-xs-12 col-sm-5 img-holder\">\r\n                                            <a href=\"https:\/\/www.autosvalls.com\/pt\/aluguer-de-carros-em\/hotel-sur-menorca\/\"\r\n                           title=\"Hotel Sur Menorca\">\r\n                            <img decoding=\"async\" src=\"https:\/\/www.autosvalls.com\/pt\/wp-content\/uploads\/CarRentalGallery\/big_thumb_location_motos-valls-hotel-sur-menorca.jpg\"\r\n                                 alt=\"Hotel Sur Menorca\"\/>\r\n                        <\/a>\r\n                                    <\/div>\r\n                <div class=\"col-xs-12 col-sm-7 information\">\r\n                    <div class=\"col-xs-12 col-sm-6\">\r\n                                                    <div class=\"description-location\">\r\n                                <span class=\"title\">Morada<\/span class=\"highlight\">\r\n                                <i class=\"fas fa-map-signs\"><\/i> C. Equinicio S\/N - Urb. Biniancolla<br\/>Biniancolla<br\/>Sant Lluis Menorca 07713<br\/>Oficina mas cercana abierta: (Punta Prima)                            <\/div>\r\n                                                                            <div class=\"description-location\">\r\n                                <span class=\"title\">Telefone<\/span>\r\n                                <i class=\"fas fa-phone\"><\/i> Tel: 971 159 000                            <\/div>\r\n                                            <\/div>\r\n                    <div class=\"col-xs-12 col-sm-6\">\r\n                        <div class=\"description-location\">\r\n                            <span class=\"title\">Hor\u00e1rio de Funcionamento<\/span>\r\n                            <ul class=\"car-rental-working-hours-list\">\n    <li>\n        <i class=\"far fa-clock\"><\/i>\n        <span class=\"highlight\">Segundas-feiras:<\/span>\n        09:00 - 20:30    <\/li>\n    <li>\n        <i class=\"far fa-clock\"><\/i>\n        <span class=\"highlight\">Ter\u00e7as-feiras:<\/span>\n        09:00 - 20:30    <\/li>\n    <li>\n        <i class=\"far fa-clock\"><\/i>\n        <span class=\"highlight\">Quartas-feiras:<\/span>\n        09:00 - 20:30    <\/li>\n    <li>\n        <i class=\"far fa-clock\"><\/i>\n        <span class=\"highlight\">Quintas-feiras:<\/span>\n        09:00 - 20:00    <\/li>\n    <li>\n        <i class=\"far fa-clock\"><\/i>\n        <span class=\"highlight\">Sextas-feiras:<\/span>\n        09:00 - 20:00    <\/li>\n    <li>\n        <i class=\"far fa-clock\"><\/i>\n        <span class=\"highlight\">S\u00e1bados:<\/span>\n        09:00 - 20:00    <\/li>\n    <li>\n        <i class=\"far fa-clock\"><\/i>\n        <span class=\"highlight\">Domingos:<\/span>\n        09:00 - 20:00    <\/li>\n<\/ul>\n    <div class=\"car-rental-section-title\">\n        <i class=\"fas fa-utensils\"><\/i>\n        <span class=\"highlight\">Hora de Almo\u00e7o\t\t\t\t\t\t\t\t\t\t: Seg-Dom<\/span>\n        13:00 - 16:00    <\/div>\n                        <\/div>\r\n                    <\/div>\r\n                <\/div>\r\n            <\/div>\r\n                    <div class=\"row\">\r\n                <div class=\"col-xs-12 col-sm-5\">\r\n                    <h2 class=\"location_title\"><a href=\"https:\/\/www.autosvalls.com\/pt\/aluguer-de-carros-em\/mahon\/\" title=\"Mostrar descri\u00e7\u00e3o da viatura\"><span class=\"location-name\">Mahon Centro<\/span><\/a><\/h2>\r\n                <\/div>\r\n                <div class=\"col-xs-12 col-sm-7 button-holder\">\r\n                    <a class=\"button\" href=\"https:\/\/www.autosvalls.com\/pt\/aluguer-de-carros-em\/mahon\/\" title=\"Ver Localiza\u00e7\u00e3o\">Reservar em Mahon Centro<\/a>                <\/div>\r\n            <\/div>\r\n            <div class=\"row under_dash\">\r\n                <div class=\"col-xs-12 col-sm-5 img-holder\">\r\n                                            <a href=\"https:\/\/www.autosvalls.com\/pt\/aluguer-de-carros-em\/mahon\/\"\r\n                           title=\"Mahon Centro\">\r\n                            <img decoding=\"async\" src=\"https:\/\/www.autosvalls.com\/pt\/wp-content\/uploads\/CarRentalGallery\/big_thumb_location_Motos_valls_menorca_mahon_centro.jpg\"\r\n                                 alt=\"Mahon Centro\"\/>\r\n                        <\/a>\r\n                                    <\/div>\r\n                <div class=\"col-xs-12 col-sm-7 information\">\r\n                    <div class=\"col-xs-12 col-sm-6\">\r\n                                                    <div class=\"description-location\">\r\n                                <span class=\"title\">Morada<\/span class=\"highlight\">\r\n                                <i class=\"fas fa-map-signs\"><\/i> Plaza Espa\u00f1a, 13<br\/>Mahon<br\/>Menorca 07702<br\/>--Frente Mercado de Pescados --                            <\/div>\r\n                                                                            <div class=\"description-location\">\r\n                                <span class=\"title\">Telefone<\/span>\r\n                                <i class=\"fas fa-phone\"><\/i> Telf:+ 34. 664 616 149                            <\/div>\r\n                                            <\/div>\r\n                    <div class=\"col-xs-12 col-sm-6\">\r\n                        <div class=\"description-location\">\r\n                            <span class=\"title\">Hor\u00e1rio de Funcionamento<\/span>\r\n                            <ul class=\"car-rental-working-hours-list\">\n    <li>\n        <i class=\"far fa-clock\"><\/i>\n        <span class=\"highlight\">Segundas-feiras:<\/span>\n        09:00 - 20:00    <\/li>\n    <li>\n        <i class=\"far fa-clock\"><\/i>\n        <span class=\"highlight\">Ter\u00e7as-feiras:<\/span>\n        09:00 - 20:00    <\/li>\n    <li>\n        <i class=\"far fa-clock\"><\/i>\n        <span class=\"highlight\">Quartas-feiras:<\/span>\n        09:00 - 20:00    <\/li>\n    <li>\n        <i class=\"far fa-clock\"><\/i>\n        <span class=\"highlight\">Quintas-feiras:<\/span>\n        09:00 - 20:00    <\/li>\n    <li>\n        <i class=\"far fa-clock\"><\/i>\n        <span class=\"highlight\">Sextas-feiras:<\/span>\n        09:00 - 20:00    <\/li>\n    <li>\n        <i class=\"far fa-clock\"><\/i>\n        <span class=\"highlight\">S\u00e1bados:<\/span>\n        09:00 - 13:00    <\/li>\n    <li>\n        <i class=\"far fa-clock\"><\/i>\n        <span class=\"highlight\">Domingos:<\/span>\n        09:00 - 13:00    <\/li>\n<\/ul>\n    <div class=\"car-rental-section-title\">\n        <i class=\"fas fa-utensils\"><\/i>\n        <span class=\"highlight\">Hora de Almo\u00e7o\t\t\t\t\t\t\t\t\t\t: Seg-Dom<\/span>\n        13:00 - 17:00    <\/div>\n                        <\/div>\r\n                    <\/div>\r\n                <\/div>\r\n            <\/div>\r\n                    <div class=\"row\">\r\n                <div class=\"col-xs-12 col-sm-5\">\r\n                    <h2 class=\"location_title\"><a href=\"https:\/\/www.autosvalls.com\/pt\/aluguer-de-carros-em\/playas-de-fornells\/\" title=\"Mostrar descri\u00e7\u00e3o da viatura\"><span class=\"location-name\">Playas de Fornells<\/span><\/a><\/h2>\r\n                <\/div>\r\n                <div class=\"col-xs-12 col-sm-7 button-holder\">\r\n                    <a class=\"button\" href=\"https:\/\/www.autosvalls.com\/pt\/aluguer-de-carros-em\/playas-de-fornells\/\" title=\"Ver Localiza\u00e7\u00e3o\">Reservar em Playas de Fornells<\/a>                <\/div>\r\n            <\/div>\r\n            <div class=\"row under_dash\">\r\n                <div class=\"col-xs-12 col-sm-5 img-holder\">\r\n                                            <a href=\"https:\/\/www.autosvalls.com\/pt\/aluguer-de-carros-em\/playas-de-fornells\/\"\r\n                           title=\"Playas de Fornells\">\r\n                            <img decoding=\"async\" src=\"https:\/\/www.autosvalls.com\/pt\/wp-content\/uploads\/CarRentalGallery\/big_thumb_location_motos-valls-playas-fornells.jpg\"\r\n                                 alt=\"Playas de Fornells\"\/>\r\n                        <\/a>\r\n                                    <\/div>\r\n                <div class=\"col-xs-12 col-sm-7 information\">\r\n                    <div class=\"col-xs-12 col-sm-6\">\r\n                                                    <div class=\"description-location\">\r\n                                <span class=\"title\">Morada<\/span class=\"highlight\">\r\n                                <i class=\"fas fa-map-signs\"><\/i> C. comercial, Local 4.<br\/>Playas de Fornells<br\/>Fornells - Mercadal<br\/>Menorca                            <\/div>\r\n                                                                            <div class=\"description-location\">\r\n                                <span class=\"title\">Telefone<\/span>\r\n                                <i class=\"fas fa-phone\"><\/i> +34 669 676 900                            <\/div>\r\n                                            <\/div>\r\n                    <div class=\"col-xs-12 col-sm-6\">\r\n                        <div class=\"description-location\">\r\n                            <span class=\"title\">Hor\u00e1rio de Funcionamento<\/span>\r\n                            <ul class=\"car-rental-working-hours-list\">\n    <li>\n        <i class=\"far fa-clock\"><\/i>\n        <span class=\"highlight\">Segundas-feiras:<\/span>\n        09:00 - 13:00    <\/li>\n    <li>\n        <i class=\"far fa-clock\"><\/i>\n        <span class=\"highlight\">Ter\u00e7as-feiras:<\/span>\n        09:00 - 13:00    <\/li>\n    <li>\n        <i class=\"far fa-clock\"><\/i>\n        <span class=\"highlight\">Quartas-feiras:<\/span>\n        09:00 - 13:00    <\/li>\n    <li>\n        <i class=\"far fa-clock\"><\/i>\n        <span class=\"highlight\">Quintas-feiras:<\/span>\n        09:00 - 13:00    <\/li>\n    <li>\n        <i class=\"far fa-clock\"><\/i>\n        <span class=\"highlight\">Sextas-feiras:<\/span>\n        09:00 - 13:00    <\/li>\n    <li>\n        <i class=\"far fa-clock\"><\/i>\n        <span class=\"highlight\">S\u00e1bados:<\/span>\n        09:00 - 13:00    <\/li>\n    <li>\n        <i class=\"far fa-clock\"><\/i>\n        <span class=\"highlight\">Domingos:<\/span>\n        Encerrado    <\/li>\n<\/ul>\n    <div class=\"car-rental-section-title\">\n        <i class=\"fas fa-utensils\"><\/i>\n        <span class=\"highlight\">Hora de Almo\u00e7o\t\t\t\t\t\t\t\t\t\t: Seg-Dom<\/span>\n        13:00 - 23:59    <\/div>\n                        <\/div>\r\n                    <\/div>\r\n                <\/div>\r\n            <\/div>\r\n                    <div class=\"row\">\r\n                <div class=\"col-xs-12 col-sm-5\">\r\n                    <h2 class=\"location_title\"><a href=\"https:\/\/www.autosvalls.com\/pt\/aluguer-de-carros-em\/puerto-mahon\/\" title=\"Mostrar descri\u00e7\u00e3o da viatura\"><span class=\"location-name\">Puerto Mahon<\/span><\/a><\/h2>\r\n                <\/div>\r\n                <div class=\"col-xs-12 col-sm-7 button-holder\">\r\n                    <a class=\"button\" href=\"https:\/\/www.autosvalls.com\/pt\/aluguer-de-carros-em\/puerto-mahon\/\" title=\"Ver Localiza\u00e7\u00e3o\">Reservar em Puerto Mahon<\/a>                <\/div>\r\n            <\/div>\r\n            <div class=\"row under_dash\">\r\n                <div class=\"col-xs-12 col-sm-5 img-holder\">\r\n                                            <a href=\"https:\/\/www.autosvalls.com\/pt\/aluguer-de-carros-em\/puerto-mahon\/\"\r\n                           title=\"Puerto Mahon\">\r\n                            <img decoding=\"async\" src=\"https:\/\/www.autosvalls.com\/pt\/wp-content\/uploads\/CarRentalGallery\/big_thumb_location_motos-valls-puerto-mahon.jpg\"\r\n                                 alt=\"Puerto Mahon\"\/>\r\n                        <\/a>\r\n                                    <\/div>\r\n                <div class=\"col-xs-12 col-sm-7 information\">\r\n                    <div class=\"col-xs-12 col-sm-6\">\r\n                                                    <div class=\"description-location\">\r\n                                <span class=\"title\">Morada<\/span class=\"highlight\">\r\n                                <i class=\"fas fa-map-signs\"><\/i> Moll de Ponent, 23<br\/>Mahon<br\/>Estacion Maritima Cruceros Acciona.<br\/>Enfrente estacion cruceros                            <\/div>\r\n                                                                            <div class=\"description-location\">\r\n                                <span class=\"title\">Telefone<\/span>\r\n                                <i class=\"fas fa-phone\"><\/i> +34 660 10 84 97 - +34 971 593 167                            <\/div>\r\n                                            <\/div>\r\n                    <div class=\"col-xs-12 col-sm-6\">\r\n                        <div class=\"description-location\">\r\n                            <span class=\"title\">Hor\u00e1rio de Funcionamento<\/span>\r\n                            <ul class=\"car-rental-working-hours-list\">\n    <li>\n        <i class=\"far fa-clock\"><\/i>\n        <span class=\"highlight\">Segundas-feiras:<\/span>\n        08:00 - 20:00    <\/li>\n    <li>\n        <i class=\"far fa-clock\"><\/i>\n        <span class=\"highlight\">Ter\u00e7as-feiras:<\/span>\n        08:00 - 20:00    <\/li>\n    <li>\n        <i class=\"far fa-clock\"><\/i>\n        <span class=\"highlight\">Quartas-feiras:<\/span>\n        08:00 - 20:00    <\/li>\n    <li>\n        <i class=\"far fa-clock\"><\/i>\n        <span class=\"highlight\">Quintas-feiras:<\/span>\n        08:00 - 20:00    <\/li>\n    <li>\n        <i class=\"far fa-clock\"><\/i>\n        <span class=\"highlight\">Sextas-feiras:<\/span>\n        08:00 - 20:00    <\/li>\n    <li>\n        <i class=\"far fa-clock\"><\/i>\n        <span class=\"highlight\">S\u00e1bados:<\/span>\n        09:00 - 13:00    <\/li>\n    <li>\n        <i class=\"far fa-clock\"><\/i>\n        <span class=\"highlight\">Domingos:<\/span>\n        Encerrado    <\/li>\n<\/ul>\n    <div class=\"car-rental-section-title\">\n        <i class=\"fas fa-utensils\"><\/i>\n        <span class=\"highlight\">Hora de Almo\u00e7o\t\t\t\t\t\t\t\t\t\t: Seg-Dom<\/span>\n        15:00 - 17:00    <\/div>\n                        <\/div>\r\n                    <\/div>\r\n                <\/div>\r\n            <\/div>\r\n                    <div class=\"row\">\r\n                <div class=\"col-xs-12 col-sm-5\">\r\n                    <h2 class=\"location_title\"><a href=\"https:\/\/www.autosvalls.com\/pt\/aluguer-de-carros-em\/punta-prima-2\/\" title=\"Mostrar descri\u00e7\u00e3o da viatura\"><span class=\"location-name\">Punta Prima<\/span><\/a><\/h2>\r\n                <\/div>\r\n                <div class=\"col-xs-12 col-sm-7 button-holder\">\r\n                    <a class=\"button\" href=\"https:\/\/www.autosvalls.com\/pt\/aluguer-de-carros-em\/punta-prima-2\/\" title=\"Ver Localiza\u00e7\u00e3o\">Reservar em Punta Prima<\/a>                <\/div>\r\n            <\/div>\r\n            <div class=\"row under_dash\">\r\n                <div class=\"col-xs-12 col-sm-5 img-holder\">\r\n                                            <a href=\"https:\/\/www.autosvalls.com\/pt\/aluguer-de-carros-em\/punta-prima-2\/\"\r\n                           title=\"Punta Prima\">\r\n                            <img decoding=\"async\" src=\"https:\/\/www.autosvalls.com\/pt\/wp-content\/uploads\/CarRentalGallery\/big_thumb_location_valls-rent-a-car-punta-prima.jpg\"\r\n                                 alt=\"Punta Prima\"\/>\r\n                        <\/a>\r\n                                    <\/div>\r\n                <div class=\"col-xs-12 col-sm-7 information\">\r\n                    <div class=\"col-xs-12 col-sm-6\">\r\n                                                    <div class=\"description-location\">\r\n                                <span class=\"title\">Morada<\/span class=\"highlight\">\r\n                                <i class=\"fas fa-map-signs\"><\/i> Carrer Mestral n\u00ba 3<br\/>Playa Punta Prima<br\/>Sant Lluis 07713<br\/>Menorca                            <\/div>\r\n                                                                            <div class=\"description-location\">\r\n                                <span class=\"title\">Telefone<\/span>\r\n                                <i class=\"fas fa-phone\"><\/i> +34 971 593 167 - Mobil: +34 677 494 106                            <\/div>\r\n                                            <\/div>\r\n                    <div class=\"col-xs-12 col-sm-6\">\r\n                        <div class=\"description-location\">\r\n                            <span class=\"title\">Hor\u00e1rio de Funcionamento<\/span>\r\n                            <ul class=\"car-rental-working-hours-list\">\n    <li>\n        <i class=\"far fa-clock\"><\/i>\n        <span class=\"highlight\">Segundas-feiras:<\/span>\n        09:00 - 20:00    <\/li>\n    <li>\n        <i class=\"far fa-clock\"><\/i>\n        <span class=\"highlight\">Ter\u00e7as-feiras:<\/span>\n        09:00 - 20:00    <\/li>\n    <li>\n        <i class=\"far fa-clock\"><\/i>\n        <span class=\"highlight\">Quartas-feiras:<\/span>\n        09:00 - 20:00    <\/li>\n    <li>\n        <i class=\"far fa-clock\"><\/i>\n        <span class=\"highlight\">Quintas-feiras:<\/span>\n        09:00 - 20:00    <\/li>\n    <li>\n        <i class=\"far fa-clock\"><\/i>\n        <span class=\"highlight\">Sextas-feiras:<\/span>\n        09:00 - 20:00    <\/li>\n    <li>\n        <i class=\"far fa-clock\"><\/i>\n        <span class=\"highlight\">S\u00e1bados:<\/span>\n        09:00 - 20:00    <\/li>\n    <li>\n        <i class=\"far fa-clock\"><\/i>\n        <span class=\"highlight\">Domingos:<\/span>\n        09:00 - 20:00    <\/li>\n<\/ul>\n    <div class=\"car-rental-section-title\">\n        <i class=\"fas fa-utensils\"><\/i>\n        <span class=\"highlight\">Hora de Almo\u00e7o\t\t\t\t\t\t\t\t\t\t: Seg-Dom<\/span>\n        13:00 - 17:30    <\/div>\n                        <\/div>\r\n                    <\/div>\r\n                <\/div>\r\n            <\/div>\r\n                    <div class=\"row\">\r\n                <div class=\"col-xs-12 col-sm-5\">\r\n                    <h2 class=\"location_title\"><a href=\"https:\/\/www.autosvalls.com\/pt\/aluguer-de-carros-em\/alquiler-coches-son-bou-2\/\" title=\"Mostrar descri\u00e7\u00e3o da viatura\"><span class=\"location-name\">Son Bou - Milanos Ping\u00fcinos - Royal Son Bou<\/span><\/a><\/h2>\r\n                <\/div>\r\n                <div class=\"col-xs-12 col-sm-7 button-holder\">\r\n                    <a class=\"button\" href=\"https:\/\/www.autosvalls.com\/pt\/aluguer-de-carros-em\/alquiler-coches-son-bou-2\/\" title=\"Ver Localiza\u00e7\u00e3o\">Reservar em Son Bou - Milanos Ping\u00fcinos - Royal Son Bou<\/a>                <\/div>\r\n            <\/div>\r\n            <div class=\"row under_dash\">\r\n                <div class=\"col-xs-12 col-sm-5 img-holder\">\r\n                                            <a href=\"https:\/\/www.autosvalls.com\/pt\/aluguer-de-carros-em\/alquiler-coches-son-bou-2\/\"\r\n                           title=\"Son Bou - Milanos Ping\u00fcinos - Royal Son Bou\">\r\n                            <img decoding=\"async\" src=\"https:\/\/www.autosvalls.com\/pt\/wp-content\/uploads\/CarRentalGallery\/big_thumb_location_1708078156_Oficina-son-bou.jpg\"\r\n                                 alt=\"Son Bou - Milanos Ping\u00fcinos - Royal Son Bou\"\/>\r\n                        <\/a>\r\n                                    <\/div>\r\n                <div class=\"col-xs-12 col-sm-7 information\">\r\n                    <div class=\"col-xs-12 col-sm-6\">\r\n                                                    <div class=\"description-location\">\r\n                                <span class=\"title\">Morada<\/span class=\"highlight\">\r\n                                <i class=\"fas fa-map-signs\"><\/i> C. Comercial Son Bou<br\/>Al lado de Hotel Royal Son Bou, Sol Milanos Ping\u00fcinos<br\/>Alayor - Playa de Son Bou<br\/>Menorca                            <\/div>\r\n                                                                            <div class=\"description-location\">\r\n                                <span class=\"title\">Telefone<\/span>\r\n                                <i class=\"fas fa-phone\"><\/i> Telf: 669 952 661 - 2\u00ba Telf: 674 680 751                            <\/div>\r\n                                            <\/div>\r\n                    <div class=\"col-xs-12 col-sm-6\">\r\n                        <div class=\"description-location\">\r\n                            <span class=\"title\">Hor\u00e1rio de Funcionamento<\/span>\r\n                            <ul class=\"car-rental-working-hours-list\">\n    <li>\n        <i class=\"far fa-clock\"><\/i>\n        <span class=\"highlight\">Segundas-feiras:<\/span>\n        09:00 - 20:00    <\/li>\n    <li>\n        <i class=\"far fa-clock\"><\/i>\n        <span class=\"highlight\">Ter\u00e7as-feiras:<\/span>\n        09:00 - 20:00    <\/li>\n    <li>\n        <i class=\"far fa-clock\"><\/i>\n        <span class=\"highlight\">Quartas-feiras:<\/span>\n        09:00 - 20:00    <\/li>\n    <li>\n        <i class=\"far fa-clock\"><\/i>\n        <span class=\"highlight\">Quintas-feiras:<\/span>\n        09:00 - 20:00    <\/li>\n    <li>\n        <i class=\"far fa-clock\"><\/i>\n        <span class=\"highlight\">Sextas-feiras:<\/span>\n        09:00 - 20:00    <\/li>\n    <li>\n        <i class=\"far fa-clock\"><\/i>\n        <span class=\"highlight\">S\u00e1bados:<\/span>\n        09:00 - 20:00    <\/li>\n    <li>\n        <i class=\"far fa-clock\"><\/i>\n        <span class=\"highlight\">Domingos:<\/span>\n        09:00 - 20:00    <\/li>\n<\/ul>\n    <div class=\"car-rental-section-title\">\n        <i class=\"fas fa-utensils\"><\/i>\n        <span class=\"highlight\">Hora de Almo\u00e7o\t\t\t\t\t\t\t\t\t\t: Seg-Dom<\/span>\n        13:00 - 16:00    <\/div>\n                        <\/div>\r\n                    <\/div>\r\n                <\/div>\r\n            <\/div>\r\n                    <div class=\"row\">\r\n                <div class=\"col-xs-12 col-sm-5\">\r\n                    <h2 class=\"location_title\"><a href=\"https:\/\/www.autosvalls.com\/pt\/aluguer-de-carros-em\/san-jaime\/\" title=\"Mostrar descri\u00e7\u00e3o da viatura\"><span class=\"location-name\">Son Bou - San Jaime - Torre Soli<\/span><\/a><\/h2>\r\n                <\/div>\r\n                <div class=\"col-xs-12 col-sm-7 button-holder\">\r\n                    <a class=\"button\" href=\"https:\/\/www.autosvalls.com\/pt\/aluguer-de-carros-em\/san-jaime\/\" title=\"Ver Localiza\u00e7\u00e3o\">Reservar em Son Bou - San Jaime - Torre Soli<\/a>                <\/div>\r\n            <\/div>\r\n            <div class=\"row under_dash\">\r\n                <div class=\"col-xs-12 col-sm-5 img-holder\">\r\n                                            <a href=\"https:\/\/www.autosvalls.com\/pt\/aluguer-de-carros-em\/san-jaime\/\"\r\n                           title=\"Son Bou - San Jaime - Torre Soli\">\r\n                            <img decoding=\"async\" src=\"https:\/\/www.autosvalls.com\/pt\/wp-content\/uploads\/CarRentalGallery\/big_thumb_location_Autos-valls-San-Jaime-Menorca.jpg\"\r\n                                 alt=\"Son Bou - San Jaime - Torre Soli\"\/>\r\n                        <\/a>\r\n                                    <\/div>\r\n                <div class=\"col-xs-12 col-sm-7 information\">\r\n                    <div class=\"col-xs-12 col-sm-6\">\r\n                                                    <div class=\"description-location\">\r\n                                <span class=\"title\">Morada<\/span class=\"highlight\">\r\n                                <i class=\"fas fa-map-signs\"><\/i> C. Comercial San Jaime<br\/>Al lado Apartamentos Club San Jaime, Hotel Valentin,<br\/>Apart Jardin de Menorca - Urb Son Bou - Sant Jaume - Torre Soli<br\/>Alayor - Menorca                            <\/div>\r\n                                                                            <div class=\"description-location\">\r\n                                <span class=\"title\">Telefone<\/span>\r\n                                <i class=\"fas fa-phone\"><\/i> Telf: 674 680 751- Telf: 971 593 167                            <\/div>\r\n                                            <\/div>\r\n                    <div class=\"col-xs-12 col-sm-6\">\r\n                        <div class=\"description-location\">\r\n                            <span class=\"title\">Hor\u00e1rio de Funcionamento<\/span>\r\n                            <ul class=\"car-rental-working-hours-list\">\n    <li>\n        <i class=\"far fa-clock\"><\/i>\n        <span class=\"highlight\">Segundas-feiras:<\/span>\n        09:00 - 20:00    <\/li>\n    <li>\n        <i class=\"far fa-clock\"><\/i>\n        <span class=\"highlight\">Ter\u00e7as-feiras:<\/span>\n        09:00 - 20:00    <\/li>\n    <li>\n        <i class=\"far fa-clock\"><\/i>\n        <span class=\"highlight\">Quartas-feiras:<\/span>\n        09:00 - 20:00    <\/li>\n    <li>\n        <i class=\"far fa-clock\"><\/i>\n        <span class=\"highlight\">Quintas-feiras:<\/span>\n        09:00 - 20:00    <\/li>\n    <li>\n        <i class=\"far fa-clock\"><\/i>\n        <span class=\"highlight\">Sextas-feiras:<\/span>\n        09:00 - 20:00    <\/li>\n    <li>\n        <i class=\"far fa-clock\"><\/i>\n        <span class=\"highlight\">S\u00e1bados:<\/span>\n        09:00 - 20:00    <\/li>\n    <li>\n        <i class=\"far fa-clock\"><\/i>\n        <span class=\"highlight\">Domingos:<\/span>\n        09:00 - 12:00    <\/li>\n<\/ul>\n    <div class=\"car-rental-section-title\">\n        <i class=\"fas fa-utensils\"><\/i>\n        <span class=\"highlight\">Hora de Almo\u00e7o\t\t\t\t\t\t\t\t\t\t: Seg-Dom<\/span>\n        13:00 - 17:00    <\/div>\n                        <\/div>\r\n                    <\/div>\r\n                <\/div>\r\n            <\/div>\r\n                    <div class=\"row\">\r\n                <div class=\"col-xs-12 col-sm-5\">\r\n                    <h2 class=\"location_title\"><a href=\"https:\/\/www.autosvalls.com\/pt\/aluguer-de-carros-em\/alquiler-coches-son-parc\/\" title=\"Mostrar descri\u00e7\u00e3o da viatura\"><span class=\"location-name\">Son Parc<\/span><\/a><\/h2>\r\n                <\/div>\r\n                <div class=\"col-xs-12 col-sm-7 button-holder\">\r\n                    <a class=\"button\" href=\"https:\/\/www.autosvalls.com\/pt\/aluguer-de-carros-em\/alquiler-coches-son-parc\/\" title=\"Ver Localiza\u00e7\u00e3o\">Reservar em Son Parc<\/a>                <\/div>\r\n            <\/div>\r\n            <div class=\"row under_dash\">\r\n                <div class=\"col-xs-12 col-sm-5 img-holder\">\r\n                                            <a href=\"https:\/\/www.autosvalls.com\/pt\/aluguer-de-carros-em\/alquiler-coches-son-parc\/\"\r\n                           title=\"Son Parc\">\r\n                            <img decoding=\"async\" src=\"https:\/\/www.autosvalls.com\/pt\/wp-content\/uploads\/CarRentalGallery\/big_thumb_location_motos-valls-son-parc.jpg\"\r\n                                 alt=\"Son Parc\"\/>\r\n                        <\/a>\r\n                                    <\/div>\r\n                <div class=\"col-xs-12 col-sm-7 information\">\r\n                    <div class=\"col-xs-12 col-sm-6\">\r\n                                                    <div class=\"description-location\">\r\n                                <span class=\"title\">Morada<\/span class=\"highlight\">\r\n                                <i class=\"fas fa-map-signs\"><\/i> Centro comercial Son Parc<br\/>Vial del Arenal 3, Son Parc<br\/>Mercadal Menorca<br\/>+34 971573740                            <\/div>\r\n                                                                            <div class=\"description-location\">\r\n                                <span class=\"title\">Telefone<\/span>\r\n                                <i class=\"fas fa-phone\"><\/i> +34. 656 69 71 98                            <\/div>\r\n                                            <\/div>\r\n                    <div class=\"col-xs-12 col-sm-6\">\r\n                        <div class=\"description-location\">\r\n                            <span class=\"title\">Hor\u00e1rio de Funcionamento<\/span>\r\n                            <ul class=\"car-rental-working-hours-list\">\n    <li>\n        <i class=\"far fa-clock\"><\/i>\n        <span class=\"highlight\">Segundas-feiras:<\/span>\n        09:00 - 13:00    <\/li>\n    <li>\n        <i class=\"far fa-clock\"><\/i>\n        <span class=\"highlight\">Ter\u00e7as-feiras:<\/span>\n        09:00 - 13:00    <\/li>\n    <li>\n        <i class=\"far fa-clock\"><\/i>\n        <span class=\"highlight\">Quartas-feiras:<\/span>\n        09:00 - 13:00    <\/li>\n    <li>\n        <i class=\"far fa-clock\"><\/i>\n        <span class=\"highlight\">Quintas-feiras:<\/span>\n        09:00 - 13:00    <\/li>\n    <li>\n        <i class=\"far fa-clock\"><\/i>\n        <span class=\"highlight\">Sextas-feiras:<\/span>\n        09:00 - 13:00    <\/li>\n    <li>\n        <i class=\"far fa-clock\"><\/i>\n        <span class=\"highlight\">S\u00e1bados:<\/span>\n        09:00 - 13:00    <\/li>\n    <li>\n        <i class=\"far fa-clock\"><\/i>\n        <span class=\"highlight\">Domingos:<\/span>\n        Encerrado    <\/li>\n<\/ul>\n    <div class=\"car-rental-section-title\">\n        <i class=\"fas fa-utensils\"><\/i>\n        <span class=\"highlight\">Hora de Almo\u00e7o\t\t\t\t\t\t\t\t\t\t: Seg-Dom<\/span>\n        13:00 - 23:59    <\/div>\n                        <\/div>\r\n                    <\/div>\r\n                <\/div>\r\n            <\/div>\r\n            <\/div><\/div>[\/vc_column][\/vc_row][vc_row][vc_column][vc_separator color=&#8221;black&#8221; border_width=&#8221;4&#8243;][\/vc_column][\/vc_row][vc_row][vc_column][vc_column_text css=&#8221;&#8221;]\r\n<h2>Ag\u00eancias de Aluguer de Carros na Ilha de Menorca<\/h2>\r\n[\/vc_column_text][\/vc_column][\/vc_row][vc_row][vc_column][vc_gmaps link=&#8221;#E-8_JTNDaWZyYW1lJTIwdGl0bGUlM0QlMjJPZmljaW5hcyUyMEF1dG9zJTIwVmFsbHMlMjIlMjBzcmMlM0QlMjJodHRwcyUzQSUyRiUyRnd3dy5nb29nbGUuY29tJTJGbWFwcyUyRmVtYmVkJTNGcGIlM0QlMjExbTEyJTIxMW04JTIxMW0zJTIxMWQxOTU3NTYuMTg2NDAxMDY4NTIlMjEyZDQuMDcxNzg5OTIxMDMxNzIyJTIxM2QzOS45NDgzMTQwOTg2MzYzOSUyMTNtMiUyMTFpMTAyNCUyMTJpNzY4JTIxNGYxMy4xJTIxMm0xJTIxMXNhdXRvcyUyNTIwdmFsbHMlMjUlMjE1ZTAlMjEzbTIlMjExc2VuJTIxMnNlcyUyMTR2MTYxMTQ0MjA2MzYzNCUyMTVtMiUyMTFzZW4lMjEyc2VzJTIyJTIwd2lkdGglM0QlMjI2MDAlMjIlMjBoZWlnaHQlM0QlMjI0NTAlMjIlMjBmcmFtZWJvcmRlciUzRCUyMjAlMjIlMjBzdHlsZSUzRCUyMmJvcmRlciUzQTAlM0IlMjIlMjBhbGxvd2Z1bGxzY3JlZW4lM0QlMjIlMjIlMjBhcmlhLWhpZGRlbiUzRCUyMmZhbHNlJTIyJTIwdGFiaW5kZXglM0QlMjIwJTIyJTNFJTNDJTJGaWZyYW1lJTNF&#8221; size=&#8221;450&#8243; el_class=&#8221;home-map super_border_radius&#8221;][vc_column_text css=&#8221;&#8221; el_class=&#8221;encabezados&#8221;]Se procura o melhor servi\u00e7o de <b data-path-to-node=\"16,0,0\" data-index-in-node=\"32\">aluguer de carros em Menorca<\/b>, a Autos Valls oferece-lhe uma frota moderna de ve\u00edculos e ag\u00eancias em toda a ilha.&#8221;\r\n\r\nEstamos aqui para o ajudar em qualquer momento que necessite. Pode contactar-nos por telefone, e-mail ou visitar-nos em qualquer uma das nossas <strong>ag\u00eancias f\u00edsicas<\/strong>. A flexibilidade \u00e9 uma das nossas caracter\u00edsticas distintivas.\r\n<h2 style=\"font-weight: bold; margin-top: 30px;\">Melhores ag\u00eancias para o seu aluguer de carros em Menorca<\/h2>\r\nPara evitar contratempos, sugerimos que fa\u00e7a a reserva do seu <strong>carro de aluguer<\/strong> antecipadamente; desta forma, poder\u00e1 selecionar o modelo e a <strong>ag\u00eancia de recolha<\/strong> que melhor se adapte \u00e0s suas necessidades.\r\n\r\nFa\u00e7a a sua reserva online ou por telefone e, se necess\u00e1rio, escolha uma ag\u00eancia diferente para a devolu\u00e7\u00e3o do ve\u00edculo.\r\n\r\nDurante os meses de \u00e9poca alta em Menorca, os pedidos de aluguer de carros aumentam consideravelmente; especialmente em agosto e nos fins de semana, a procura \u00e9 muito elevada, pelo que se aconselha a antecipa\u00e7\u00e3o para garantir maior tranquilidade e obter tarifas mais favor\u00e1veis.\r\n<h2 style=\"font-weight: bold; margin-top: 30px;\">Total comodidade em cada passo<\/h2>\r\nQuer chegue de avi\u00e3o ou de barco, a nossa equipa garantir\u00e1 que tudo esteja preparado para si. Com uma gest\u00e3o r\u00e1pida e eficiente, a sua <strong>ve\u00edculos<\/strong>\u00a0estar\u00e1 pronta a ser utilizada em poucos minutos.\r\n\r\nAdicionalmente, os nossos contratos s\u00e3o transparentes e sem cl\u00e1usulas ocultas; pode rever as <a href=\"https:\/\/www.autosvalls.com\/pt\/alquiler\/terminos-y-condiciones-de-alquiler\/\">condi\u00e7\u00f5es<\/a> e detalhes antes de confirmar a sua reserva. Estamos empenhados em garantir que a sua experi\u00eancia seja completamente satisfat\u00f3ria, desde o momento do primeiro clique at\u00e9 \u00e0 devolu\u00e7\u00e3o do ve\u00edculo.\r\n<h2 style=\"font-weight: bold; margin-top: 30px;\">Sugest\u00f5es para deslocar-se pela Ilha de Menorca de autom\u00f3vel<\/h2>\r\nMenorca \u00e9 um lugar ideal para explorar por conta pr\u00f3pria e desfrutar ao m\u00e1ximo dos seus encantos naturais e vilas pitorescas, como Es Mercadal ou Alaior, sem ter de depender do transporte p\u00fablico, gra\u00e7as \u00e0 sua pr\u00f3pria <strong>viatura de aluguer<\/strong>.\r\n\r\nSugerimos que leve sempre consigo \u00e1gua e protetor solar quando decidir explorar calas (enseadas) menos acess\u00edveis. Apesar de as dist\u00e2ncias serem curtas, um GPS ou uma aplica\u00e7\u00e3o de mapas ser\u00e3o muito \u00fateis para encontrar a rota ideal e poupar tempo.\r\n<h2 style=\"font-weight: bold; margin-top: 30px;\">Consulte tarifas e promo\u00e7\u00f5es dispon\u00edveis<\/h2>\r\nVisite o nosso site ou ligue-nos para o <a href=\"tel:+34971573740\">971 57 37 40<\/a> para consultar pre\u00e7os, disponibilidade e condi\u00e7\u00f5es antes de confirmar a sua reserva, garantindo que esta se adapta aos seus requisitos.\r\n\r\nAl\u00e9m disso, pode usufruir das nossas promo\u00e7\u00f5es sazonais ou descontos por reservas antecipadas! A nossa equipa ter\u00e1 todo o gosto em prestar informa\u00e7\u00f5es sobre as ofertas dispon\u00edveis.\r\n<h2 style=\"font-weight: bold; margin-top: 30px;\">Autos Valls: a sua melhor op\u00e7\u00e3o para alugar carros em Menorca<\/h2>\r\nA Autos Valls destaca-se como a principal op\u00e7\u00e3o para o <strong>aluguer de ve\u00edculos na Ilha de Menorca<\/strong>.\r\n\r\nCom anos de trajet\u00f3ria e uma ampla presen\u00e7a na ilha, na Autos Valls facilitamos tudo para que desfrute da sua estadia ao seu ritmo. Fa\u00e7a a sua reserva hoje mesmo e comece a sua aventura com total comodidade, seguran\u00e7a e liberdade.\r\n\r\nEstamos focados na preserva\u00e7\u00e3o do meio ambiente e na excel\u00eancia do servi\u00e7o para garantir a sua satisfa\u00e7\u00e3o como cliente principal da nossa <strong>empresa de aluguer de carros em Menorca<\/strong>.\r\n\r\nDispomos tamb\u00e9m de <strong>ag\u00eancias de aluger de carros<\/strong> nas praias mais bonitas, nas vilas e nos <a href=\"https:\/\/www.illesbalears.travel\/es\/menorca\/que-hacer\/mar-y-playas\/instalaciones-nauticas\" target=\"_blank\" rel=\"noopener\">Portos de Menorca<\/a>.\r\n\r\n[\/vc_column_text][\/vc_column][\/vc_row][vc_row][vc_column][vc_column_text css=&#8221;&#8221;]<form id=\"formElem\" name=\"formElem\" action=\"https:\/\/www.autosvalls.com\/pt\/proceso-de-reserva-online\/\" method=\"post\" class=\"mb-8\">\r\n\t<div class=\"step1 inline_form pr-bg px-8 pt-8 pb-5 big_border_radius\" id=\"search_form_jd\">\r\n\t\t<div class=\"row\">\r\n\t\t\t<div class=\"col-xs-12 col-sm-6\">\r\n\t\t\t\t<div class=\"row search-details-jd\">\r\n\t\t\t\t\t<div class=\"col-xs-12 col-lg-6\">\r\n\t\t\t\t\t\t<div class=\"form-group\">\r\n\t\t\t\t\t\t\t<i class=\"fa fa-map-marker-alt absolute mt-4 secondary_color\"><\/i>\r\n\t\t\t\t\t\t\t<select name=\"pickup_location_id\" class=\"form-control pickup-location form_title\" id=\"pickup_location_id\">\r\n\t\t\t\t\t\t\t\t<option value=\"0\">Selecionar<\/option><option value=\"105\">Aeropuerto Menorca - Curniola, 32<\/option><option value=\"120\">Arenal d&#039;en Castell - C.C. Coves Noves<\/option><option value=\"106\">Binibeca - C.C Binibeca Local, 1<\/option><option value=\"108\">Cala Galdana - C.Comercial Serpentona.<\/option><option value=\"121\">Calan Bosch - C.C. Cal\u00e1n Bosch<\/option><option value=\"107\">Canutells Mar De Menorca - Hotel Mar de Menorca<\/option><option value=\"113\">Hotel Cala Galdana - Urb. La Serpentona S\/N<\/option><option value=\"112\">Hotel Hamilton - Es Castell - Carrer de Sant Ignaci, 22<\/option><option value=\"111\">Hotel Sol Parc - La ubicaci\u00f3n con este c\u00f3digo ya existe!<\/option><option value=\"114\">Hotel Sur Menorca - C. Equinicio S\/N - Urb. Biniancolla<\/option><option value=\"115\">Mahon Centro - Plaza Espa\u00f1a, 13<\/option><option value=\"109\">Playas de Fornells - C. comercial, Local 4.<\/option><option value=\"116\">Puerto Mahon - Moll de Ponent, 23<\/option><option value=\"117\">Punta Prima - Carrer Mestral n\u00ba 3<\/option><option value=\"118\">Son Bou - Milanos Ping\u00fcinos - Royal Son Bou - C. Comercial Son Bou<\/option><option value=\"119\">Son Bou - San Jaime - Torre Soli - C. Comercial San Jaime<\/option><option value=\"110\">Son Parc - Centro comercial Son Parc<\/option>\t\t\t\t\t\t\t<\/select>\r\n\t\t\t\t\t\t\t<label for=\"pickup_location_id\" class=\"filled\">\r\n\t\t\t\t\t\t\t\tLocal de Levantamento\t\t\t\t\t\t\t<\/label>\r\n\t\t\t\t\t\t<\/div>\r\n\t\t\t\t\t<\/div>\r\n\t\t\t\t\t<div class=\"col-xs-12 col-md-6 col-lg-3\">\r\n\t\t\t\t\t\t<div class=\"form-group\">\r\n\t\t\t\t\t\t\t<i class=\"fa fa-calendar absolute mt-4 secondary_color\"><\/i>\r\n\t\t\t\t\t\t\t<input type=\"text\" name=\"pickup_date\" id=\"pickup_date\"\r\n\t\t\t\t\t\t\t\t   value=\"04\/05\/2026\"\r\n\t\t\t\t\t\t\t\t   placeholder=\"Que dia?\"\r\n\t\t\t\t\t\t\t\t   class=\"pickup-date form_title ml-1\"\r\n\t\t\t\t\t\t\t\t   readonly=\"readonly\" AUTOCOMPLETE=\"off\"\/>\r\n\t\t\t\t\t\t\t<label for=\"pickup_date\" class=\"filled\">\r\n\t\t\t\t\t\t\t\tData\t\t\t\t\t\t\t<\/label>\r\n\t\t\t\t\t\t<\/div>\r\n\t\t\t\t\t<\/div>\r\n\t\t\t\t\t<div class=\"col-xs-12 col-md-6 col-lg-3\">\r\n\t\t\t\t\t\t<div class=\"form-group\">\r\n\t\t\t\t\t\t\t<i class=\"fa fa-clock-o absolute mt-4 secondary_color\"><\/i>\r\n\t\t\t\t\t\t\t<select name=\"pickup_time\" class=\"form-control pickup-time form_title\" id=\"pickup_time\">\r\n\t\t\t\t\t\t\t\t<option value=\"00:00:00\">Meia-noite<\/option><option value=\"00:30:00\">00:30<\/option><option value=\"01:00:00\">01:00<\/option><option value=\"01:30:00\">01:30<\/option><option value=\"02:00:00\">02:00<\/option><option value=\"02:30:00\">02:30<\/option><option value=\"03:00:00\">03:00<\/option><option value=\"03:30:00\">03:30<\/option><option value=\"04:00:00\">04:00<\/option><option value=\"04:30:00\">04:30<\/option><option value=\"05:00:00\">05:00<\/option><option value=\"05:30:00\">05:30<\/option><option value=\"06:00:00\">06:00<\/option><option value=\"06:30:00\">06:30<\/option><option value=\"07:00:00\">07:00<\/option><option value=\"07:30:00\">07:30<\/option><option value=\"08:00:00\">08:00<\/option><option value=\"08:30:00\">08:30<\/option><option value=\"09:00:00\">09:00<\/option><option value=\"09:30:00\">09:30<\/option><option value=\"10:00:00\" selected=\"selected\">10:00<\/option><option value=\"10:30:00\">10:30<\/option><option value=\"11:00:00\">11:00<\/option><option value=\"11:30:00\">11:30<\/option><option value=\"12:00:00\">Meio-dia<\/option><option value=\"12:30:00\">12:30<\/option><option value=\"13:00:00\">13:00<\/option><option value=\"13:30:00\">13:30<\/option><option value=\"14:00:00\">14:00<\/option><option value=\"14:30:00\">14:30<\/option><option value=\"15:00:00\">15:00<\/option><option value=\"15:30:00\">15:30<\/option><option value=\"16:00:00\">16:00<\/option><option value=\"16:30:00\">16:30<\/option><option value=\"17:00:00\">17:00<\/option><option value=\"17:30:00\">17:30<\/option><option value=\"18:00:00\">18:00<\/option><option value=\"18:30:00\">18:30<\/option><option value=\"19:00:00\">19:00<\/option><option value=\"19:30:00\">19:30<\/option><option value=\"20:00:00\">20:00<\/option><option value=\"20:30:00\">20:30<\/option><option value=\"21:00:00\">21:00<\/option><option value=\"21:30:00\">21:30<\/option><option value=\"22:00:00\">22:00<\/option><option value=\"22:30:00\">22:30<\/option><option value=\"23:00:00\">23:00<\/option><option value=\"23:30:00\">23:30<\/option>\t\t\t\t\t\t\t<\/select>\r\n\t\t\t\t\t\t\t<label for=\"pickup_time\" class=\"filled\">\r\n\t\t\t\t\t\t\t\tHora\t\t\t\t\t\t\t<\/label>\r\n\t\t\t\t\t\t<\/div>\r\n\t\t\t\t\t<\/div>\r\n\t\t\t\t<\/div>\r\n\t\t\t<\/div>\r\n\t\t\t<div class=\"col-xs-12 col-sm-6\">\r\n\t\t\t\t<div class=\"row search-details-jd\">\r\n\t\t\t\t\t<div class=\"col-xs-12 col-lg-6\">\r\n\t\t\t\t\t\t<div class=\"form-group\">\r\n\t\t\t\t\t\t\t<i class=\"fa fa-map-marker-alt absolute mt-4 secondary_color\"><\/i>\r\n\t\t\t\t\t\t\t<select name=\"return_location_id\" class=\"form-control return-location form_title\" id=\"return_location_id\">\r\n\t\t\t\t\t\t\t\t<option value=\"0\">Selecionar<\/option><option value=\"105\">Aeropuerto Menorca - Curniola, 32<\/option><option value=\"120\">Arenal d&#039;en Castell - C.C. Coves Noves<\/option><option value=\"106\">Binibeca - C.C Binibeca Local, 1<\/option><option value=\"108\">Cala Galdana - C.Comercial Serpentona.<\/option><option value=\"121\">Calan Bosch - C.C. Cal\u00e1n Bosch<\/option><option value=\"107\">Canutells Mar De Menorca - Hotel Mar de Menorca<\/option><option value=\"113\">Hotel Cala Galdana - Urb. La Serpentona S\/N<\/option><option value=\"112\">Hotel Hamilton - Es Castell - Carrer de Sant Ignaci, 22<\/option><option value=\"111\">Hotel Sol Parc - La ubicaci\u00f3n con este c\u00f3digo ya existe!<\/option><option value=\"114\">Hotel Sur Menorca - C. Equinicio S\/N - Urb. Biniancolla<\/option><option value=\"115\">Mahon Centro - Plaza Espa\u00f1a, 13<\/option><option value=\"109\">Playas de Fornells - C. comercial, Local 4.<\/option><option value=\"116\">Puerto Mahon - Moll de Ponent, 23<\/option><option value=\"117\">Punta Prima - Carrer Mestral n\u00ba 3<\/option><option value=\"118\">Son Bou - Milanos Ping\u00fcinos - Royal Son Bou - C. Comercial Son Bou<\/option><option value=\"119\">Son Bou - San Jaime - Torre Soli - C. Comercial San Jaime<\/option><option value=\"110\">Son Parc - Centro comercial Son Parc<\/option>\t\t\t\t\t\t\t<\/select>\r\n\t\t\t\t\t\t\t<label for=\"return_location_id\" class=\"filled\">\r\n\t\t\t\t\t\t\t\tLocal de Devolu\u00e7\u00e3o\t\t\t\t\t\t\t<\/label>\r\n\t\t\t\t\t\t<\/div>\r\n\t\t\t\t\t<\/div>\r\n\t\t\t\t\t<div class=\"col-xs-12 col-md-6 col-lg-3\">\r\n\t\t\t\t\t\t<div class=\"form-group\">\r\n\t\t\t\t\t\t\t<i class=\"fa fa-calendar absolute mt-4 secondary_color\"><\/i>\r\n\t\t\t\t\t\t\t<input type=\"text\" name=\"return_date\" class=\"return-date form_title ml-1\" id=\"return_date\"\r\n\t\t\t\t\t\t\t\t   value=\"11\/05\/2026\"\r\n\t\t\t\t\t\t\t\t   placeholder=\"Data:\"\r\n\t\t\t\t\t\t\t\t   readonly=\"readonly\" AUTOCOMPLETE=\"off\"\/>\r\n\t\t\t\t\t\t\t<label for=\"return_date\" class=\"filled\">\r\n\t\t\t\t\t\t\t\tData\t\t\t\t\t\t\t<\/label>\r\n\t\t\t\t\t\t<\/div>\r\n\t\t\t\t\t<\/div>\r\n\t\t\t\t\t<div class=\"col-xs-12 col-md-6 col-lg-3\">\r\n\t\t\t\t\t\t<div class=\"form-group\">\r\n\t\t\t\t\t\t\t<i class=\"fa fa-clock-o absolute mt-4 secondary_color\"><\/i>\r\n\t\t\t\t\t\t\t<select name=\"return_time\" class=\"form-control pickup-time form_title\" id=\"return_time\">\r\n\t\t\t\t\t\t\t\t<option value=\"00:00:00\">Meia-noite<\/option><option value=\"00:30:00\">00:30<\/option><option value=\"01:00:00\">01:00<\/option><option value=\"01:30:00\">01:30<\/option><option value=\"02:00:00\">02:00<\/option><option value=\"02:30:00\">02:30<\/option><option value=\"03:00:00\">03:00<\/option><option value=\"03:30:00\">03:30<\/option><option value=\"04:00:00\">04:00<\/option><option value=\"04:30:00\">04:30<\/option><option value=\"05:00:00\">05:00<\/option><option value=\"05:30:00\">05:30<\/option><option value=\"06:00:00\">06:00<\/option><option value=\"06:30:00\">06:30<\/option><option value=\"07:00:00\">07:00<\/option><option value=\"07:30:00\">07:30<\/option><option value=\"08:00:00\">08:00<\/option><option value=\"08:30:00\">08:30<\/option><option value=\"09:00:00\">09:00<\/option><option value=\"09:30:00\">09:30<\/option><option value=\"10:00:00\" selected=\"selected\">10:00<\/option><option value=\"10:30:00\">10:30<\/option><option value=\"11:00:00\">11:00<\/option><option value=\"11:30:00\">11:30<\/option><option value=\"12:00:00\">Meio-dia<\/option><option value=\"12:30:00\">12:30<\/option><option value=\"13:00:00\">13:00<\/option><option value=\"13:30:00\">13:30<\/option><option value=\"14:00:00\">14:00<\/option><option value=\"14:30:00\">14:30<\/option><option value=\"15:00:00\">15:00<\/option><option value=\"15:30:00\">15:30<\/option><option value=\"16:00:00\">16:00<\/option><option value=\"16:30:00\">16:30<\/option><option value=\"17:00:00\">17:00<\/option><option value=\"17:30:00\">17:30<\/option><option value=\"18:00:00\">18:00<\/option><option value=\"18:30:00\">18:30<\/option><option value=\"19:00:00\">19:00<\/option><option value=\"19:30:00\">19:30<\/option><option value=\"20:00:00\">20:00<\/option><option value=\"20:30:00\">20:30<\/option><option value=\"21:00:00\">21:00<\/option><option value=\"21:30:00\">21:30<\/option><option value=\"22:00:00\">22:00<\/option><option value=\"22:30:00\">22:30<\/option><option value=\"23:00:00\">23:00<\/option><option value=\"23:30:00\">23:30<\/option>\t\t\t\t\t\t\t<\/select>\r\n\t\t\t\t\t\t\t<label for=\"return_time\" class=\"filled\">\r\n\t\t\t\t\t\t\t\tHora\t\t\t\t\t\t\t<\/label>\r\n\t\t\t\t\t\t<\/div>\r\n\t\t\t\t\t<\/div>\r\n\t\t\t\t<\/div>\r\n\t\t\t<\/div>\r\n\t\t<\/div>\r\n\t\t<div class=\"row search-details-jd\">\r\n\t\t\t\t\t\t\t<div class=\"col-xs-12 col-sm-6 col-md-4 col-lg-3\">\r\n\t\t\t\t\t<div class=\"form-group\">\r\n\t\t\t\t\t\t<i class=\"fa fa-user absolute mt-4 secondary_color\"><\/i>\r\n\t\t\t\t\t\t<select name=\"driver_age\" class=\"form-control form_title\" id=\"driver_age\" required>\r\n\t\t\t\t\t\t\t<option value=\"\">Selecionar<\/option>\r\n\t\t\t\t\t\t\t<option value=\"20\" >18-20<\/option>\r\n\t\t\t\t\t\t\t<option value=\"21\" >21<\/option>\r\n\t\t\t\t\t\t\t<option value=\"22\" >22<\/option>\r\n\t\t\t\t\t\t\t<option value=\"23\" >23<\/option>\r\n\t\t\t\t\t\t\t<option value=\"24\" >24<\/option>\r\n\t\t\t\t\t\t\t<option value=\"25\" >25<\/option>\r\n\t\t\t\t\t\t\t<option value=\"27\" >26-27<\/option>\r\n\t\t\t\t\t\t\t<option value=\"80\" >28-80<\/option>\r\n\t\t\t\t\t\t<\/select>\r\n\t\t\t\t\t\t<label for=\"driver_age\" class=\"filled\">\r\n\t\t\t\t\t\t\tIdade do condutor\t\t\t\t\t\t<\/label>\r\n\t\t\t\t\t<\/div>\r\n\t\t\t\t<\/div>\r\n\t\t\t\t<div class=\"col-xs-12 col-sm-6 col-md-4 col-lg-3\">\r\n\t\t\t\t\t<div class=\"form-group\">\r\n\t\t\t\t\t\t<i class=\"fa fa-ticket-alt absolute mt-4 secondary_color\"><\/i>\r\n\t\t\t\t\t\t<input type=\"text\" name=\"coupon_code\" class=\"form-control form_title pl-7\" value=\"\"\/>\r\n\t\t\t\t\t\t<label for=\"driver_age\" class=\"filled\">\r\n\t\t\t\t\t\t\tDesconto de cup\u00e3o\t\t\t\t\t\t<\/label>\r\n\t\t\t\t\t<\/div>\r\n\t\t\t\t<\/div>\r\n\t\t\t\t\t\t<div class=\"col-xs-12 col-md-4 col-lg-3 float_right search-submit-js\">\r\n\t\t\t\t<input type=\"hidden\" name=\"car_rental_came_from_step1\" value=\"yes\"\/>\r\n\t\t\t\t\t\t\t\t\t<input type=\"submit\" name=\"car_rental_do_search\" value=\"Reservar\" class=\"car-rental-do-search car-rental-do-search-jd search-form-submit button\" onClick=\"ga('send', 'event', 'Car Rental', 'Click', '1. Search for all cars');\" \/>\t\t\t\t\t\t\t<\/div>\r\n\t\t<\/div>\r\n\t<\/div>\r\n<\/form>\r\n<script type=\"text\/javascript\">\r\n    var autoFocus = '1';\r\n    var locationsS2 = '';\r\n    var durationS2 = '1';\r\n    var priceType = '1';\r\n    var returnLocation = '';\r\n    var returnDate = '1';\r\n    var NRS_SELECT_BOOKING_DATE_TEXT = 'Data:';\r\n\r\n    jQuery(document).ready(function () {\r\n        var options = {};\r\n        options.useDatePicker = '1';\r\n        options.unavailableDates = [];\r\n        options.autoFocus = autoFocus;\r\n        options.timeMode = 'regular';\r\n        options.minimumBookingPeriodInseconds = '0';\r\n        options.nrsDateFormat = 'dd\/mm\/yy';\r\n        options.firstDay = '1';\r\n        options.locationsS2 = locationsS2;\r\n        options.filtersS2 = '';\r\n        options.durationS2 = durationS2;\r\n        options.priceType = priceType;\r\n        options.returnLocation = returnLocation;\r\n        options.returnDate = returnDate;\r\n        options.minDate = '0';\r\n        options.existingBookingCodeVisible = '';\r\n        options.couponCodeRequired = '';\r\n        options.pickupLocationRequired = '1';\r\n        options.returnLocationRequired = '1';\r\n        options.pickupDateRequired = '1';\r\n        options.returnDateRequired = '1';\r\n        options.timeFormat = 'H:i';\r\n        options.NRS_SELECT_BOOKING_DATE_TEXT = NRS_SELECT_BOOKING_DATE_TEXT;\r\n        options.NRS_I_HAVE_BOOKING_CODE_TEXT = \"Tenho um c\u00f3digo de reserva:\";\r\n        options.NRS_COUPON_CODE_ALERT_TEXT = \"Por favor introduza o seu c\u00f3digo promocional!\";\r\n        options.NRS_PICKUP_LOCATION_ALERT_TEXT = \"Por favor selecione o local de levantamento!\";\r\n        options.NRS_RETURN_LOCATION_ALERT_TEXT = \"Por favor selecione o local de devolu\u00e7\u00e3o!\";\r\n        options.NRS_PICKUP_DATE_ALERT_TEXT = \"Por favor selecione a data de levantamento!\";\r\n        options.NRS_RETURN_DATE_ALERT_TEXT = \"Por favor selecione a data de devolu\u00e7\u00e3o!\";\r\n        options.NRS_BOOKING_PERIOD_ALERT_TEXT = \"Por favor selecione o per\u00edodo da reserva!\";\r\n        options.NRS_MINUTES_TEXT = \"minutos\";\r\n        options.NRS_HOURS_TEXT = \"horas\";\r\n        options.NRS_ERROR_MINIMUM_NUMBER_OF_NIGHT_SHOULD_NOT_BE_LESS_THAN_TEXT = \"O n\u00famero m\u00ednimo de noites n\u00e3o pode ser inferior a\";\r\n        options.NRS_ERROR_PLEASE_MODIFY_YOUR_SEARCH_CRITERIA_TEXT = \"Por favor modifique os seus crit\u00e9rios de pesquisa.\";\r\n        step1.init(options);\r\n    });    \/\/ Customs\r\n    jQuery('.pickup-location').change(function () {\r\n        var returnLocation = jQuery('.return-location');\r\n        if (returnLocation.val() === '0') {\r\n            returnLocation.val(this.value).trigger('change');\r\n        }\r\n    });\r\n    jQuery(document).ready(function () {\r\n        jQuery('.pickup-date').on('blur', function () {\r\n            setTimeout(function () {\r\n                var pickupParts = jQuery('.pickup-date').val().split(\"\/\");\r\n                var pickupDate = new Date(pickupParts[1] + \"\/\" + pickupParts[0] + \"\/\" + pickupParts[2]);\r\n\r\n                var returnField = jQuery('.return-date');\r\n                var returnParts = returnField.val().split(\"\/\");\r\n                var returnTimestamp = new Date(returnParts[1] + \"\/\" + returnParts[0] + \"\/\" + returnParts[2]).getTime();\r\n\r\n                if (returnTimestamp <= pickupDate.getTime()) {\r\n                    var suggestedReturnTime = new Date(pickupDate.getTime() + (86400 * 3 * 1000));\r\n                    var dd = String(suggestedReturnTime.getDate()).padStart(2, '0');\r\n                    var mm = String(suggestedReturnTime.getMonth() + 1).padStart(2, '0'); \/\/January is 0!\r\n                    var yyyy = suggestedReturnTime.getFullYear();\r\n\r\n                    returnField.val(dd + '\/' + mm + '\/' + yyyy).trigger('change');\r\n                }\r\n            }, 100);\r\n        });\r\n    });\r\n<\/script>[\/vc_column_text][\/vc_column][\/vc_row][vc_row][vc_column][vc_column_text css=&#8221;&#8221;]\r\n<h2 style=\"font-weight: bold; margin-top: 30px;\">A maior frota de ve\u00edculos para o seu aluguer de carros em Menorca<\/h2>\r\nNa Autos Valls, entendemos que cada viajante tem necessidades diferentes. Por isso, a nossa gama de <strong>ve\u00edculos<\/strong> \u00e9 pensada para oferecer a m\u00e1xima efici\u00eancia e conforto. Se viaja em casal, os nossos carros econ\u00f3micos s\u00e3o ideais para estacionar facilmente perto das calas. Se viaja em fam\u00edlia ou com amigos, as nossas carrinhas de 7 a 9 lugares garantem que todos desfrutam da paisagem com espa\u00e7o de sobra.\r\n\r\nA nossa rede de <strong>ag\u00eancias de aluguer de carros em Menorca<\/strong> orgulha-se de manter todos os ve\u00edculos com padr\u00f5es de seguran\u00e7a rigorosos. Ao escolher o nosso servi\u00e7o, n\u00e3o est\u00e1 apenas a alugar um meio de transporte; est\u00e1 a garantir uma assist\u00eancia personalizada em toda a ilha. Al\u00e9m disso, as nossas ag\u00eancias est\u00e3o abertas com hor\u00e1rios alargados para se adaptarem \u00e0 chegada do seu voo ou barco.\r\n\r\nN\u00e3o perca a oportunidade de explorar todos os recantos de Menorca ao seu pr\u00f3prio ritmo. Com um <strong>ve\u00edculo<\/strong> de confian\u00e7a, a liberdade \u00e9 total para descobrir desde as festas tradicionais at\u00e9 aos far\u00f3is mais isolados. Fa\u00e7a hoje a sua reserva com a Autos Valls, a empresa l\u00edder que conhece Menorca como ningu\u00e9m.[\/vc_column_text][\/vc_column][\/vc_row]<\/div>","protected":false},"excerpt":{"rendered":"[vc_row][vc_column][vc_column_text css=&#8221;&#8221;] Rede de ag\u00eancias de aluguer de carros na Ilha de Menorca [\/vc_column_text][\/vc_column][\/vc_row][vc_row][vc_column][vc_separator color=&#8221;black&#8221; border_width=&#8221;4&#8243;][\/vc_column][\/vc_row][vc_row][vc_column][vc_column_text css=&#8221;&#8221;] Ag\u00eancias de Aluguer de Carros na Ilha de Menorca [\/vc_column_text][\/vc_column][\/vc_row][vc_row][vc_column][vc_gmaps link=&#8221;#E-8_JTNDaWZyYW1lJTIwdGl0bGUlM0QlMjJPZmljaW5hcyUyMEF1dG9zJTIwVmFsbHMlMjIlMjBzcmMlM0QlMjJodHRwcyUzQSUyRiUyRnd3dy5nb29nbGUuY29tJTJGbWFwcyUyRmVtYmVkJTNGcGIlM0QlMjExbTEyJTIxMW04JTIxMW0zJTIxMWQxOTU3NTYuMTg2NDAxMDY4NTIlMjEyZDQuMDcxNzg5OTIxMDMxNzIyJTIxM2QzOS45NDgzMTQwOTg2MzYzOSUyMTNtMiUyMTFpMTAyNCUyMTJpNzY4JTIxNGYxMy4xJTIxMm0xJTIxMXNhdXRvcyUyNTIwdmFsbHMlMjUlMjE1ZTAlMjEzbTIlMjExc2VuJTIxMnNlcyUyMTR2MTYxMTQ0MjA2MzYzNCUyMTVtMiUyMTFzZW4lMjEyc2VzJTIyJTIwd2lkdGglM0QlMjI2MDAlMjIlMjBoZWlnaHQlM0QlMjI0NTAlMjIlMjBmcmFtZWJvcmRlciUzRCUyMjAlMjIlMjBzdHlsZSUzRCUyMmJvcmRlciUzQTAlM0IlMjIlMjBhbGxvd2Z1bGxzY3JlZW4lM0QlMjIlMjIlMjBhcmlhLWhpZGRlbiUzRCUyMmZhbHNlJTIyJTIwdGFiaW5kZXglM0QlMjIwJTIyJTNFJTNDJTJGaWZyYW1lJTNF&#8221; size=&#8221;450&#8243; el_class=&#8221;home-map super_border_radius&#8221;][vc_column_text css=&#8221;&#8221; el_class=&#8221;encabezados&#8221;]Se procura o melhor servi\u00e7o de aluguer de carros em Menorca, a Autos Valls oferece-lhe uma frota moderna de ve\u00edculos e ag\u00eancias em [&hellip;]","protected":false},"author":1,"featured_media":33070,"parent":240,"menu_order":0,"comment_status":"closed","ping_status":"closed","template":"","meta":{"footnotes":""},"class_list":["post-594","page","type-page","status-publish","has-post-thumbnail","hentry"],"_links":{"self":[{"href":"https:\/\/www.autosvalls.com\/pt\/wp-json\/wp\/v2\/pages\/594","targetHints":{"allow":["GET"]}}],"collection":[{"href":"https:\/\/www.autosvalls.com\/pt\/wp-json\/wp\/v2\/pages"}],"about":[{"href":"https:\/\/www.autosvalls.com\/pt\/wp-json\/wp\/v2\/types\/page"}],"author":[{"embeddable":true,"href":"https:\/\/www.autosvalls.com\/pt\/wp-json\/wp\/v2\/users\/1"}],"replies":[{"embeddable":true,"href":"https:\/\/www.autosvalls.com\/pt\/wp-json\/wp\/v2\/comments?post=594"}],"version-history":[{"count":5,"href":"https:\/\/www.autosvalls.com\/pt\/wp-json\/wp\/v2\/pages\/594\/revisions"}],"predecessor-version":[{"id":35454,"href":"https:\/\/www.autosvalls.com\/pt\/wp-json\/wp\/v2\/pages\/594\/revisions\/35454"}],"up":[{"embeddable":true,"href":"https:\/\/www.autosvalls.com\/pt\/wp-json\/wp\/v2\/pages\/240"}],"wp:featuredmedia":[{"embeddable":true,"href":"https:\/\/www.autosvalls.com\/pt\/wp-json\/wp\/v2\/media\/33070"}],"wp:attachment":[{"href":"https:\/\/www.autosvalls.com\/pt\/wp-json\/wp\/v2\/media?parent=594"}],"curies":[{"name":"wp","href":"https:\/\/api.w.org\/{rel}","templated":true}]}}