{"id":34297,"date":"2023-06-21T14:16:48","date_gmt":"2023-06-21T12:16:48","guid":{"rendered":"https:\/\/www.autosvalls.com\/?page_id=34297"},"modified":"2023-06-21T14:16:48","modified_gmt":"2023-06-21T12:16:48","slug":"autos-menorca","status":"publish","type":"page","link":"https:\/\/www.autosvalls.com\/pt\/autos-menorca\/","title":{"rendered":"Autos Menorca 2025"},"content":{"rendered":"<div class=\"wpb-content-wrapper\">[vc_row full_width=&quot;stretch_row&quot; full_height=&quot;yes&quot; content_placement=&quot;bottom&quot; css=&quot;.vc_custom_1707759881853{margin-top: -40px !important;background-image: url(https:\/\/www.autosvalls.com\/pt\/wp-content\/uploads\/sites\/7\/2024\/02\/01-fondo-scaled-1.jpg?id=34543 !important;background-position: center !important;background-repeat: no-repeat !important;background-size: cover !important;}&quot; el_class=&quot;home-master&quot;][vc_column css=&quot;.vc_custom_1616088060901{margin-top: 150px !important;padding-top: 15px !important;padding-right: 0px !important;padding-bottom: 15px !important;padding-left: 0px !important;background-color: rgba(255,255,255,0.82) !important;*background-color: rgb(255,255,255) !important;border-radius: 10px !important;}&quot; offset=&quot;vc_col-lg-12 vc_col-md-12&quot;]<div class=\"fancy-title  wpb_animate_when_almost_visible wpb_&quot;fadeIn&quot; &quot;fadeIn&quot; &quot;align_left&quot;\"><h1 class=\"vc_underline_title vc_title &quot;secondary_color&quot;\">&quot;Explora<\/h1><div class=\"vc_underline primary_color_background\"><\/div><\/div><div id=\"search441893\"><form id=\"formElem\" name=\"formElem\" action=\"\" method=\"post\" class=\"limit_width px-5\">\r\n\t<div class=\"search_form_row step1 inline_form\" id=\"search_form_jd\">\r\n\t\t<div class=\"row\">\r\n\t\t\t<div class=\"col-xs-12 col-sm-6\">\r\n\t\t\t\t<div class=\"row search-details-jd\">\r\n\t\t\t\t\t<div class=\"col-xs-12 col-lg-6\">\r\n\t\t\t\t\t\t<div class=\"form-group\">\r\n\t\t\t\t\t\t\t<i class=\"fa fa-map-marker-alt absolute mt-4 secondary_color\"><\/i>\r\n\t\t\t\t\t\t\t<select name=\"pickup_location_id\" class=\"form-control pickup-location form_title\" id=\"pickup_location_id\">\r\n\t\t\t\t\t\t\t\t<option value=\"0\">Selecionar<\/option><option value=\"105\">Aeropuerto Menorca - Curniola, 32<\/option><option value=\"120\">Arenal d&#039;en Castell - C.C. Coves Noves<\/option><option value=\"106\">Binibeca - C.C Binibeca Local, 1<\/option><option value=\"108\">Cala Galdana - C.Comercial Serpentona.<\/option><option value=\"121\">Calan Bosch - C.C. Cal\u00e1n Bosch<\/option><option value=\"107\">Canutells Mar De Menorca - Hotel Mar de Menorca<\/option><option value=\"113\">Hotel Cala Galdana - Urb. La Serpentona S\/N<\/option><option value=\"112\">Hotel Hamilton - Es Castell - Carrer de Sant Ignaci, 22<\/option><option value=\"111\">Hotel Sol Parc - La ubicaci\u00f3n con este c\u00f3digo ya existe!<\/option><option value=\"114\">Hotel Sur Menorca - C. Equinicio S\/N - Urb. Biniancolla<\/option><option value=\"115\">Mahon Centro - Plaza Espa\u00f1a, 13<\/option><option value=\"109\">Playas de Fornells - C. comercial, Local 4.<\/option><option value=\"116\">Puerto Mahon - Moll de Ponent, 23<\/option><option value=\"117\">Punta Prima - Carrer Mestral n\u00ba 3<\/option><option value=\"118\">Son Bou - Milanos Ping\u00fcinos - Royal Son Bou - C. Comercial Son Bou<\/option><option value=\"119\">Son Bou - San Jaime - Torre Soli - C. Comercial San Jaime<\/option><option value=\"110\">Son Parc - Centro comercial Son Parc<\/option>\t\t\t\t\t\t\t<\/select>\r\n\t\t\t\t\t\t\t<label for=\"pickup_location_id\" class=\"filled\">\r\n\t\t\t\t\t\t\t\tLocal de Levantamento\t\t\t\t\t\t\t<\/label>\r\n\t\t\t\t\t\t<\/div>\r\n\t\t\t\t\t<\/div>\r\n\t\t\t\t\t<div class=\"col-xs-12 col-md-6 col-lg-3\">\r\n\t\t\t\t\t\t<div class=\"form-group\">\r\n\t\t\t\t\t\t\t<i class=\"fa fa-calendar absolute mt-4 secondary_color\"><\/i>\r\n\t\t\t\t\t\t\t<input type=\"text\" name=\"pickup_date\" id=\"pickup_date\" required\r\n\t\t\t\t\t\t\t\t   value=\"01\/05\/2026\"\r\n\t\t\t\t\t\t\t\t   placeholder=\"Que dia?\"\r\n\t\t\t\t\t\t\t\t   class=\"pickup-date form_title ml-1 no_translate\"\r\n\t\t\t\t\t\t\t\t   readonly=\"readonly\" AUTOCOMPLETE=\"off\"\/>\r\n\t\t\t\t\t\t\t<label for=\"pickup_date\" class=\"filled\">\r\n\t\t\t\t\t\t\t\tData\t\t\t\t\t\t\t<\/label>\r\n\t\t\t\t\t\t<\/div>\r\n\t\t\t\t\t<\/div>\r\n\t\t\t\t\t<div class=\"col-xs-12 col-md-6 col-lg-3\">\r\n\t\t\t\t\t\t<div class=\"form-group\">\r\n\t\t\t\t\t\t\t<i class=\"fa fa-clock-o absolute mt-4 secondary_color\"><\/i>\r\n\t\t\t\t\t\t\t<select name=\"pickup_time\" class=\"form-control pickup-time form_title\" id=\"pickup_time\">\r\n\t\t\t\t\t\t\t\t<option value=\"00:00:00\">Meia-noite<\/option><option value=\"00:30:00\">00:30<\/option><option value=\"01:00:00\">01:00<\/option><option value=\"01:30:00\">01:30<\/option><option value=\"02:00:00\">02:00<\/option><option value=\"02:30:00\">02:30<\/option><option value=\"03:00:00\">03:00<\/option><option value=\"03:30:00\">03:30<\/option><option value=\"04:00:00\">04:00<\/option><option value=\"04:30:00\">04:30<\/option><option value=\"05:00:00\">05:00<\/option><option value=\"05:30:00\">05:30<\/option><option value=\"06:00:00\">06:00<\/option><option value=\"06:30:00\">06:30<\/option><option value=\"07:00:00\">07:00<\/option><option value=\"07:30:00\">07:30<\/option><option value=\"08:00:00\">08:00<\/option><option value=\"08:30:00\">08:30<\/option><option value=\"09:00:00\">09:00<\/option><option value=\"09:30:00\">09:30<\/option><option value=\"10:00:00\" selected=\"selected\">10:00<\/option><option value=\"10:30:00\">10:30<\/option><option value=\"11:00:00\">11:00<\/option><option value=\"11:30:00\">11:30<\/option><option value=\"12:00:00\">Meio-dia<\/option><option value=\"12:30:00\">12:30<\/option><option value=\"13:00:00\">13:00<\/option><option value=\"13:30:00\">13:30<\/option><option value=\"14:00:00\">14:00<\/option><option value=\"14:30:00\">14:30<\/option><option value=\"15:00:00\">15:00<\/option><option value=\"15:30:00\">15:30<\/option><option value=\"16:00:00\">16:00<\/option><option value=\"16:30:00\">16:30<\/option><option value=\"17:00:00\">17:00<\/option><option value=\"17:30:00\">17:30<\/option><option value=\"18:00:00\">18:00<\/option><option value=\"18:30:00\">18:30<\/option><option value=\"19:00:00\">19:00<\/option><option value=\"19:30:00\">19:30<\/option><option value=\"20:00:00\">20:00<\/option><option value=\"20:30:00\">20:30<\/option><option value=\"21:00:00\">21:00<\/option><option value=\"21:30:00\">21:30<\/option><option value=\"22:00:00\">22:00<\/option><option value=\"22:30:00\">22:30<\/option><option value=\"23:00:00\">23:00<\/option><option value=\"23:30:00\">23:30<\/option>\t\t\t\t\t\t\t<\/select>\r\n\t\t\t\t\t\t\t<label for=\"pickup_time\" class=\"filled\">\r\n\t\t\t\t\t\t\t\tHora\t\t\t\t\t\t\t<\/label>\r\n\t\t\t\t\t\t<\/div>\r\n\t\t\t\t\t<\/div>\r\n\t\t\t\t<\/div>\r\n\t\t\t<\/div>\r\n\t\t\t<div class=\"col-xs-12 col-sm-6\">\r\n\t\t\t\t<div class=\"row search-details-jd\">\r\n\t\t\t\t\t<div class=\"col-xs-12 col-lg-6\">\r\n\t\t\t\t\t\t<div class=\"form-group\">\r\n\t\t\t\t\t\t\t<i class=\"fa fa-map-marker-alt absolute mt-4 secondary_color\"><\/i>\r\n\t\t\t\t\t\t\t<select name=\"return_location_id\" class=\"form-control return-location form_title\" id=\"return_location_id\">\r\n\t\t\t\t\t\t\t\t<option value=\"0\">Selecionar<\/option><option value=\"105\">Aeropuerto Menorca - Curniola, 32<\/option><option value=\"120\">Arenal d&#039;en Castell - C.C. Coves Noves<\/option><option value=\"106\">Binibeca - C.C Binibeca Local, 1<\/option><option value=\"108\">Cala Galdana - C.Comercial Serpentona.<\/option><option value=\"121\">Calan Bosch - C.C. Cal\u00e1n Bosch<\/option><option value=\"107\">Canutells Mar De Menorca - Hotel Mar de Menorca<\/option><option value=\"113\">Hotel Cala Galdana - Urb. La Serpentona S\/N<\/option><option value=\"112\">Hotel Hamilton - Es Castell - Carrer de Sant Ignaci, 22<\/option><option value=\"111\">Hotel Sol Parc - La ubicaci\u00f3n con este c\u00f3digo ya existe!<\/option><option value=\"114\">Hotel Sur Menorca - C. Equinicio S\/N - Urb. Biniancolla<\/option><option value=\"115\">Mahon Centro - Plaza Espa\u00f1a, 13<\/option><option value=\"109\">Playas de Fornells - C. comercial, Local 4.<\/option><option value=\"116\">Puerto Mahon - Moll de Ponent, 23<\/option><option value=\"117\">Punta Prima - Carrer Mestral n\u00ba 3<\/option><option value=\"118\">Son Bou - Milanos Ping\u00fcinos - Royal Son Bou - C. Comercial Son Bou<\/option><option value=\"119\">Son Bou - San Jaime - Torre Soli - C. Comercial San Jaime<\/option><option value=\"110\">Son Parc - Centro comercial Son Parc<\/option>\t\t\t\t\t\t\t<\/select>\r\n\t\t\t\t\t\t\t<label for=\"return_location_id\" class=\"filled\">\r\n\t\t\t\t\t\t\t\tLocal de Devolu\u00e7\u00e3o\t\t\t\t\t\t\t<\/label>\r\n\t\t\t\t\t\t<\/div>\r\n\t\t\t\t\t<\/div>\r\n\t\t\t\t\t<div class=\"col-xs-12 col-md-6 col-lg-3\">\r\n\t\t\t\t\t\t<div class=\"form-group\">\r\n\t\t\t\t\t\t\t<i class=\"fa fa-calendar absolute mt-4 secondary_color\"><\/i>\r\n\t\t\t\t\t\t\t<input type=\"text\" name=\"return_date\" id=\"return_date\" required\r\n\t\t\t\t\t\t\t\t   value=\"08\/05\/2026\"\r\n\t\t\t\t\t\t\t\t   placeholder=\"Que dia?\"\r\n\t\t\t\t\t\t\t\t   class=\"return-date form_title ml-1 no_translate\"\r\n\t\t\t\t\t\t\t\t   readonly=\"readonly\" AUTOCOMPLETE=\"off\"\/>\r\n\t\t\t\t\t\t\t<label for=\"return_date\" class=\"filled\">\r\n\t\t\t\t\t\t\t\tData\t\t\t\t\t\t\t<\/label>\r\n\t\t\t\t\t\t<\/div>\r\n\t\t\t\t\t<\/div>\r\n\t\t\t\t\t<div class=\"col-xs-12 col-md-6 col-lg-3\">\r\n\t\t\t\t\t\t<div class=\"form-group\">\r\n\t\t\t\t\t\t\t<i class=\"fa fa-clock-o absolute mt-4 secondary_color\"><\/i>\r\n\t\t\t\t\t\t\t<select name=\"return_time\" class=\"form-control pickup-time form_title\" id=\"return_time\">\r\n\t\t\t\t\t\t\t\t<option value=\"00:00:00\">Meia-noite<\/option><option value=\"00:30:00\">00:30<\/option><option value=\"01:00:00\">01:00<\/option><option value=\"01:30:00\">01:30<\/option><option value=\"02:00:00\">02:00<\/option><option value=\"02:30:00\">02:30<\/option><option value=\"03:00:00\">03:00<\/option><option value=\"03:30:00\">03:30<\/option><option value=\"04:00:00\">04:00<\/option><option value=\"04:30:00\">04:30<\/option><option value=\"05:00:00\">05:00<\/option><option value=\"05:30:00\">05:30<\/option><option value=\"06:00:00\">06:00<\/option><option value=\"06:30:00\">06:30<\/option><option value=\"07:00:00\">07:00<\/option><option value=\"07:30:00\">07:30<\/option><option value=\"08:00:00\">08:00<\/option><option value=\"08:30:00\">08:30<\/option><option value=\"09:00:00\">09:00<\/option><option value=\"09:30:00\">09:30<\/option><option value=\"10:00:00\" selected=\"selected\">10:00<\/option><option value=\"10:30:00\">10:30<\/option><option value=\"11:00:00\">11:00<\/option><option value=\"11:30:00\">11:30<\/option><option value=\"12:00:00\">Meio-dia<\/option><option value=\"12:30:00\">12:30<\/option><option value=\"13:00:00\">13:00<\/option><option value=\"13:30:00\">13:30<\/option><option value=\"14:00:00\">14:00<\/option><option value=\"14:30:00\">14:30<\/option><option value=\"15:00:00\">15:00<\/option><option value=\"15:30:00\">15:30<\/option><option value=\"16:00:00\">16:00<\/option><option value=\"16:30:00\">16:30<\/option><option value=\"17:00:00\">17:00<\/option><option value=\"17:30:00\">17:30<\/option><option value=\"18:00:00\">18:00<\/option><option value=\"18:30:00\">18:30<\/option><option value=\"19:00:00\">19:00<\/option><option value=\"19:30:00\">19:30<\/option><option value=\"20:00:00\">20:00<\/option><option value=\"20:30:00\">20:30<\/option><option value=\"21:00:00\">21:00<\/option><option value=\"21:30:00\">21:30<\/option><option value=\"22:00:00\">22:00<\/option><option value=\"22:30:00\">22:30<\/option><option value=\"23:00:00\">23:00<\/option><option value=\"23:30:00\">23:30<\/option>\t\t\t\t\t\t\t<\/select>\r\n\t\t\t\t\t\t\t<label for=\"return_time\" class=\"filled\">\r\n\t\t\t\t\t\t\t\tHora\t\t\t\t\t\t\t<\/label>\r\n\t\t\t\t\t\t<\/div>\r\n\t\t\t\t\t<\/div>\r\n\t\t\t\t<\/div>\r\n\t\t\t<\/div>\r\n\t\t<\/div>\r\n\t\t<div class=\"row search-details-jd\">\r\n\t\t\t\t\t\t\t<div class=\"col-xs-12 col-sm-6 col-md-4 col-lg-3\">\r\n\t\t\t\t\t<div class=\"form-group\">\r\n\t\t\t\t\t\t<i class=\"fa fa-user absolute mt-4 secondary_color\"><\/i>\r\n\t\t\t\t\t\t<select name=\"driver_age\" class=\"form-control form_title\" id=\"driver_age\" required>\r\n\t\t\t\t\t\t\t<option value=\"\">Selecionar<\/option>\r\n\t\t\t\t\t\t\t<option value=\"20\" >18-20<\/option>\r\n\t\t\t\t\t\t\t<option value=\"21\" >21<\/option>\r\n\t\t\t\t\t\t\t<option value=\"22\" >22<\/option>\r\n\t\t\t\t\t\t\t<option value=\"23\" >23<\/option>\r\n\t\t\t\t\t\t\t<option value=\"24\" >24<\/option>\r\n\t\t\t\t\t\t\t<option value=\"25\" >25<\/option>\r\n\t\t\t\t\t\t\t<option value=\"27\" >26-27<\/option>\r\n\t\t\t\t\t\t\t<option value=\"80\" >28-80<\/option>\r\n\t\t\t\t\t\t<\/select>\r\n\t\t\t\t\t\t<label for=\"driver_age\" class=\"filled\">\r\n\t\t\t\t\t\t\tIdade do condutor\t\t\t\t\t\t<\/label>\r\n\t\t\t\t\t<\/div>\r\n\t\t\t\t<\/div>\r\n\t\t\t\t<div class=\"col-xs-12 col-sm-6 col-md-4 col-lg-3\">\r\n\t\t\t\t\t<div class=\"form-group\">\r\n\t\t\t\t\t\t<i class=\"fa fa-ticket-alt absolute mt-4 secondary_color\"><\/i>\r\n\t\t\t\t\t\t<input type=\"text\" name=\"coupon_code\" class=\"form-control form_title pl-7\" value=\"\"\/>\r\n\t\t\t\t\t\t<label for=\"driver_age\" class=\"filled\">\r\n\t\t\t\t\t\t\tDesconto de cup\u00e3o\t\t\t\t\t\t<\/label>\r\n\t\t\t\t\t<\/div>\r\n\t\t\t\t<\/div>\r\n\t\t\t\t\t\t<div class=\"col-xs-12 col-md-4 col-lg-3 float_right search-submit-js\">\r\n\t\t\t\t<input type=\"hidden\" name=\"car_rental_came_from_step1\" value=\"yes\"\/>\r\n\t\t\t\t\t\t\t\t\t<input type=\"submit\" name=\"car_rental_do_search\" value=\"Reservar\" class=\"car-rental-do-search car-rental-do-search-jd search-form-submit button\" onClick=\"ga('send', 'event', 'Car Rental', 'Click', '1. Search for all cars');\" \/>\t\t\t\t\t\t\t<\/div>\r\n\t\t<\/div>\r\n\t<\/div>\r\n<\/form>\r\n<script type=\"text\/javascript\">\r\n    var autoFocus = '1';\r\n    var locationsS2 = '';\r\n    var durationS2 = '1';\r\n    var priceType = '1';\r\n    var returnLocation = '1';\r\n    var returnDate = '1';\r\n    var NRS_SELECT_BOOKING_DATE_TEXT = 'Data:';\r\n\r\n    jQuery(document).ready(function () {\r\n        var options = {};\r\n        options.useDatePicker = '1';\r\n        options.unavailableDates = [];\r\n        options.autoFocus = autoFocus;\r\n        options.timeMode = 'regular';\r\n        options.minimumBookingPeriodInseconds = '0';\r\n        options.nrsDateFormat = 'dd\/mm\/yy';\r\n        options.firstDay = '1';\r\n        options.locationsS2 = locationsS2;\r\n        options.filtersS2 = '';\r\n        options.durationS2 = durationS2;\r\n        options.priceType = priceType;\r\n        options.returnLocation = returnLocation;\r\n        options.returnDate = returnDate;\r\n        options.minDate = '0';\r\n        options.existingBookingCodeVisible = '';\r\n        options.couponCodeRequired = '';\r\n        options.pickupLocationRequired = '1';\r\n        options.returnLocationRequired = '1';\r\n        options.pickupDateRequired = '1';\r\n        options.returnDateRequired = '1';\r\n        options.timeFormat = 'H:i';\r\n        options.NRS_SELECT_BOOKING_DATE_TEXT = NRS_SELECT_BOOKING_DATE_TEXT;\r\n        options.NRS_I_HAVE_BOOKING_CODE_TEXT = \"Tenho um c\u00f3digo de reserva:\";\r\n        options.NRS_COUPON_CODE_ALERT_TEXT = \"Por favor introduza o seu c\u00f3digo promocional!\";\r\n        options.NRS_PICKUP_LOCATION_ALERT_TEXT = \"Por favor selecione o local de levantamento!\";\r\n        options.NRS_RETURN_LOCATION_ALERT_TEXT = \"Por favor selecione o local de devolu\u00e7\u00e3o!\";\r\n        options.NRS_PICKUP_DATE_ALERT_TEXT = \"Por favor selecione a data de levantamento!\";\r\n        options.NRS_RETURN_DATE_ALERT_TEXT = \"Por favor selecione a data de devolu\u00e7\u00e3o!\";\r\n        options.NRS_BOOKING_PERIOD_ALERT_TEXT = \"Por favor selecione o per\u00edodo da reserva!\";\r\n        options.NRS_MINUTES_TEXT = \"minutos\";\r\n        options.NRS_HOURS_TEXT = \"horas\";\r\n        options.NRS_ERROR_MINIMUM_NUMBER_OF_NIGHT_SHOULD_NOT_BE_LESS_THAN_TEXT = \"O n\u00famero m\u00ednimo de noites n\u00e3o pode ser inferior a\";\r\n        options.NRS_ERROR_PLEASE_MODIFY_YOUR_SEARCH_CRITERIA_TEXT = \"Por favor modifique os seus crit\u00e9rios de pesquisa.\";\r\n        step1.init(options);\r\n    });    \/\/ Customs\r\n    jQuery('.pickup-location').change(function () {\r\n        var returnLocation = jQuery('.return-location');\r\n        if (returnLocation.val() === '0') {\r\n            returnLocation.val(this.value).trigger('change');\r\n        }\r\n    });\r\n    jQuery(document).ready(function () {\r\n        jQuery('.pickup-date').on('blur', function () {\r\n            setTimeout(function () {\r\n                var pickupParts = jQuery('.pickup-date').val().split(\"\/\");\r\n                var pickupDate = new Date(pickupParts[1] + \"\/\" + pickupParts[0] + \"\/\" + pickupParts[2]);\r\n\r\n                var returnField = jQuery('.return-date');\r\n                var returnParts = returnField.val().split(\"\/\");\r\n                var returnTimestamp = new Date(returnParts[1] + \"\/\" + returnParts[0] + \"\/\" + returnParts[2]).getTime();\r\n\r\n                if (returnTimestamp <= pickupDate.getTime()) {\r\n                    var suggestedReturnTime = new Date(pickupDate.getTime() + (86400 * 3 * 1000));\r\n                    var dd = String(suggestedReturnTime.getDate()).padStart(2, '0');\r\n                    var mm = String(suggestedReturnTime.getMonth() + 1).padStart(2, '0'); \/\/January is 0!\r\n                    var yyyy = suggestedReturnTime.getFullYear();\r\n\r\n                    returnField.val(dd + '\/' + mm + '\/' + yyyy).trigger('change');\r\n                }\r\n            }, 100);\r\n        });\r\n    });\r\n<\/script><\/div>[\/vc_column][\/vc_row][vc_row css=&quot;.vc_custom_1611445168304{margin-top: 50px !important;}&quot;][vc_column][vc_column_text]\n<h2 class=\"text-center\">Tu Viaje Ideal con Autos Menorca<\/h2>\n[\/vc_column_text][vc_column_text]\n<div class=\"row med text-center\">\n<div class=\"col-xs-12 col-sm-4 mb-12\">\n\n<img loading=\"lazy\" decoding=\"async\" class=\"big_border_radius box_shadow aligncenter wp-image-3911 mb-8\" src=\"\/pt\/wp-content\/uploads\/2024\/02\/icon-01a.png\" alt=\"Autos Menorca\" width=\"164\" height=\"164\" \/>\n<div class=\"pr-c bold\">Especialistas en Alquiler de Coches y Motos en Menorca<\/div>\n<p class=\"mt-2\">Con una trayectoria de m\u00e1s de 40 a\u00f1os, Autos Valls se destaca en el \u00e1mbito del alquiler de coches y motos en Menorca.<\/p>\n\n<\/div>\n<div class=\"col-xs-12 col-sm-4 mb-12\">\n\n<img loading=\"lazy\" decoding=\"async\" class=\"big_border_radius box_shadow aligncenter wp-image-3911 mb-8\" src=\"\/pt\/wp-content\/uploads\/2024\/02\/icon-02a.png\" alt=\"Autos Menorca\" width=\"164\" height=\"164\" \/>\n<div class=\"pr-c bold\">\n\nTodo Incluido desde Solo 25 \u20ac\/D\u00eda\n\n<\/div>\n<p class=\"mt-2\">A partir de tan solo 25 \u20ac diarios, ofrecemos una extensa selecci\u00f3n de coches de alquiler en Menorca a precios econ\u00f3micos.<\/p>\n\n<\/div>\n<div class=\"col-xs-12 col-sm-4 mb-12\">\n\n<img loading=\"lazy\" decoding=\"async\" class=\"big_border_radius box_shadow aligncenter wp-image-3911 mb-8\" src=\"\/pt\/wp-content\/uploads\/2024\/02\/icon-03a.png\" alt=\"Autos Menorca\" width=\"164\" height=\"164\" \/>\n<div class=\"pr-c bold\">Cobertura Completa en la Isla<\/div>\n<p class=\"mt-2\">Disponemos de m\u00faltiples lugares para la recogida y entrega a lo largo de Menorca, facilitando un servicio de alquiler de coches conveniente y accesible.<\/p>\n\n<\/div>\n<\/div>\n[\/vc_column_text][\/vc_column][\/vc_row][vc_row css=&#8221;.vc_custom_1612307983902{margin-top: 50px !important;margin-bottom: 120px !important;}&#8221;][vc_column el_class=&#8221;white text-center valls_shape_back home-main-slider box_shadow&#8221;][vc_column_text css_animation=&#8221;none&#8221; css=&#8221;.vc_custom_1707756058342{padding-top: 22px !important;}&#8221;]\n<div class=\"huge\">Explora Menorca sobre Ruedas<\/div>\n<div class=\"med\">El Mejor Alquiler de Coches a tu Alcance<\/div>\n[\/vc_column_text]<div id=\"cars-slider425354\" class=\"vc_custom_1613560821391 \"><div class=\"car-rental-slider car-rental-loading\">\r\n\t\t\t<div class=\"responsive-cars-slider\">\r\n\t\t\t\t\t\t\t<div class=\"row\">\r\n\t\t\t\t\t<div class=\"col-xs-12 col-sm-6 col-md-5 pr-0 pt-4\">\r\n\t\t\t\t\t\t<div class=\"car-rental-item-details\"><div class=\"huge\">Audi A3 Cabrio<\/div><div class=\"big mb-8\"><\/div><div class=\"big mb-8\"><a class=\"button big\" href=\"https:\/\/www.autosvalls.com\/pt\/nossos-veculos\/audi-a3-cabrio\/\" title=\"Ver viatura\">Reservar<\/a><\/div><\/div>\t\t\t\t\t<\/div>\r\n\t\t\t\t\t<div class=\"col-xs-12 col-sm-6 col-md-7 pl-0\">\r\n\t\t\t\t\t\t<div class=\"car-rental-item-image-jd\"><img data-lazy=\"https:\/\/www.autosvalls.com\/pt\/wp-content\/uploads\/CarRentalGallery\/Audi-A3-Cabrio-Margen-bajo.png\" title=\"Audi A3 Cabrio\" alt=\"Audi A3 Cabrio\"><\/div>\t\t\t\t\t<\/div>\r\n\t\t\t\t<\/div>\r\n\t\t\t\t\t\t\t<div class=\"row\">\r\n\t\t\t\t\t<div class=\"col-xs-12 col-sm-6 col-md-5 pr-0 pt-4\">\r\n\t\t\t\t\t\t<div class=\"car-rental-item-details\"><div class=\"huge\">Audi Q2<\/div><div class=\"big mb-8\"><\/div><div class=\"big mb-8\"><a class=\"button big\" href=\"https:\/\/www.autosvalls.com\/pt\/nossos-veculos\/audi-q2\/\" title=\"Ver viatura\">Reservar<\/a><\/div><\/div>\t\t\t\t\t<\/div>\r\n\t\t\t\t\t<div class=\"col-xs-12 col-sm-6 col-md-7 pl-0\">\r\n\t\t\t\t\t\t<div class=\"car-rental-item-image-jd\"><img data-lazy=\"https:\/\/www.autosvalls.com\/pt\/wp-content\/uploads\/CarRentalGallery\/Audi-Q2.png\" title=\"Audi Q2\" alt=\"Audi Q2\"><\/div>\t\t\t\t\t<\/div>\r\n\t\t\t\t<\/div>\r\n\t\t\t\t\t\t\t<div class=\"row\">\r\n\t\t\t\t\t<div class=\"col-xs-12 col-sm-6 col-md-5 pr-0 pt-4\">\r\n\t\t\t\t\t\t<div class=\"car-rental-item-details\"><div class=\"huge\">Citroen C3 Autom\u00e1tico<\/div><div class=\"big mb-8\"><\/div><div class=\"big mb-8\"><a class=\"button big\" href=\"https:\/\/www.autosvalls.com\/pt\/nossos-veculos\/citroen-c3-automatico\/\" title=\"Ver viatura\">Reservar<\/a><\/div><\/div>\t\t\t\t\t<\/div>\r\n\t\t\t\t\t<div class=\"col-xs-12 col-sm-6 col-md-7 pl-0\">\r\n\t\t\t\t\t\t<div class=\"car-rental-item-image-jd\"><img data-lazy=\"https:\/\/www.autosvalls.com\/pt\/wp-content\/uploads\/CarRentalGallery\/C3-2022.png\" title=\"Citroen C3 Autom\u00e1tico\" alt=\"Citroen C3 Autom\u00e1tico\"><\/div>\t\t\t\t\t<\/div>\r\n\t\t\t\t<\/div>\r\n\t\t\t\t\t\t\t<div class=\"row\">\r\n\t\t\t\t\t<div class=\"col-xs-12 col-sm-6 col-md-5 pr-0 pt-4\">\r\n\t\t\t\t\t\t<div class=\"car-rental-item-details\"><div class=\"huge\">Citroen C3 Picasso<\/div><div class=\"big mb-8\"><\/div><div class=\"big mb-8\"><a class=\"button big\" href=\"https:\/\/www.autosvalls.com\/pt\/nossos-veculos\/citroen-c3-picasso\/\" title=\"Ver viatura\">Reservar<\/a><\/div><\/div>\t\t\t\t\t<\/div>\r\n\t\t\t\t\t<div class=\"col-xs-12 col-sm-6 col-md-7 pl-0\">\r\n\t\t\t\t\t\t<div class=\"car-rental-item-image-jd\"><img data-lazy=\"https:\/\/www.autosvalls.com\/pt\/wp-content\/uploads\/CarRentalGallery\/Citroen-Picasso-margen-alto.png\" title=\"Citroen C3 Picasso\" alt=\"Citroen C3 Picasso\"><\/div>\t\t\t\t\t<\/div>\r\n\t\t\t\t<\/div>\r\n\t\t\t\t\t\t\t<div class=\"row\">\r\n\t\t\t\t\t<div class=\"col-xs-12 col-sm-6 col-md-5 pr-0 pt-4\">\r\n\t\t\t\t\t\t<div class=\"car-rental-item-details\"><div class=\"huge\">Fiat 500<\/div><div class=\"big mb-8\"><\/div><div class=\"big mb-8\"><a class=\"button big\" href=\"https:\/\/www.autosvalls.com\/pt\/nossos-veculos\/alquiler-coches-menorca-fiat-500\/\" title=\"Ver viatura\">Reservar<\/a><\/div><\/div>\t\t\t\t\t<\/div>\r\n\t\t\t\t\t<div class=\"col-xs-12 col-sm-6 col-md-7 pl-0\">\r\n\t\t\t\t\t\t<div class=\"car-rental-item-image-jd\"><img data-lazy=\"https:\/\/www.autosvalls.com\/pt\/wp-content\/uploads\/CarRentalGallery\/Fiat-500-margen-largo.png\" title=\"Fiat 500\" alt=\"Fiat 500\"><\/div>\t\t\t\t\t<\/div>\r\n\t\t\t\t<\/div>\r\n\t\t\t\t\t\t\t<div class=\"row\">\r\n\t\t\t\t\t<div class=\"col-xs-12 col-sm-6 col-md-5 pr-0 pt-4\">\r\n\t\t\t\t\t\t<div class=\"car-rental-item-details\"><div class=\"huge\">Fiat 500 El\u00e9ctrico<\/div><div class=\"big mb-8\">De <span class=\"huge\">38<\/span>&euro; \/ dia<\/div><div class=\"big mb-8\"><a class=\"button big\" href=\"https:\/\/www.autosvalls.com\/pt\/nossos-veculos\/fiat-500-electrico\/\" title=\"Ver viatura\">Reservar<\/a><\/div><\/div>\t\t\t\t\t<\/div>\r\n\t\t\t\t\t<div class=\"col-xs-12 col-sm-6 col-md-7 pl-0\">\r\n\t\t\t\t\t\t<div class=\"car-rental-item-image-jd\"><img data-lazy=\"https:\/\/www.autosvalls.com\/pt\/wp-content\/uploads\/CarRentalGallery\/1620319471_Fiat-500-Electrico.png\" title=\"Fiat 500 El\u00e9ctrico\" alt=\"Fiat 500 El\u00e9ctrico\"><\/div>\t\t\t\t\t<\/div>\r\n\t\t\t\t<\/div>\r\n\t\t\t\t\t\t\t<div class=\"row\">\r\n\t\t\t\t\t<div class=\"col-xs-12 col-sm-6 col-md-5 pr-0 pt-4\">\r\n\t\t\t\t\t\t<div class=\"car-rental-item-details\"><div class=\"huge\">Fiat Panda o simil<\/div><div class=\"big mb-8\"><\/div><div class=\"big mb-8\"><a class=\"button big\" href=\"https:\/\/www.autosvalls.com\/pt\/nossos-veculos\/alquiler-coches-menorca-fiat-panda-2\/\" title=\"Ver viatura\">Reservar<\/a><\/div><\/div>\t\t\t\t\t<\/div>\r\n\t\t\t\t\t<div class=\"col-xs-12 col-sm-6 col-md-7 pl-0\">\r\n\t\t\t\t\t\t<div class=\"car-rental-item-image-jd\"><img data-lazy=\"https:\/\/www.autosvalls.com\/pt\/wp-content\/uploads\/CarRentalGallery\/Fiat-Panda-margen-largo.png\" title=\"Fiat Panda o simil\" alt=\"Fiat Panda o simil\"><\/div>\t\t\t\t\t<\/div>\r\n\t\t\t\t<\/div>\r\n\t\t\t\t\t\t\t<div class=\"row\">\r\n\t\t\t\t\t<div class=\"col-xs-12 col-sm-6 col-md-5 pr-0 pt-4\">\r\n\t\t\t\t\t\t<div class=\"car-rental-item-details\"><div class=\"huge\">Honda CB 500cc<\/div><div class=\"big mb-8\"><\/div><div class=\"big mb-8\"><a class=\"button big\" href=\"https:\/\/www.autosvalls.com\/pt\/nossos-veculos\/honda-500cc\/\" title=\"Ver viatura\">Reservar<\/a><\/div><\/div>\t\t\t\t\t<\/div>\r\n\t\t\t\t\t<div class=\"col-xs-12 col-sm-6 col-md-7 pl-0\">\r\n\t\t\t\t\t\t<div class=\"car-rental-item-image-jd\"><img data-lazy=\"https:\/\/www.autosvalls.com\/pt\/wp-content\/uploads\/CarRentalGallery\/1708969658_Honda-CB-500cc.png\" title=\"Honda CB 500cc\" alt=\"Honda CB 500cc\"><\/div>\t\t\t\t\t<\/div>\r\n\t\t\t\t<\/div>\r\n\t\t\t\t\t\t\t<div class=\"row\">\r\n\t\t\t\t\t<div class=\"col-xs-12 col-sm-6 col-md-5 pr-0 pt-4\">\r\n\t\t\t\t\t\t<div class=\"car-rental-item-details\"><div class=\"huge\">Honda Forza 350cc<\/div><div class=\"big mb-8\"><\/div><div class=\"big mb-8\"><a class=\"button big\" href=\"https:\/\/www.autosvalls.com\/pt\/nossos-veculos\/alquiler-motos-honda-forza\/\" title=\"Ver viatura\">Reservar<\/a><\/div><\/div>\t\t\t\t\t<\/div>\r\n\t\t\t\t\t<div class=\"col-xs-12 col-sm-6 col-md-7 pl-0\">\r\n\t\t\t\t\t\t<div class=\"car-rental-item-image-jd\"><img data-lazy=\"https:\/\/www.autosvalls.com\/pt\/wp-content\/uploads\/CarRentalGallery\/1708969694_forza-350.png\" title=\"Honda Forza 350cc\" alt=\"Honda Forza 350cc\"><\/div>\t\t\t\t\t<\/div>\r\n\t\t\t\t<\/div>\r\n\t\t\t\t\t\t\t<div class=\"row\">\r\n\t\t\t\t\t<div class=\"col-xs-12 col-sm-6 col-md-5 pr-0 pt-4\">\r\n\t\t\t\t\t\t<div class=\"car-rental-item-details\"><div class=\"huge\">Honda SH 125cc Similar<\/div><div class=\"big mb-8\"><\/div><div class=\"big mb-8\"><a class=\"button big\" href=\"https:\/\/www.autosvalls.com\/pt\/nossos-veculos\/honda-scoopy-sh-125cc-o-similar\/\" title=\"Ver viatura\">Reservar<\/a><\/div><\/div>\t\t\t\t\t<\/div>\r\n\t\t\t\t\t<div class=\"col-xs-12 col-sm-6 col-md-7 pl-0\">\r\n\t\t\t\t\t\t<div class=\"car-rental-item-image-jd\"><img data-lazy=\"https:\/\/www.autosvalls.com\/pt\/wp-content\/uploads\/CarRentalGallery\/1708367126_Honda-SH125.png\" title=\"Honda SH 125cc Similar\" alt=\"Honda SH 125cc Similar\"><\/div>\t\t\t\t\t<\/div>\r\n\t\t\t\t<\/div>\r\n\t\t\t\t\t\t\t<div class=\"row\">\r\n\t\t\t\t\t<div class=\"col-xs-12 col-sm-6 col-md-5 pr-0 pt-4\">\r\n\t\t\t\t\t\t<div class=\"car-rental-item-details\"><div class=\"huge\">Honda SH-350cc<\/div><div class=\"big mb-8\"><\/div><div class=\"big mb-8\"><a class=\"button big\" href=\"https:\/\/www.autosvalls.com\/pt\/nossos-veculos\/alquiler-de-moto-honda-sh-350i\/\" title=\"Ver viatura\">Reservar<\/a><\/div><\/div>\t\t\t\t\t<\/div>\r\n\t\t\t\t\t<div class=\"col-xs-12 col-sm-6 col-md-7 pl-0\">\r\n\t\t\t\t\t\t<div class=\"car-rental-item-image-jd\"><img data-lazy=\"https:\/\/www.autosvalls.com\/pt\/wp-content\/uploads\/CarRentalGallery\/Honda-Sh350.png\" title=\"Honda SH-350cc\" alt=\"Honda SH-350cc\"><\/div>\t\t\t\t\t<\/div>\r\n\t\t\t\t<\/div>\r\n\t\t\t\t\t\t\t<div class=\"row\">\r\n\t\t\t\t\t<div class=\"col-xs-12 col-sm-6 col-md-5 pr-0 pt-4\">\r\n\t\t\t\t\t\t<div class=\"car-rental-item-details\"><div class=\"huge\">Honda Vision 110cc<\/div><div class=\"big mb-8\"><\/div><div class=\"big mb-8\"><a class=\"button big\" href=\"https:\/\/www.autosvalls.com\/pt\/nossos-veculos\/honda-new-vision\/\" title=\"Ver viatura\">Reservar<\/a><\/div><\/div>\t\t\t\t\t<\/div>\r\n\t\t\t\t\t<div class=\"col-xs-12 col-sm-6 col-md-7 pl-0\">\r\n\t\t\t\t\t\t<div class=\"car-rental-item-image-jd\"><img data-lazy=\"https:\/\/www.autosvalls.com\/pt\/wp-content\/uploads\/CarRentalGallery\/Honda-Visiont-margen-alto.png\" title=\"Honda Vision 110cc\" alt=\"Honda Vision 110cc\"><\/div>\t\t\t\t\t<\/div>\r\n\t\t\t\t<\/div>\r\n\t\t\t\t\t\t\t<div class=\"row\">\r\n\t\t\t\t\t<div class=\"col-xs-12 col-sm-6 col-md-5 pr-0 pt-4\">\r\n\t\t\t\t\t\t<div class=\"car-rental-item-details\"><div class=\"huge\">Jeep Renegade Autom\u00e1tico<\/div><div class=\"big mb-8\"><\/div><div class=\"big mb-8\"><a class=\"button big\" href=\"https:\/\/www.autosvalls.com\/pt\/nossos-veculos\/alquila-jeep-renegade\/\" title=\"Ver viatura\">Reservar<\/a><\/div><\/div>\t\t\t\t\t<\/div>\r\n\t\t\t\t\t<div class=\"col-xs-12 col-sm-6 col-md-7 pl-0\">\r\n\t\t\t\t\t\t<div class=\"car-rental-item-image-jd\"><img data-lazy=\"https:\/\/www.autosvalls.com\/pt\/wp-content\/uploads\/CarRentalGallery\/Jeep-Renegade-Automatico.png\" title=\"Jeep Renegade Autom\u00e1tico\" alt=\"Jeep Renegade Autom\u00e1tico\"><\/div>\t\t\t\t\t<\/div>\r\n\t\t\t\t<\/div>\r\n\t\t\t\t\t\t\t<div class=\"row\">\r\n\t\t\t\t\t<div class=\"col-xs-12 col-sm-6 col-md-5 pr-0 pt-4\">\r\n\t\t\t\t\t\t<div class=\"car-rental-item-details\"><div class=\"huge\">KIA Stonic Fiat Tipo o simil<\/div><div class=\"big mb-8\"><\/div><div class=\"big mb-8\"><a class=\"button big\" href=\"https:\/\/www.autosvalls.com\/pt\/nossos-veculos\/kia-stonic\/\" title=\"Ver viatura\">Reservar<\/a><\/div><\/div>\t\t\t\t\t<\/div>\r\n\t\t\t\t\t<div class=\"col-xs-12 col-sm-6 col-md-7 pl-0\">\r\n\t\t\t\t\t\t<div class=\"car-rental-item-image-jd\"><img data-lazy=\"https:\/\/www.autosvalls.com\/pt\/wp-content\/uploads\/CarRentalGallery\/1748119472_big_thumb_stonic-autos-valls-menorca-2.png\" title=\"KIA Stonic Fiat Tipo o simil\" alt=\"KIA Stonic Fiat Tipo o simil\"><\/div>\t\t\t\t\t<\/div>\r\n\t\t\t\t<\/div>\r\n\t\t\t\t\t\t\t<div class=\"row\">\r\n\t\t\t\t\t<div class=\"col-xs-12 col-sm-6 col-md-5 pr-0 pt-4\">\r\n\t\t\t\t\t\t<div class=\"car-rental-item-details\"><div class=\"huge\">Mercedes EQA<\/div><div class=\"big mb-8\">De <span class=\"huge\">300<\/span>&euro; \/ dia<\/div><div class=\"big mb-8\"><a class=\"button big\" href=\"https:\/\/www.autosvalls.com\/pt\/nossos-veculos\/mercedes-eqa\/\" title=\"Ver viatura\">Reservar<\/a><\/div><\/div>\t\t\t\t\t<\/div>\r\n\t\t\t\t\t<div class=\"col-xs-12 col-sm-6 col-md-7 pl-0\">\r\n\t\t\t\t\t\t<div class=\"car-rental-item-image-jd\"><img data-lazy=\"https:\/\/www.autosvalls.com\/pt\/wp-content\/uploads\/CarRentalGallery\/mercedes-benz-eqa-MENORCA.jpg\" title=\"Mercedes EQA\" alt=\"Mercedes EQA\"><\/div>\t\t\t\t\t<\/div>\r\n\t\t\t\t<\/div>\r\n\t\t\t\t\t\t\t<div class=\"row\">\r\n\t\t\t\t\t<div class=\"col-xs-12 col-sm-6 col-md-5 pr-0 pt-4\">\r\n\t\t\t\t\t\t<div class=\"car-rental-item-details\"><div class=\"huge\">Mercedes Vito 9 pl. Autom\u00e1tico<\/div><div class=\"big mb-8\"><\/div><div class=\"big mb-8\"><a class=\"button big\" href=\"https:\/\/www.autosvalls.com\/pt\/nossos-veculos\/mercedes-vito-9-plazas\/\" title=\"Ver viatura\">Reservar<\/a><\/div><\/div>\t\t\t\t\t<\/div>\r\n\t\t\t\t\t<div class=\"col-xs-12 col-sm-6 col-md-7 pl-0\">\r\n\t\t\t\t\t\t<div class=\"car-rental-item-image-jd\"><img data-lazy=\"https:\/\/www.autosvalls.com\/pt\/wp-content\/uploads\/CarRentalGallery\/1715673835_Mercedes-Vito.png\" title=\"Mercedes Vito 9 pl. Autom\u00e1tico\" alt=\"Mercedes Vito 9 pl. Autom\u00e1tico\"><\/div>\t\t\t\t\t<\/div>\r\n\t\t\t\t<\/div>\r\n\t\t\t\t\t\t\t<div class=\"row\">\r\n\t\t\t\t\t<div class=\"col-xs-12 col-sm-6 col-md-5 pr-0 pt-4\">\r\n\t\t\t\t\t\t<div class=\"car-rental-item-details\"><div class=\"huge\">Nissan NV200 7 Plazas<\/div><div class=\"big mb-8\"><\/div><div class=\"big mb-8\"><a class=\"button big\" href=\"https:\/\/www.autosvalls.com\/pt\/nossos-veculos\/nissan-nv200-7plazas\/\" title=\"Ver viatura\">Reservar<\/a><\/div><\/div>\t\t\t\t\t<\/div>\r\n\t\t\t\t\t<div class=\"col-xs-12 col-sm-6 col-md-7 pl-0\">\r\n\t\t\t\t\t\t<div class=\"car-rental-item-image-jd\"><img data-lazy=\"https:\/\/www.autosvalls.com\/pt\/wp-content\/uploads\/CarRentalGallery\/Nissan-NV200-margen-largo.png\" title=\"Nissan NV200 7 Plazas\" alt=\"Nissan NV200 7 Plazas\"><\/div>\t\t\t\t\t<\/div>\r\n\t\t\t\t<\/div>\r\n\t\t\t\t\t\t\t<div class=\"row\">\r\n\t\t\t\t\t<div class=\"col-xs-12 col-sm-6 col-md-5 pr-0 pt-4\">\r\n\t\t\t\t\t\t<div class=\"car-rental-item-details\"><div class=\"huge\">Opel Corsa o similar<\/div><div class=\"big mb-8\"><\/div><div class=\"big mb-8\"><a class=\"button big\" href=\"https:\/\/www.autosvalls.com\/pt\/nossos-veculos\/opel-corsa\/\" title=\"Ver viatura\">Reservar<\/a><\/div><\/div>\t\t\t\t\t<\/div>\r\n\t\t\t\t\t<div class=\"col-xs-12 col-sm-6 col-md-7 pl-0\">\r\n\t\t\t\t\t\t<div class=\"car-rental-item-image-jd\"><img data-lazy=\"https:\/\/www.autosvalls.com\/pt\/wp-content\/uploads\/CarRentalGallery\/1709574429_Opel-Corsa.png\" title=\"Opel Corsa o similar\" alt=\"Opel Corsa o similar\"><\/div>\t\t\t\t\t<\/div>\r\n\t\t\t\t<\/div>\r\n\t\t\t\t\t\t\t<div class=\"row\">\r\n\t\t\t\t\t<div class=\"col-xs-12 col-sm-6 col-md-5 pr-0 pt-4\">\r\n\t\t\t\t\t\t<div class=\"car-rental-item-details\"><div class=\"huge\">Toyota Prius<\/div><div class=\"big mb-8\"><\/div><div class=\"big mb-8\"><a class=\"button big\" href=\"https:\/\/www.autosvalls.com\/pt\/nossos-veculos\/toyota-prius\/\" title=\"Ver viatura\">Reservar<\/a><\/div><\/div>\t\t\t\t\t<\/div>\r\n\t\t\t\t\t<div class=\"col-xs-12 col-sm-6 col-md-7 pl-0\">\r\n\t\t\t\t\t\t<div class=\"car-rental-item-image-jd\"><img data-lazy=\"https:\/\/www.autosvalls.com\/pt\/wp-content\/uploads\/CarRentalGallery\/Toyota-Prius-margen-alto.png\" title=\"Toyota Prius\" alt=\"Toyota Prius\"><\/div>\t\t\t\t\t<\/div>\r\n\t\t\t\t<\/div>\r\n\t\t\t\t\t\t\t<div class=\"row\">\r\n\t\t\t\t\t<div class=\"col-xs-12 col-sm-6 col-md-5 pr-0 pt-4\">\r\n\t\t\t\t\t\t<div class=\"car-rental-item-details\"><div class=\"huge\">Toyota Proace 9 plazas<\/div><div class=\"big mb-8\"><\/div><div class=\"big mb-8\"><a class=\"button big\" href=\"https:\/\/www.autosvalls.com\/pt\/nossos-veculos\/nissan-primastar\/\" title=\"Ver viatura\">Reservar<\/a><\/div><\/div>\t\t\t\t\t<\/div>\r\n\t\t\t\t\t<div class=\"col-xs-12 col-sm-6 col-md-7 pl-0\">\r\n\t\t\t\t\t\t<div class=\"car-rental-item-image-jd\"><img data-lazy=\"https:\/\/www.autosvalls.com\/pt\/wp-content\/uploads\/CarRentalGallery\/1709574462_toyota.png\" title=\"Toyota Proace 9 plazas\" alt=\"Toyota Proace 9 plazas\"><\/div>\t\t\t\t\t<\/div>\r\n\t\t\t\t<\/div>\r\n\t\t\t\t\t\t\t<div class=\"row\">\r\n\t\t\t\t\t<div class=\"col-xs-12 col-sm-6 col-md-5 pr-0 pt-4\">\r\n\t\t\t\t\t\t<div class=\"car-rental-item-details\"><div class=\"huge\">Volkswagen Beetle Cabrio<\/div><div class=\"big mb-8\"><\/div><div class=\"big mb-8\"><a class=\"button big\" href=\"https:\/\/www.autosvalls.com\/pt\/nossos-veculos\/volkswagen-new-beetle-cabrio\/\" title=\"Ver viatura\">Reservar<\/a><\/div><\/div>\t\t\t\t\t<\/div>\r\n\t\t\t\t\t<div class=\"col-xs-12 col-sm-6 col-md-7 pl-0\">\r\n\t\t\t\t\t\t<div class=\"car-rental-item-image-jd\"><img data-lazy=\"https:\/\/www.autosvalls.com\/pt\/wp-content\/uploads\/CarRentalGallery\/VW-Beetle-margen-largo.png\" title=\"Volkswagen Beetle Cabrio\" alt=\"Volkswagen Beetle Cabrio\"><\/div>\t\t\t\t\t<\/div>\r\n\t\t\t\t<\/div>\r\n\t\t\t\t\t\t\t<div class=\"row\">\r\n\t\t\t\t\t<div class=\"col-xs-12 col-sm-6 col-md-5 pr-0 pt-4\">\r\n\t\t\t\t\t\t<div class=\"car-rental-item-details\"><div class=\"huge\">Yamaha Delight 125cc<\/div><div class=\"big mb-8\"><\/div><div class=\"big mb-8\"><a class=\"button big\" href=\"https:\/\/www.autosvalls.com\/pt\/nossos-veculos\/alquiler-motos-menorca-yamaha-delight\/\" title=\"Ver viatura\">Reservar<\/a><\/div><\/div>\t\t\t\t\t<\/div>\r\n\t\t\t\t\t<div class=\"col-xs-12 col-sm-6 col-md-7 pl-0\">\r\n\t\t\t\t\t\t<div class=\"car-rental-item-image-jd\"><img data-lazy=\"https:\/\/www.autosvalls.com\/pt\/wp-content\/uploads\/CarRentalGallery\/Yamaha-Delight-Valls-margen-alto.png\" title=\"Yamaha Delight 125cc\" alt=\"Yamaha Delight 125cc\"><\/div>\t\t\t\t\t<\/div>\r\n\t\t\t\t<\/div>\r\n\t\t\t\t\t\t\t<div class=\"row\">\r\n\t\t\t\t\t<div class=\"col-xs-12 col-sm-6 col-md-5 pr-0 pt-4\">\r\n\t\t\t\t\t\t<div class=\"car-rental-item-details\"><div class=\"huge\">Yamaha T-MAX 500cc<\/div><div class=\"big mb-8\"><\/div><div class=\"big mb-8\"><a class=\"button big\" href=\"https:\/\/www.autosvalls.com\/pt\/nossos-veculos\/alquiler-de-yamaha-t-max-en-menorca\/\" title=\"Ver viatura\">Reservar<\/a><\/div><\/div>\t\t\t\t\t<\/div>\r\n\t\t\t\t\t<div class=\"col-xs-12 col-sm-6 col-md-7 pl-0\">\r\n\t\t\t\t\t\t<div class=\"car-rental-item-image-jd\"><img data-lazy=\"https:\/\/www.autosvalls.com\/pt\/wp-content\/uploads\/CarRentalGallery\/1708969420_tmax.png\" title=\"Yamaha T-MAX 500cc\" alt=\"Yamaha T-MAX 500cc\"><\/div>\t\t\t\t\t<\/div>\r\n\t\t\t\t<\/div>\r\n\t\t\t\t\t<\/div>\r\n\t<\/div><\/div>[\/vc_column][\/vc_row][vc_row css=&#8221;.vc_custom_1611696339304{margin-bottom: 50px !important;}&#8221;][vc_column][vc_column_text css=&#8221;.vc_custom_1612980975229{margin-top: 10px !important;margin-bottom: 0px !important;}&#8221; el_class=&#8221;hug sc-c bold&#8221;]\n<h2 class=\"huge sc-c\">Alquiler Coche Menorca<\/h2>\n[\/vc_column_text][vc_row_inner equal_height=&#8221;yes&#8221; content_placement=&#8221;middle&#8221; gap=&#8221;10&#8243;][vc_column_inner width=&#8221;1\/4&#8243;][vc_column_text el_class=&#8221;text-center box_shadow big_border_radius pb-4&#8243;]<a href=\"https:\/\/www.autosvalls.com\/pt\/nuestros-coches\/fiat-500\/\"><img loading=\"lazy\" decoding=\"async\" class=\"size-full wp-image-4050 aligncenter\" src=\"https:\/\/www.autosvalls.com\/pt\/wp-content\/uploads\/sites\/7\/2021\/01\/fiat.jpg\" alt=\"Alquiler coche Menorca\" width=\"300\" height=\"200\" srcset=\"https:\/\/www.autosvalls.com\/pt\/wp-content\/uploads\/sites\/7\/2021\/01\/fiat.jpg 300w, https:\/\/www.autosvalls.com\/pt\/wp-content\/uploads\/sites\/7\/2021\/01\/fiat-150x100.jpg 150w\" sizes=\"auto, (max-width: 300px) 100vw, 300px\" \/>\n<span class=\"big bold\">Fiat 500<\/span><\/a>[\/vc_column_text][\/vc_column_inner][vc_column_inner width=&#8221;1\/4&#8243;][vc_column_text css=&#8221;&#8221; el_class=&#8221;text-center box_shadow big_border_radius pb-4&#8243;]<a href=\"https:\/\/www.autosvalls.com\/pt\/nuestros-coches\/alquiler-mercedes-cabrio-menorca\/\"><img loading=\"lazy\" decoding=\"async\" class=\"aligncenter size-full wp-image-34997\" src=\"https:\/\/www.autosvalls.com\/pt\/wp-content\/uploads\/sites\/7\/2024\/06\/Mercedes-Clase-E-Cabrio-e1719988510306.png\" alt=\"\" width=\"300\" height=\"200\" srcset=\"https:\/\/www.autosvalls.com\/pt\/wp-content\/uploads\/sites\/7\/2024\/06\/Mercedes-Clase-E-Cabrio-e1719988510306.png 300w, https:\/\/www.autosvalls.com\/pt\/wp-content\/uploads\/sites\/7\/2024\/06\/Mercedes-Clase-E-Cabrio-e1719988510306-150x100.png 150w\" sizes=\"auto, (max-width: 300px) 100vw, 300px\" \/>\n<span class=\"big bold\">Mercedes E Cabrio<\/span><\/a>[\/vc_column_text][\/vc_column_inner][vc_column_inner width=&#8221;1\/4&#8243;][vc_column_text el_class=&#8221;text-center box_shadow big_border_radius pb-4&#8243;]<a href=\"\/pt\/nuestros-coches\/citroen-c3-picasso\/\"><img loading=\"lazy\" decoding=\"async\" class=\"mb-0 wp-image-4065 size-full aligncenter\" src=\"https:\/\/www.autosvalls.com\/pt\/wp-content\/uploads\/sites\/7\/2021\/01\/picasso.jpg\" alt=\"Alquiler coche Menorca\" width=\"300\" height=\"212\" srcset=\"https:\/\/www.autosvalls.com\/pt\/wp-content\/uploads\/sites\/7\/2021\/01\/picasso.jpg 300w, https:\/\/www.autosvalls.com\/pt\/wp-content\/uploads\/sites\/7\/2021\/01\/picasso-142x100.jpg 142w\" sizes=\"auto, (max-width: 300px) 100vw, 300px\" \/>\n<span class=\"big bold\">Citro\u00e9n C3<\/span><\/a>[\/vc_column_text][\/vc_column_inner][vc_column_inner width=&#8221;1\/4&#8243;][vc_column_text el_class=&#8221;text-center box_shadow big_border_radius pb-4&#8243;]<a href=\"https:\/\/www.autosvalls.com\/pt\/nuestros-coches\/jeep-renegade\/\"><img loading=\"lazy\" decoding=\"async\" class=\"mb-0 wp-image-4064 size-full aligncenter\" src=\"https:\/\/www.autosvalls.com\/pt\/wp-content\/uploads\/sites\/7\/2021\/01\/jeep-1.jpg\" alt=\"Alquiler coche Menorca\" width=\"300\" height=\"199\" \/>\n<span class=\"big bold\">Jeep Renegade<\/span><\/a>[\/vc_column_text][\/vc_column_inner][\/vc_row_inner][\/vc_column][\/vc_row][vc_row][vc_column][vc_row_inner equal_height=&#8221;yes&#8221; content_placement=&#8221;middle&#8221; gap=&#8221;35&#8243;][vc_column_inner width=&#8221;1\/2&#8243;][vc_column_text css=&#8221;&#8221;]\n\n<header>\n<h1>Alquiler de Coches en Menorca con Autos Valls<\/h1>\n<\/header><section>\n<h2>Explora Menorca a Tu Ritmo<\/h2>\nTener un coche es la mejor manera de sumergirte en todo lo que Menorca tiene para ofrecer. Con nuestro servicio de alquiler, puedes recorrer la isla sin horarios, disfrutando cada parada a tu manera. Ya vengas con la familia, en plan amigos o en una escapada en pareja, te damos la libertad y comodidad que necesitas para moverte sin estr\u00e9s.\n\n<\/section><section>\n<h2>Alquiler Sin Franquicia y con Todo Incluido<\/h2>\n\u00bfQuieres alquilar un coche en Menorca sin complicaciones ni sorpresas? En Autos Valls te lo ponemos f\u00e1cil. Nuestras tarifas, competitivas y claras, incluyen seguro y kilometraje ilimitado, para que t\u00fa solo te concentres en disfrutar del camino.\n\n<\/section><section>\n<h2>Autos Valls Menorca: Experiencia y Cercan\u00eda<\/h2>\nCon m\u00e1s de 40 a\u00f1os de historia, somos una empresa local que apuesta por un trato cercano y un servicio de calidad. Nuestra amplia flota de coches, motos y scooters est\u00e1 preparada para adaptarse a cualquier tipo de viaje o aventura que tengas en mente, ya sea perderte en calas escondidas o acercarte a vivir la fiesta de Sant Joan como un menorqu\u00edn m\u00e1s.\n\nMuchos de nuestros clientes nos cuentan c\u00f3mo, gracias al coche, descubrieron rincones inesperados: como esa pareja de Barcelona que termin\u00f3 cenando al atardecer en Cala Morell, sin nadie m\u00e1s alrededor. Son esas peque\u00f1as historias las que nos motivan cada d\u00eda.\n\n<\/section><section>\n<h2>18 Oficinas en Menorca + Servicio en el Aeropuerto<\/h2>\nY para que empieces tu recorrido sin esperas, tenemos 18 oficinas ubicadas estrat\u00e9gicamente en puertos y hoteles clave de la isla. Adem\u00e1s, ofrecemos minib\u00fas gratuito para quienes alquilan en el servicio de\n<a title=\"Alquiler de coche en el Aeropuerto de Menorca\" href=\"https:\/\/www.autosvalls.com\/pt\/alquiler-de-coches-en\/aeropuerto-de-menorca\/\">\n<strong>Alquiler de Coche en el Aeropuerto de Menorca<\/strong><\/a>\n\nSolo elige el punto que m\u00e1s te convenga\u2026 y empieza tu aventura menorquina desde el primer momento.\n\n<\/section>\u00a0[\/vc_column_text][\/vc_column_inner][vc_column_inner el_class=&#8221;home-rent-images&#8221; width=&#8221;1\/2&#8243;][vc_single_image image=&#8221;34560&#8243; img_size=&#8221;large&#8221; alignment=&#8221;right&#8221; css_animation=&#8221;fadeInRight&#8221;][vc_single_image image=&#8221;34562&#8243; img_size=&#8221;large&#8221; css_animation=&#8221;fadeInRight&#8221; css=&#8221;.vc_custom_1707761276075{margin-top: -150px !important;margin-bottom: -150px !important;}&#8221;][vc_single_image image=&#8221;34558&#8243; img_size=&#8221;large&#8221; alignment=&#8221;right&#8221; css_animation=&#8221;fadeInRight&#8221;][\/vc_column_inner][\/vc_row_inner][\/vc_column][\/vc_row][vc_row css=&#8221;.vc_custom_1611444866742{padding-bottom: 32px !important;background-color: #f8f8f8 !important;}&#8221; el_class=&#8221;super_border_radius text-center box_shadow&#8221;][vc_column][vc_column_text css=&#8221;.vc_custom_1711533076483{margin-bottom: 50px !important;padding-top: 32px !important;}&#8221;]\n<h2 class=\"huge sc-c mb-0 mt-0\">Alquila tu Coche en Menorca en 3 Simples Pasos<\/h2>\n<span class=\"med\">La Forma M\u00e1s R\u00e1pida y Segura de Alquilar Tu Coche con Autos Menorca.<\/span>[\/vc_column_text][vc_column_text]\n<div class=\"row med\">\n<div class=\"col-xs-12 col-md-24 mb-12\">\n\n<img loading=\"lazy\" decoding=\"async\" class=\"big_border_radius box_shadow aligncenter wp-image-3911 mb-8\" src=\"\/pt\/wp-content\/uploads\/2024\/02\/icon-04a.png\" alt=\"Autos Menorca\" width=\"164\" height=\"164\" \/>\n<div class=\"sc-c bold\">Elige Tu Oficina<\/div>\n<p class=\"mt-2\">Disponemos de m\u00e1s de 18 oficinas a tu servicio.<\/p>\n\n<\/div>\n<div class=\"col-xs-12 col-md-14\"><\/div>\n<div class=\"col-xs-12 col-md-24 mb-12\">\n\n<img loading=\"lazy\" decoding=\"async\" class=\"big_border_radius box_shadow aligncenter wp-image-3911 mb-8\" src=\"\/pt\/wp-content\/uploads\/2024\/02\/icon-05a.png\" alt=\"Autos Menorca\" width=\"164\" height=\"164\" \/>\n<div class=\"sc-c bold\">Escoge Fecha y Hora<\/div>\n<p class=\"mt-2\">Tu veh\u00edculo listo cuando lo necesites.<\/p>\n\n<\/div>\n<div class=\"col-xs-12 col-md-14\"><\/div>\n<div class=\"col-xs-12 col-md-24 mb-12\">\n\n<img loading=\"lazy\" decoding=\"async\" class=\"big_border_radius box_shadow aligncenter wp-image-3911 mb-8\" src=\"\/pt\/wp-content\/uploads\/2024\/02\/icon-06a.png\" alt=\"Autos Menorca\" width=\"164\" height=\"164\" \/>\n<div class=\"sc-c bold\">Selecciona tu Coche<\/div>\n<p class=\"mt-2\">Recibe confirmaci\u00f3n directa en tu email, con todos los detalles de tu reserva.<\/p>\n\n<\/div>\n<\/div>\n<a class=\"button big\" href=\"\/pt\/#!page\">Reservar hora<\/a>[\/vc_column_text][\/vc_column][\/vc_row][vc_row equal_height=&#8221;yes&#8221; content_placement=&#8221;top&#8221;][vc_column][vc_column_text css=&#8221;.vc_custom_1719986689110{margin-bottom: 50px !important;padding-top: 32px !important;}&#8221; el_class=&#8221;text-center&#8221;]\n<h3 class=\"huge sc-c my-0\">\u00bfC\u00f3mo Funciona el Alquiler de Coches en Autos Menorca?<\/h3>\n<span class=\"med\">Somos la opci\u00f3n n\u00famero uno para alquilar coches en Autos Menorca.<\/span>\n\nAutos Menorca Aeropuerto de Menorca[\/vc_column_text][vc_row_inner][vc_column_inner width=&#8221;1\/2&#8243;][vc_column_text]\n<h4 class=\"mb-1\"><span class=\"success pr-1\">\u2714<\/span><strong>Selecciona la Duraci\u00f3n de tu Alquiler<\/strong><\/h4>\nDecide cu\u00e1nto tiempo deseas disfrutar explorando Menorca. Reserva tu veh\u00edculo de manera sencilla utilizando nuestra p\u00e1gina web, contact\u00e1ndonos por tel\u00e9fono o enviando un email. Comienza tu viaje con total comodidad.[\/vc_column_text][\/vc_column_inner][vc_column_inner width=&#8221;1\/2&#8243;][vc_column_text css=&#8221;&#8221;]\n<h4 class=\"mb-1\"><span class=\"success pr-1\">\u2714<\/span><strong>Elige tu Punto de Recogida<\/strong><\/h4>\nAlquiler de coches en Autos Menorca Con Autos Valls Rent a Car con la mayor red de puntos de recogida y devoluci\u00f3n distribuidos por toda la isla, Autos Valls Menorca te permite elegir la oficina m\u00e1s conveniente para ti. Disfruta de unas vacaciones sin complicaciones, comenzando con la recogida de tu coche en el lugar que mejor se ajuste a tus planes.[\/vc_column_text][\/vc_column_inner][\/vc_row_inner][vc_row_inner][vc_column_inner width=&#8221;1\/2&#8243;][vc_column_text]\n<h4 class=\"mb-1\"><span class=\"success pr-1\">\u2714<\/span><strong>Selecciona tu Coche Ideal<\/strong><\/h4>\nNuestra extensa flota de veh\u00edculos de alquiler en Menorca te ofrece la libertad de escoger el coche perfecto que se ajuste tanto a tus necesidades como a tu presupuesto. Encuentra el modelo ideal para hacer de tu viaje una experiencia inolvidable.[\/vc_column_text][\/vc_column_inner][vc_column_inner width=&#8221;1\/2&#8243;][vc_column_text]\n<h4 class=\"mb-1\"><span class=\"success pr-1\">\u2714<\/span><strong>Finaliza tu Pago y Disfruta<\/strong><\/h4>\nFinaliza el proceso de alquiler de tu coche en Menorca de forma sencilla y segura a trav\u00e9s de nuestra p\u00e1gina web, utilizando tarjeta de cr\u00e9dito o d\u00e9bito. Tambi\u00e9n aceptamos pagos mediante transferencia o en efectivo. Una vez completado, estar\u00e1s listo para disfrutar al m\u00e1ximo de la isla con el coche de alquiler perfecto para ti.[\/vc_column_text][\/vc_column_inner][\/vc_row_inner][\/vc_column][\/vc_row][vc_row equal_height=&#8221;yes&#8221; content_placement=&#8221;top&#8221;][vc_column][vc_column_text css=&#8221;.vc_custom_1707756654683{margin-bottom: 50px !important;padding-top: 32px !important;}&#8221; el_class=&#8221;text-center&#8221;]\n<h3 class=\"huge sc-c my-0\">\u00bfPor Qu\u00e9 Elegir Menorca para tu Alquiler de Coches?<\/h3>\n<span class=\"med\">L\u00edderes en Alquiler de Coches en Menorca.<\/span>[\/vc_column_text][vc_row_inner][vc_column_inner width=&#8221;1\/2&#8243;][vc_column_text]\n<h4 class=\"mb-1\"><span class=\"success pr-1\">\u2714<\/span><strong>Tarifas Claras, Sin Sorpresas<\/strong><\/h4>\nEn Autos Valls, la claridad y la transparencia son fundamentales. Por eso, en nuestro servicio de alquiler de coches en Menorca, aseguramos que todas las tarifas sean transparentes, sin cargos ocultos ni sorpresas en los t\u00e9rminos y condiciones. Queremos que disfrutes de tu viaje con la mayor tranquilidad.[\/vc_column_text][\/vc_column_inner][vc_column_inner width=&#8221;1\/2&#8243;][vc_column_text]\n<h4 class=\"mb-1\"><span class=\"success pr-1\">\u2714<\/span><strong>Tarifa Todo Incluido para tu Tranquilidad<\/strong><\/h4>\nNuestras tarifas de alquiler de coches econ\u00f3micos en Menorca incluyen todo lo que necesitas para una experiencia sin preocupaciones: seguro de responsabilidad civil, seguro contra robo, asistencia en carretera, kilometraje ilimitado y todas las tasas aplicables. Con nuestras tarifas todo incluido, tu \u00fanica preocupaci\u00f3n ser\u00e1 disfrutar al m\u00e1ximo de tus d\u00edas en la isla.[\/vc_column_text][\/vc_column_inner][\/vc_row_inner][vc_row_inner][vc_column_inner width=&#8221;1\/2&#8243;][vc_column_text]\n<h4 class=\"mb-1\"><span class=\"success pr-1\">\u2714<\/span><strong>Beneficios para Residentes y Clientes Frecuentes<\/strong><\/h4>\nEn Autos Valls, apreciamos la lealtad de nuestros clientes. Es por eso que ofrecemos descuentos especiales para los residentes de la isla y para aquellos que nos eligen repetidamente para sus necesidades de alquiler. Si tienes una vivienda en Menorca o has alquilado con nosotros en dos ocasiones, cont\u00e1ctanos para disfrutar de un descuento exclusivo. \u00a1Valoramos tu fidelidad![\/vc_column_text][\/vc_column_inner][vc_column_inner width=&#8221;1\/2&#8243;][vc_column_text]\n<h4 class=\"mb-1\"><span class=\"success pr-1\">\u2714<\/span><strong>Salta las Colas con Click&amp;Go<\/strong><\/h4>\nPara maximizar tu tiempo de disfrute en Menorca, Autos Valls te brinda el servicio Click&amp;Go. Este sistema est\u00e1 dise\u00f1ado para acelerar el proceso de recogida de tu veh\u00edculo. Completa los tr\u00e1mites necesarios en l\u00ednea antes de tu llegada y, una vez en la isla, simplemente recoge las llaves. \u00a1[\/vc_column_text][\/vc_column_inner][\/vc_row_inner][vc_row_inner][vc_column_inner width=&#8221;1\/2&#8243;][vc_column_text]\n<h4 class=\"mb-1\"><span class=\"success pr-1\">\u2714<\/span><strong>Beneficios de Alquilar con Autos Valls<\/strong><\/h4>\nAl reservar tu coche con Autos Valls, eliges una empresa 100% menorquina. A diferencia de agencias, brokers o comparadores de precios, te liberas de cargos por modificaciones o cancelaciones debido a cambios o cancelaciones de vuelos, as\u00ed como de seguros innecesarios. Reserva directamente con una empresa local que promueve el comercio local y disfruta de Menorca con la mayor libertad y tranquilidad.[\/vc_column_text][\/vc_column_inner][vc_column_inner width=&#8221;1\/2&#8243;][vc_column_text]\n<h4 class=\"mb-1\"><span class=\"success pr-1\">\u2714<\/span><strong>Flexibilidad en el Pago de tu Alquiler<\/strong><\/h4>\nEn Autos Valls, te ofrecemos diversas opciones para el pago del alquiler de tu coche o moto. Ya sea en efectivo, mediante transferencia bancaria, con tarjeta de d\u00e9bito, cr\u00e9dito o incluso Bitcoins, t\u00fa tienes el control de elegir el m\u00e9todo de pago que m\u00e1s te convenga. Disfruta de la m\u00e1xima comodidad y flexibilidad al planificar tu viaje.[\/vc_column_text][\/vc_column_inner][\/vc_row_inner][\/vc_column][\/vc_row][vc_row css=&#8221;.vc_custom_1611443741577{margin-top: 50px !important;padding-bottom: 25px !important;background-color: #f8f8f8 !important;}&#8221; el_class=&#8221;super_border_radius text-center box_shadow&#8221;][vc_column width=&#8221;1\/4&#8243; css=&#8221;.vc_custom_1611447788643{padding-top: 0px !important;}&#8221;][\/vc_column][vc_column width=&#8221;1\/2&#8243;][vc_column_text css=&#8221;.vc_custom_1707756888310{margin-bottom: 50px !important;padding-top: 32px !important;}&#8221;]\n<h4 class=\"huge sc-c my-2\">La Diferencia Est\u00e1 en los Peque\u00f1os Detalles<\/h4>\n<span class=\"med\">Nuestro compromiso, responsabilidad, implicaci\u00f3n y actitud positiva nos definen.<\/span>[\/vc_column_text][\/vc_column][vc_column width=&#8221;1\/4&#8243; css=&#8221;.vc_custom_1611447793944{padding-top: 0px !important;}&#8221;][\/vc_column][\/vc_row][vc_row equal_height=&#8221;yes&#8221; content_placement=&#8221;top&#8221;][vc_column][vc_column_text]\n<h4 class=\"mb-1\"><span class=\"success pr-1\">\u2714<\/span> Servicio Minib\u00fas Aeropuerto Gratis.<\/h4>\nAl aterrizar en Menorca, ser\u00e1s recibido por el equipo de Autos Valls en el punto de encuentro del Parking P1 del Aeropuerto de Menorca. En menos de 10 minutos, estar\u00e1s en camino para recoger tu veh\u00edculo de alquiler, listo para comenzar tus vacaciones en la isla.\n\nCon nuestro servicio de <strong><a href=\"https:\/\/www.autosvalls.com\/pt\/alquiler-de-coches-en\/aeropuerto-de-menorca\/\">alquiler de coches en el aeropuerto de Menorca<\/a><\/strong>, te aseguramos una experiencia sin esperas. Completa los datos del conductor online al hacer tu reserva y, al llegar, solo tendr\u00e1s que firmar para empezar a disfrutar de Menorca. Nuestro equipo, altamente cualificado y profesional, te ofrecer\u00e1 un servicio de primera, asesor\u00e1ndote sobre c\u00f3mo llegar a tu destino. L\u00edderes en alquiler de coches, motos, minibuses y scooters en Menorca, nos esforzamos por brindarte la mejor atenci\u00f3n al cliente y precios competitivos.[\/vc_column_text][\/vc_column][\/vc_row][vc_row css=&#8221;.vc_custom_1611446667990{margin-top: 50px !important;padding-bottom: 25px !important;background-color: #f8f8f8 !important;}&#8221; el_class=&#8221;super_border_radius box_shadow&#8221;][vc_column width=&#8221;1\/12&#8243; el_class=&#8221;home-rent-images&#8221; css=&#8221;.vc_custom_1611447734089{padding-top: 0px !important;}&#8221;][\/vc_column][vc_column width=&#8221;5\/6&#8243; css=&#8221;.vc_custom_1611447895836{padding-top: 16px !important;padding-bottom: 32px !important;}&#8221;][vc_row_inner equal_height=&#8221;yes&#8221; content_placement=&#8221;middle&#8221; gap=&#8221;35&#8243;][vc_column_inner el_class=&#8221;home-rent-images&#8221; width=&#8221;1\/2&#8243; css=&#8221;.vc_custom_1611447565940{padding-top: 32px !important;}&#8221;][vc_single_image image=&#8221;34566&#8243; css_animation=&#8221;fadeInLeft&#8221;][vc_single_image image=&#8221;34564&#8243; alignment=&#8221;right&#8221; css_animation=&#8221;fadeInLeft&#8221; css=&#8221;.vc_custom_1707761404655{margin-top: -150px !important;margin-bottom: 0px !important;}&#8221;][\/vc_column_inner][vc_column_inner width=&#8221;1\/2&#8243; css=&#8221;.vc_custom_1611447982466{padding-bottom: 0px !important;}&#8221;][vc_column_text css=&#8221;.vc_custom_1715494648089{margin-bottom: 0px !important;padding-top: 32px !important;}&#8221;]\n<div class=\"huge sc-c\"><strong>Keyless Car Rental<\/strong> Menorca<\/div>\n<p class=\"mt-2 med\">Olv\u00eddate de las esperas y traslados innecesarios. Con el innovador servicio de <a href=\"https:\/\/www.autosvalls.com\/pt\/mi-cuenta\/\"><strong>Check-in Click &amp; Go<\/strong><\/a> de Valls Rent a Car, recoge y devuelve tu coche de alquiler en Menorca de la forma m\u00e1s eficiente.<\/p>\n\n<ul>\n \t<li>\n<p class=\"mt-2 med\">Servicio Premium Personalizado.<\/p>\n<\/li>\n \t<li>\n<p class=\"mt-2 med\">R\u00e1pido, Seguro y Sin Contacto<\/p>\n<\/li>\n \t<li>\n<p class=\"mt-2 med\"><strong>Keyless Car Rental<\/strong><\/p>\n<\/li>\n \t<li>\n<p class=\"mt-2 med\"><a href=\"https:\/\/www.autosvalls.com\/pt\/mi-cuenta\/\">Completa tus datos en l\u00ednea y Recolecta las llaves &amp; Go.<\/a><\/p>\n<\/li>\n<\/ul>\n[\/vc_column_text][\/vc_column_inner][\/vc_row_inner][\/vc_column][vc_column width=&#8221;1\/12&#8243;][\/vc_column][\/vc_row][vc_row css=&#8221;.vc_custom_1621965550206{margin-top: 50px !important;}&#8221; el_class=&#8221;text-center&#8221;][vc_column width=&#8221;1\/4&#8243; css=&#8221;.vc_custom_1611447788643{padding-top: 0px !important;}&#8221;][\/vc_column][vc_column width=&#8221;1\/2&#8243;][vc_column_text css=&#8221;.vc_custom_1707842989817{margin-bottom: 50px !important;padding-top: 32px !important;}&#8221;]\n<div class=\"huge sc-c\">Qu\u00e9 Hacer en Menorca<\/div>\n<span class=\"med grey\">Explora los destinos m\u00e1s ic\u00f3nicos de la isla.<\/span>[\/vc_column_text][\/vc_column][vc_column width=&#8221;1\/4&#8243; css=&#8221;.vc_custom_1611447793944{padding-top: 0px !important;}&#8221;][\/vc_column][\/vc_row][vc_row][vc_column][vc_column_text el_class=&#8221;encabezados&#8221;]\n<h2>Alquiler Coche Menorca<\/h2>\n<div class=\"line\"><\/div>\n[\/vc_column_text][vc_basic_grid post_type=&#8221;post&#8221; max_items=&#8221;3&#8243; orderby=&#8221;rand&#8221; item=&#8221;1158&#8243; grid_id=&#8221;vc_gid:1747550286707-1035953a-dd48-4&#8243;][vc_btn title=&#8221;Ver todas las publicaciones&#8221; style=&#8221;button&#8221; shape=&#8221;theme&#8221; color=&#8221;theme&#8221; size=&#8221;theme&#8221; align=&#8221;center&#8221; link=&#8221;url:https%3A%2F%2Fwww.autosvalls.com%2Fblog%2F|title:Blog&#8221;][\/vc_column][\/vc_row][vc_row css=&#8221;.vc_custom_1611448157971{margin-top: 50px !important;padding-bottom: 25px !important;}&#8221; el_class=&#8221;text-center&#8221;][vc_column css=&#8221;.vc_custom_1611447788643{padding-top: 0px !important;}&#8221;][vc_row_inner][vc_column_inner width=&#8221;1\/4&#8243;][\/vc_column_inner][vc_column_inner width=&#8221;1\/2&#8243;][vc_column_text css=&#8221;.vc_custom_1707757145413{margin-bottom: 50px !important;padding-top: 32px !important;}&#8221;]\n<div class=\"huge sc-c\">Testimonios<\/div>\n<span class=\"med\">Lo que nuestros clientes dicen sobre nosotros.<\/span>[\/vc_column_text][\/vc_column_inner][vc_column_inner width=&#8221;1\/4&#8243;][\/vc_column_inner][\/vc_row_inner][vc_column_text]<div class=\"wprevpro-shortcode-wrapper\"><\/div>[\/vc_column_text][\/vc_column][\/vc_row][vc_row el_class=&#8221;text-center&#8221; css=&#8221;.vc_custom_1611441381003{margin-top: 50px !important;}&#8221;][vc_column][vc_column_text css=&#8221;.vc_custom_1711536141882{margin-bottom: 50px !important;padding-top: 32px !important;}&#8221;]\n<div class=\"huge sc-c\">Nuestras Oficinas<\/div>\n<span class=\"med\">Descubre nuestras <a href=\"https:\/\/goo.gl\/maps\/cjHK9cJmxSuKB4YL9\" target=\"_blank\" rel=\"noopener\">18 oficinas<\/a> distribuidas por toda la costa de Menorca.<\/span>[\/vc_column_text][vc_gmaps link=&#8221;#E-8_JTNDaWZyYW1lJTIwdGl0bGUlM0QlMjJPZmljaW5hcyUyMEF1dG9zJTIwVmFsbHMlMjIlMjBzcmMlM0QlMjJodHRwcyUzQSUyRiUyRnd3dy5nb29nbGUuY29tJTJGbWFwcyUyRmVtYmVkJTNGcGIlM0QlMjExbTEyJTIxMW04JTIxMW0zJTIxMWQxOTU3NTYuMTg2NDAxMDY4NTIlMjEyZDQuMDcxNzg5OTIxMDMxNzIyJTIxM2QzOS45NDgzMTQwOTg2MzYzOSUyMTNtMiUyMTFpMTAyNCUyMTJpNzY4JTIxNGYxMy4xJTIxMm0xJTIxMXNhdXRvcyUyNTIwdmFsbHMlMjUyMG1lbm9yY2ElMjE1ZTAlMjEzbTIlMjExc2VuJTIxMnNlcyUyMTR2MTYxMTQ0MjA2MzYzNCUyMTVtMiUyMTFzZW4lMjEyc2VzJTIyJTIwd2lkdGglM0QlMjI2MDAlMjIlMjBoZWlnaHQlM0QlMjI0NTAlMjIlMjBmcmFtZWJvcmRlciUzRCUyMjAlMjIlMjBzdHlsZSUzRCUyMmJvcmRlciUzQTAlM0IlMjIlMjBhbGxvd2Z1bGxzY3JlZW4lM0QlMjIlMjIlMjBhcmlhLWhpZGRlbiUzRCUyMmZhbHNlJTIyJTIwdGFiaW5kZXglM0QlMjIwJTIyJTNFJTNDJTJGaWZyYW1lJTNF&#8221; size=&#8221;450&#8243; css=&#8221;.vc_custom_1612895222553{margin-bottom: 0px !important;}&#8221; el_class=&#8221;home-map super_border_radius&#8221;][\/vc_column][\/vc_row][vc_row css=&#8221;.vc_custom_1613328433072{margin-top: 50px !important;margin-bottom: 50px !important;padding-bottom: 25px !important;background-color: #f8f8f8 !important;}&#8221; el_class=&#8221;super_border_radius text-center box_shadow&#8221;][vc_column width=&#8221;1\/4&#8243; css=&#8221;.vc_custom_1611447788643{padding-top: 0px !important;}&#8221;][\/vc_column][vc_column width=&#8221;1\/2&#8243;][vc_column_text css=&#8221;.vc_custom_1707757209581{margin-bottom: 50px !important;padding-top: 32px !important;}&#8221;]\n<div class=\"huge sc-c\">Reserva desde tu Tel\u00e9fono<\/div>\n<p class=\"med\">Un operador est\u00e1 listo para atenderte.<\/p>\n<p class=\"mt-8 med\"><a class=\"button big\" href=\"tel:+34971573740\">+34 971 573 740<\/a><\/p>\n[\/vc_column_text][\/vc_column][vc_column width=&#8221;1\/4&#8243; css=&#8221;.vc_custom_1611447793944{padding-top: 0px !important;}&#8221;][\/vc_column][\/vc_row]<\/div>","protected":false},"excerpt":{"rendered":"[vc_row full_width=&quot;stretch_row&quot; full_height=&quot;yes&quot; content_placement=&quot;bottom&quot; css=&quot;.vc_custom_1707759881853{margin-top: -40px !important;background-image: url(https:\/\/www.autosvalls.com\/pt\/wp-content\/uploads\/sites\/7\/2024\/02\/01-fondo-scaled-1.jpg?id=34543 !important;background-position: center !important;background-repeat: no-repeat !important;background-size: cover !important;}&quot; el_class=&quot;home-master&quot;][vc_column css=&quot;.vc_custom_1616088060901{margin-top: 150px !important;padding-top: 15px !important;padding-right: 0px !important;padding-bottom: 15px !important;padding-left: 0px !important;background-color: rgba(255,255,255,0.82) !important;*background-color: rgb(255,255,255) !important;border-radius: 10px !important;}&quot; offset=&quot;vc_col-lg-12 vc_col-md-12&quot;][\/vc_column][\/vc_row][vc_row css=&quot;.vc_custom_1611445168304{margin-top: 50px !important;}&quot;][vc_column][vc_column_text] Tu Viaje Ideal con Autos Menorca [\/vc_column_text][vc_column_text] Especialistas en Alquiler de Coches y Motos en Menorca Con [&hellip;]","protected":false},"author":1,"featured_media":34718,"parent":0,"menu_order":0,"comment_status":"closed","ping_status":"closed","template":"homepage.php","meta":{"footnotes":""},"class_list":["post-34297","page","type-page","status-publish","has-post-thumbnail","hentry"],"_links":{"self":[{"href":"https:\/\/www.autosvalls.com\/pt\/wp-json\/wp\/v2\/pages\/34297","targetHints":{"allow":["GET"]}}],"collection":[{"href":"https:\/\/www.autosvalls.com\/pt\/wp-json\/wp\/v2\/pages"}],"about":[{"href":"https:\/\/www.autosvalls.com\/pt\/wp-json\/wp\/v2\/types\/page"}],"author":[{"embeddable":true,"href":"https:\/\/www.autosvalls.com\/pt\/wp-json\/wp\/v2\/users\/1"}],"replies":[{"embeddable":true,"href":"https:\/\/www.autosvalls.com\/pt\/wp-json\/wp\/v2\/comments?post=34297"}],"version-history":[{"count":0,"href":"https:\/\/www.autosvalls.com\/pt\/wp-json\/wp\/v2\/pages\/34297\/revisions"}],"wp:featuredmedia":[{"embeddable":true,"href":"https:\/\/www.autosvalls.com\/pt\/wp-json\/wp\/v2\/media\/34718"}],"wp:attachment":[{"href":"https:\/\/www.autosvalls.com\/pt\/wp-json\/wp\/v2\/media?parent=34297"}],"curies":[{"name":"wp","href":"https:\/\/api.w.org\/{rel}","templated":true}]}}