{"id":2017,"date":"2024-02-13T13:02:23","date_gmt":"2024-02-13T12:02:23","guid":{"rendered":"https:\/\/www.autosvalls.com\/it\/?page_id=2017"},"modified":"2024-05-27T17:32:40","modified_gmt":"2024-05-27T15:32:40","slug":"autos-minorca","status":"publish","type":"page","link":"https:\/\/www.autosvalls.com\/it\/autos-minorca\/","title":{"rendered":"Autos Minorca"},"content":{"rendered":"<div class=\"wpb-content-wrapper\">[vc_row full_width=&#8221;stretch_row&#8221; full_height=&#8221;yes&#8221; content_placement=&#8221;bottom&#8221; css=&#8221;.vc_custom_1707759881853{margin-top: -40px !important;background-image: url(https:\/\/www.autosvalls.com\/wp-content\/uploads\/2024\/02\/01-fondo-scaled.jpg?id=34543) !important;background-position: center !important;background-repeat: no-repeat !important;background-size: cover !important;}&#8221; el_class=&#8221;home-master&#8221;][vc_column css=&#8221;.vc_custom_1616088060901{margin-top: 150px !important;padding-top: 15px !important;padding-right: 0px !important;padding-bottom: 15px !important;padding-left: 0px !important;background-color: rgba(255,255,255,0.82) !important;*background-color: rgb(255,255,255) !important;border-radius: 10px !important;}&#8221; offset=&#8221;vc_col-lg-12 vc_col-md-12&#8243;]<div class=\"fancy-title vc_custom_1707854577116 wpb_animate_when_almost_visible wpb_fadeIn fadeIn align_left\"><h1 class=\"vc_underline_title vc_title secondary_color\">Esplora Minorca con Autos Menorca<\/h1><\/div><div id=\"search18621\"><form id=\"formElem\" name=\"formElem\" action=\"\" method=\"post\" class=\"limit_width px-5\">\r\n\t<div class=\"search_form_row step1 inline_form\" id=\"search_form_jd\">\r\n\t\t<div class=\"row\">\r\n\t\t\t<div class=\"col-xs-12 col-sm-6\">\r\n\t\t\t\t<div class=\"row search-details-jd\">\r\n\t\t\t\t\t<div class=\"col-xs-12 col-lg-6\">\r\n\t\t\t\t\t\t<div class=\"form-group\">\r\n\t\t\t\t\t\t\t<i class=\"fa fa-map-marker-alt absolute mt-4 secondary_color\"><\/i>\r\n\t\t\t\t\t\t\t<select name=\"pickup_location_id\" class=\"form-control pickup-location form_title\" id=\"pickup_location_id\">\r\n\t\t\t\t\t\t\t\t<option value=\"0\">Selezionare<\/option><option value=\"79\">Aeroporto di Minorca - Curniola, 32<\/option><option value=\"96\">Arenal den Castell - Via dei Negozi Coves Noves<\/option><option value=\"80\">Binibeca - Via Commerciale Locale 1<\/option><option value=\"83\">Cala Galdana - C.Comercial Serpentona.<\/option><option value=\"101\">Calan Bosch - C. comercial Calan Bosch<\/option><option value=\"81\">Grupotel Mar De Menorca - C. comercial Mar de Menorca<\/option><option value=\"85\">Hotel Cala Galdana<\/option><option value=\"88\">Mahon Centro - Plaza Espa\u00f1a, 13<\/option><option value=\"90\">Playas de Fornells - C. comercial, Local 4.<\/option><option value=\"91\">Porto Mahon - Moll de Ponent 23<\/option><option value=\"92\">Punta Prima - Carrer Mestral n\u00ba 3<\/option><option value=\"93\">Son Bou - Milanos Ping\u00fcinos - Royal Son Bou - C. Comercial Son Bou<\/option><option value=\"94\">Son Bou - San Jaime - Torre Soli - C. Comercial San Jaime<\/option><option value=\"95\">Son Parc - Vial del Arenal 3<\/option>\t\t\t\t\t\t\t<\/select>\r\n\t\t\t\t\t\t\t<label for=\"pickup_location_id\" class=\"filled\">\r\n\t\t\t\t\t\t\t\tLuogo di ritiro\t\t\t\t\t\t\t<\/label>\r\n\t\t\t\t\t\t<\/div>\r\n\t\t\t\t\t<\/div>\r\n\t\t\t\t\t<div class=\"col-xs-12 col-md-6 col-lg-3\">\r\n\t\t\t\t\t\t<div class=\"form-group\">\r\n\t\t\t\t\t\t\t<i class=\"fa fa-calendar absolute mt-4 secondary_color\"><\/i>\r\n\t\t\t\t\t\t\t<input type=\"text\" name=\"pickup_date\" id=\"pickup_date\" required\r\n\t\t\t\t\t\t\t\t   value=\"01\/05\/2026\"\r\n\t\t\t\t\t\t\t\t   placeholder=\"\"\r\n\t\t\t\t\t\t\t\t   class=\"pickup-date form_title ml-1 no_translate\"\r\n\t\t\t\t\t\t\t\t   readonly=\"readonly\" AUTOCOMPLETE=\"off\"\/>\r\n\t\t\t\t\t\t\t<label for=\"pickup_date\" class=\"filled\">\r\n\t\t\t\t\t\t\t\tData\t\t\t\t\t\t\t<\/label>\r\n\t\t\t\t\t\t<\/div>\r\n\t\t\t\t\t<\/div>\r\n\t\t\t\t\t<div class=\"col-xs-12 col-md-6 col-lg-3\">\r\n\t\t\t\t\t\t<div class=\"form-group\">\r\n\t\t\t\t\t\t\t<i class=\"fa fa-clock-o absolute mt-4 secondary_color\"><\/i>\r\n\t\t\t\t\t\t\t<select name=\"pickup_time\" class=\"form-control pickup-time form_title\" id=\"pickup_time\">\r\n\t\t\t\t\t\t\t\t<option value=\"00:00:00\">00:00<\/option><option value=\"00:30:00\">00:30<\/option><option value=\"01:00:00\">01:00<\/option><option value=\"01:30:00\">01:30<\/option><option value=\"02:00:00\">02:00<\/option><option value=\"02:30:00\">02:30<\/option><option value=\"03:00:00\">03:00<\/option><option value=\"03:30:00\">03:30<\/option><option value=\"04:00:00\">04:00<\/option><option value=\"04:30:00\">04:30<\/option><option value=\"05:00:00\">05:00<\/option><option value=\"05:30:00\">05:30<\/option><option value=\"06:00:00\">06:00<\/option><option value=\"06:30:00\">06:30<\/option><option value=\"07:00:00\">07:00<\/option><option value=\"07:30:00\">07:30<\/option><option value=\"08:00:00\">08:00<\/option><option value=\"08:30:00\">08:30<\/option><option value=\"09:00:00\">09:00<\/option><option value=\"09:30:00\">09:30<\/option><option value=\"10:00:00\" selected=\"selected\">10:00<\/option><option value=\"10:30:00\">10:30<\/option><option value=\"11:00:00\">11:00<\/option><option value=\"11:30:00\">11:30<\/option><option value=\"12:00:00\">12:00<\/option><option value=\"12:30:00\">12:30<\/option><option value=\"13:00:00\">13:00<\/option><option value=\"13:30:00\">13:30<\/option><option value=\"14:00:00\">14:00<\/option><option value=\"14:30:00\">14:30<\/option><option value=\"15:00:00\">15:00<\/option><option value=\"15:30:00\">15:30<\/option><option value=\"16:00:00\">16:00<\/option><option value=\"16:30:00\">16:30<\/option><option value=\"17:00:00\">17:00<\/option><option value=\"17:30:00\">17:30<\/option><option value=\"18:00:00\">18:00<\/option><option value=\"18:30:00\">18:30<\/option><option value=\"19:00:00\">19:00<\/option><option value=\"19:30:00\">19:30<\/option><option value=\"20:00:00\">20:00<\/option><option value=\"20:30:00\">20:30<\/option><option value=\"21:00:00\">21:00<\/option><option value=\"21:30:00\">21:30<\/option><option value=\"22:00:00\">22:00<\/option><option value=\"22:30:00\">22:30<\/option><option value=\"23:00:00\">23:00<\/option><option value=\"23:30:00\">23:30<\/option>\t\t\t\t\t\t\t<\/select>\r\n\t\t\t\t\t\t\t<label for=\"pickup_time\" class=\"filled\">\r\n\t\t\t\t\t\t\t\tOra\t\t\t\t\t\t\t<\/label>\r\n\t\t\t\t\t\t<\/div>\r\n\t\t\t\t\t<\/div>\r\n\t\t\t\t<\/div>\r\n\t\t\t<\/div>\r\n\t\t\t<div class=\"col-xs-12 col-sm-6\">\r\n\t\t\t\t<div class=\"row search-details-jd\">\r\n\t\t\t\t\t<div class=\"col-xs-12 col-lg-6\">\r\n\t\t\t\t\t\t<div class=\"form-group\">\r\n\t\t\t\t\t\t\t<i class=\"fa fa-map-marker-alt absolute mt-4 secondary_color\"><\/i>\r\n\t\t\t\t\t\t\t<select name=\"return_location_id\" class=\"form-control return-location form_title\" id=\"return_location_id\">\r\n\t\t\t\t\t\t\t\t<option value=\"0\">Selezionare<\/option><option value=\"79\">Aeroporto di Minorca - Curniola, 32<\/option><option value=\"96\">Arenal den Castell - Via dei Negozi Coves Noves<\/option><option value=\"80\">Binibeca - Via Commerciale Locale 1<\/option><option value=\"83\">Cala Galdana - C.Comercial Serpentona.<\/option><option value=\"101\">Calan Bosch - C. comercial Calan Bosch<\/option><option value=\"81\">Grupotel Mar De Menorca - C. comercial Mar de Menorca<\/option><option value=\"85\">Hotel Cala Galdana<\/option><option value=\"88\">Mahon Centro - Plaza Espa\u00f1a, 13<\/option><option value=\"90\">Playas de Fornells - C. comercial, Local 4.<\/option><option value=\"91\">Porto Mahon - Moll de Ponent 23<\/option><option value=\"92\">Punta Prima - Carrer Mestral n\u00ba 3<\/option><option value=\"93\">Son Bou - Milanos Ping\u00fcinos - Royal Son Bou - C. Comercial Son Bou<\/option><option value=\"94\">Son Bou - San Jaime - Torre Soli - C. Comercial San Jaime<\/option><option value=\"95\">Son Parc - Vial del Arenal 3<\/option>\t\t\t\t\t\t\t<\/select>\r\n\t\t\t\t\t\t\t<label for=\"return_location_id\" class=\"filled\">\r\n\t\t\t\t\t\t\t\tLuogo di riconsegna\t\t\t\t\t\t\t<\/label>\r\n\t\t\t\t\t\t<\/div>\r\n\t\t\t\t\t<\/div>\r\n\t\t\t\t\t<div class=\"col-xs-12 col-md-6 col-lg-3\">\r\n\t\t\t\t\t\t<div class=\"form-group\">\r\n\t\t\t\t\t\t\t<i class=\"fa fa-calendar absolute mt-4 secondary_color\"><\/i>\r\n\t\t\t\t\t\t\t<input type=\"text\" name=\"return_date\" id=\"return_date\" required\r\n\t\t\t\t\t\t\t\t   value=\"08\/05\/2026\"\r\n\t\t\t\t\t\t\t\t   placeholder=\"\"\r\n\t\t\t\t\t\t\t\t   class=\"return-date form_title ml-1 no_translate\"\r\n\t\t\t\t\t\t\t\t   readonly=\"readonly\" AUTOCOMPLETE=\"off\"\/>\r\n\t\t\t\t\t\t\t<label for=\"return_date\" class=\"filled\">\r\n\t\t\t\t\t\t\t\tData\t\t\t\t\t\t\t<\/label>\r\n\t\t\t\t\t\t<\/div>\r\n\t\t\t\t\t<\/div>\r\n\t\t\t\t\t<div class=\"col-xs-12 col-md-6 col-lg-3\">\r\n\t\t\t\t\t\t<div class=\"form-group\">\r\n\t\t\t\t\t\t\t<i class=\"fa fa-clock-o absolute mt-4 secondary_color\"><\/i>\r\n\t\t\t\t\t\t\t<select name=\"return_time\" class=\"form-control pickup-time form_title\" id=\"return_time\">\r\n\t\t\t\t\t\t\t\t<option value=\"00:00:00\">00:00<\/option><option value=\"00:30:00\">00:30<\/option><option value=\"01:00:00\">01:00<\/option><option value=\"01:30:00\">01:30<\/option><option value=\"02:00:00\">02:00<\/option><option value=\"02:30:00\">02:30<\/option><option value=\"03:00:00\">03:00<\/option><option value=\"03:30:00\">03:30<\/option><option value=\"04:00:00\">04:00<\/option><option value=\"04:30:00\">04:30<\/option><option value=\"05:00:00\">05:00<\/option><option value=\"05:30:00\">05:30<\/option><option value=\"06:00:00\">06:00<\/option><option value=\"06:30:00\">06:30<\/option><option value=\"07:00:00\">07:00<\/option><option value=\"07:30:00\">07:30<\/option><option value=\"08:00:00\">08:00<\/option><option value=\"08:30:00\">08:30<\/option><option value=\"09:00:00\">09:00<\/option><option value=\"09:30:00\">09:30<\/option><option value=\"10:00:00\" selected=\"selected\">10:00<\/option><option value=\"10:30:00\">10:30<\/option><option value=\"11:00:00\">11:00<\/option><option value=\"11:30:00\">11:30<\/option><option value=\"12:00:00\">12:00<\/option><option value=\"12:30:00\">12:30<\/option><option value=\"13:00:00\">13:00<\/option><option value=\"13:30:00\">13:30<\/option><option value=\"14:00:00\">14:00<\/option><option value=\"14:30:00\">14:30<\/option><option value=\"15:00:00\">15:00<\/option><option value=\"15:30:00\">15:30<\/option><option value=\"16:00:00\">16:00<\/option><option value=\"16:30:00\">16:30<\/option><option value=\"17:00:00\">17:00<\/option><option value=\"17:30:00\">17:30<\/option><option value=\"18:00:00\">18:00<\/option><option value=\"18:30:00\">18:30<\/option><option value=\"19:00:00\">19:00<\/option><option value=\"19:30:00\">19:30<\/option><option value=\"20:00:00\">20:00<\/option><option value=\"20:30:00\">20:30<\/option><option value=\"21:00:00\">21:00<\/option><option value=\"21:30:00\">21:30<\/option><option value=\"22:00:00\">22:00<\/option><option value=\"22:30:00\">22:30<\/option><option value=\"23:00:00\">23:00<\/option><option value=\"23:30:00\">23:30<\/option>\t\t\t\t\t\t\t<\/select>\r\n\t\t\t\t\t\t\t<label for=\"return_time\" class=\"filled\">\r\n\t\t\t\t\t\t\t\tOra\t\t\t\t\t\t\t<\/label>\r\n\t\t\t\t\t\t<\/div>\r\n\t\t\t\t\t<\/div>\r\n\t\t\t\t<\/div>\r\n\t\t\t<\/div>\r\n\t\t<\/div>\r\n\t\t<div class=\"row search-details-jd\">\r\n\t\t\t\t\t\t\t<div class=\"col-xs-12 col-sm-6 col-md-4 col-lg-3\">\r\n\t\t\t\t\t<div class=\"form-group\">\r\n\t\t\t\t\t\t<i class=\"fa fa-user absolute mt-4 secondary_color\"><\/i>\r\n\t\t\t\t\t\t<select name=\"driver_age\" class=\"form-control form_title\" id=\"driver_age\" required>\r\n\t\t\t\t\t\t\t<option value=\"\">Selezionare<\/option>\r\n\t\t\t\t\t\t\t<option value=\"20\" >18-20<\/option>\r\n\t\t\t\t\t\t\t<option value=\"21\" >21<\/option>\r\n\t\t\t\t\t\t\t<option value=\"22\" >22<\/option>\r\n\t\t\t\t\t\t\t<option value=\"23\" >23<\/option>\r\n\t\t\t\t\t\t\t<option value=\"24\" >24<\/option>\r\n\t\t\t\t\t\t\t<option value=\"25\" >25<\/option>\r\n\t\t\t\t\t\t\t<option value=\"27\" >26-27<\/option>\r\n\t\t\t\t\t\t\t<option value=\"80\" >28-80<\/option>\r\n\t\t\t\t\t\t<\/select>\r\n\t\t\t\t\t\t<label for=\"driver_age\" class=\"filled\">\r\n\t\t\t\t\t\t\tEt\u00e0 del conducente\t\t\t\t\t\t<\/label>\r\n\t\t\t\t\t<\/div>\r\n\t\t\t\t<\/div>\r\n\t\t\t\t<div class=\"col-xs-12 col-sm-6 col-md-4 col-lg-3\">\r\n\t\t\t\t\t<div class=\"form-group\">\r\n\t\t\t\t\t\t<i class=\"fa fa-ticket-alt absolute mt-4 secondary_color\"><\/i>\r\n\t\t\t\t\t\t<input type=\"text\" name=\"coupon_code\" class=\"form-control form_title pl-7\" value=\"\"\/>\r\n\t\t\t\t\t\t<label for=\"driver_age\" class=\"filled\">\r\n\t\t\t\t\t\t\tCoupon\t\t\t\t\t\t<\/label>\r\n\t\t\t\t\t<\/div>\r\n\t\t\t\t<\/div>\r\n\t\t\t\t\t\t<div class=\"col-xs-12 col-md-4 col-lg-3 float_right search-submit-js\">\r\n\t\t\t\t<input type=\"hidden\" name=\"car_rental_came_from_step1\" value=\"yes\"\/>\r\n\t\t\t\t\t\t\t\t\t<input type=\"submit\" name=\"car_rental_do_search\" value=\"Prenota\" class=\"car-rental-do-search car-rental-do-search-jd search-form-submit button\" onClick=\"ga('send', 'event', 'Car Rental', 'Click', '1. Search for all cars');\" \/>\t\t\t\t\t\t\t<\/div>\r\n\t\t<\/div>\r\n\t<\/div>\r\n<\/form>\r\n<script type=\"text\/javascript\">\r\n    var autoFocus = '1';\r\n    var locationsS2 = '';\r\n    var durationS2 = '1';\r\n    var priceType = '1';\r\n    var returnLocation = '1';\r\n    var returnDate = '1';\r\n    var NRS_SELECT_BOOKING_DATE_TEXT = 'Data:';\r\n\r\n    jQuery(document).ready(function () {\r\n        var options = {};\r\n        options.useDatePicker = '1';\r\n        options.unavailableDates = [];\r\n        options.autoFocus = autoFocus;\r\n        options.timeMode = 'regular';\r\n        options.minimumBookingPeriodInseconds = '0';\r\n        options.nrsDateFormat = 'dd\/mm\/yy';\r\n        options.firstDay = '1';\r\n        options.locationsS2 = locationsS2;\r\n        options.filtersS2 = '';\r\n        options.durationS2 = durationS2;\r\n        options.priceType = priceType;\r\n        options.returnLocation = returnLocation;\r\n        options.returnDate = returnDate;\r\n        options.minDate = '0';\r\n        options.existingBookingCodeVisible = '';\r\n        options.couponCodeRequired = '';\r\n        options.pickupLocationRequired = '1';\r\n        options.returnLocationRequired = '1';\r\n        options.pickupDateRequired = '1';\r\n        options.returnDateRequired = '1';\r\n        options.timeFormat = 'H:i';\r\n        options.NRS_SELECT_BOOKING_DATE_TEXT = NRS_SELECT_BOOKING_DATE_TEXT;\r\n        options.NRS_I_HAVE_BOOKING_CODE_TEXT = \"Ho un numero prenotazione:\";\r\n        options.NRS_COUPON_CODE_ALERT_TEXT = \"Please enter coupon code!\";\r\n        options.NRS_PICKUP_LOCATION_ALERT_TEXT = \"Per favore selezione il luogo del ritiro!\";\r\n        options.NRS_RETURN_LOCATION_ALERT_TEXT = \"Per favore selezione il luogo per la riconsegna!\";\r\n        options.NRS_PICKUP_DATE_ALERT_TEXT = \"Per favore inserisci la data di ritiro!\";\r\n        options.NRS_RETURN_DATE_ALERT_TEXT = \"Per favore inserisci la data riconsegna!\";\r\n        options.NRS_BOOKING_PERIOD_ALERT_TEXT = \"Per favore inserisci la data Check Out!\";\r\n        options.NRS_MINUTES_TEXT = \"minuti\";\r\n        options.NRS_HOURS_TEXT = \"orario\";\r\n        options.NRS_ERROR_MINIMUM_NUMBER_OF_NIGHT_SHOULD_NOT_BE_LESS_THAN_TEXT = \"Il numero minimo di notti non deve essere inferiore a\";\r\n        options.NRS_ERROR_PLEASE_MODIFY_YOUR_SEARCH_CRITERIA_TEXT = \"Si prega di modificare i criteri di ricerca.\";\r\n        step1.init(options);\r\n    });    \/\/ Customs\r\n    jQuery('.pickup-location').change(function () {\r\n        var returnLocation = jQuery('.return-location');\r\n        if (returnLocation.val() === '0') {\r\n            returnLocation.val(this.value).trigger('change');\r\n        }\r\n    });\r\n    jQuery(document).ready(function () {\r\n        jQuery('.pickup-date').on('blur', function () {\r\n            setTimeout(function () {\r\n                var pickupParts = jQuery('.pickup-date').val().split(\"\/\");\r\n                var pickupDate = new Date(pickupParts[1] + \"\/\" + pickupParts[0] + \"\/\" + pickupParts[2]);\r\n\r\n                var returnField = jQuery('.return-date');\r\n                var returnParts = returnField.val().split(\"\/\");\r\n                var returnTimestamp = new Date(returnParts[1] + \"\/\" + returnParts[0] + \"\/\" + returnParts[2]).getTime();\r\n\r\n                if (returnTimestamp <= pickupDate.getTime()) {\r\n                    var suggestedReturnTime = new Date(pickupDate.getTime() + (86400 * 3 * 1000));\r\n                    var dd = String(suggestedReturnTime.getDate()).padStart(2, '0');\r\n                    var mm = String(suggestedReturnTime.getMonth() + 1).padStart(2, '0'); \/\/January is 0!\r\n                    var yyyy = suggestedReturnTime.getFullYear();\r\n\r\n                    returnField.val(dd + '\/' + mm + '\/' + yyyy).trigger('change');\r\n                }\r\n            }, 100);\r\n        });\r\n    });\r\n<\/script><\/div>[\/vc_column][\/vc_row][vc_row css=&#8221;.vc_custom_1611445168304{margin-top: 50px !important;}&#8221;][vc_column][vc_column_text]\r\n<h2 class=\"text-center\">Il Tuo Viaggio Ideale con Autos Menorca<\/h2>\r\n[\/vc_column_text][vc_column_text]\r\n<div class=\"row med text-center\">\r\n<div class=\"col-xs-12 col-sm-4 mb-12\">\r\n\r\n<img decoding=\"async\" class=\"big_border_radius box_shadow aligncenter wp-image-3911 mb-8\" src=\"\/wp-content\/uploads\/2024\/02\/icon-01a.png\" alt=\"Auto Minorca\" width=\"164\" height=\"164\" \/>\r\n<div class=\"pr-c bold\">Specialisti in Noleggio di Auto e Moto a Minorca<\/div>\r\n<p class=\"mt-2\">Con oltre 30 anni di esperienza, Autos Valls si distingue nel settore del noleggio di auto e moto a Minorca.<\/p>\r\n\r\n<\/div>\r\n<div class=\"col-xs-12 col-sm-4 mb-12\">\r\n\r\n<img decoding=\"async\" class=\"big_border_radius box_shadow aligncenter wp-image-3911 mb-8\" src=\"\/wp-content\/uploads\/2024\/02\/icon-02a.png\" alt=\"Auto Minorca\" width=\"164\" height=\"164\" \/>\r\n<div class=\"pr-c bold\">Tutto Incluso da Soli 25 \u20ac\/Giorno<\/div>\r\n<p class=\"mt-2\">A partire da soli 25 \u20ac al giorno, offriamo una vasta selezione di auto a noleggio a Minorca a prezzi economici.<\/p>\r\n\r\n<\/div>\r\n<div class=\"col-xs-12 col-sm-4 mb-12\">\r\n\r\n<img decoding=\"async\" class=\"big_border_radius box_shadow aligncenter wp-image-3911 mb-8\" src=\"\/wp-content\/uploads\/2024\/02\/icon-03a.png\" alt=\"Auto Minorca\" width=\"164\" height=\"164\" \/>\r\n<div class=\"pr-c bold\">Copertura Completa sull&#8217;Isola<\/div>\r\n<p class=\"mt-2\">Disponiamo di numerosi punti di ritiro e consegna in tutta Minorca, offrendo un servizio di noleggio auto comodo e accessibile.<\/p>\r\n\r\n<\/div>\r\n<\/div>\r\n[\/vc_column_text][\/vc_column][\/vc_row][vc_row css=&#8221;.vc_custom_1612307983902{margin-top: 50px !important;margin-bottom: 120px !important;}&#8221;][vc_column el_class=&#8221;white text-center valls_shape_back home-main-slider box_shadow&#8221;][vc_column_text css_animation=&#8221;none&#8221; css=&#8221;.vc_custom_1707854713637{padding-top: 22px !important;}&#8221;]\r\n<div class=\"huge\">Esplora Minorca su Ruote<\/div>\r\n<div class=\"med\">Il Miglior Noleggio Auto a Portata di Mano<\/div>\r\n[\/vc_column_text]<div id=\"cars-slider79805\" class=\"vc_custom_1613560821391 \"><div class=\"car-rental-slider car-rental-loading\">\r\n\t\t\t<div class=\"responsive-cars-slider\">\r\n\t\t\t\t\t\t\t<div class=\"row\">\r\n\t\t\t\t\t<div class=\"col-xs-12 col-sm-6 col-md-5 pr-0 pt-4\">\r\n\t\t\t\t\t\t<div class=\"car-rental-item-details\"><div class=\"huge\">Audi A3 Cabrio<\/div><div class=\"big mb-8\"><\/div><div class=\"big mb-8\"><a class=\"button big\" href=\"https:\/\/www.autosvalls.com\/it\/le-nostre-auto\/autonoleggio-a-minorca-audi-a3-cabrio\/\" title=\"Visualizza vettura\">Prenota<\/a><\/div><\/div>\t\t\t\t\t<\/div>\r\n\t\t\t\t\t<div class=\"col-xs-12 col-sm-6 col-md-7 pl-0\">\r\n\t\t\t\t\t\t<div class=\"car-rental-item-image-jd\"><img data-lazy=\"https:\/\/www.autosvalls.com\/it\/wp-content\/uploads\/CarRentalGallery\/Audi-A3-Cabrio-Margen-bajo.png\" title=\"Audi A3 Cabrio\" alt=\"Audi A3 Cabrio\"><\/div>\t\t\t\t\t<\/div>\r\n\t\t\t\t<\/div>\r\n\t\t\t\t\t\t\t<div class=\"row\">\r\n\t\t\t\t\t<div class=\"col-xs-12 col-sm-6 col-md-5 pr-0 pt-4\">\r\n\t\t\t\t\t\t<div class=\"car-rental-item-details\"><div class=\"huge\">Audi Q2<\/div><div class=\"big mb-8\"><\/div><div class=\"big mb-8\"><a class=\"button big\" href=\"https:\/\/www.autosvalls.com\/it\/le-nostre-auto\/audi-q2\/\" title=\"Visualizza vettura\">Prenota<\/a><\/div><\/div>\t\t\t\t\t<\/div>\r\n\t\t\t\t\t<div class=\"col-xs-12 col-sm-6 col-md-7 pl-0\">\r\n\t\t\t\t\t\t<div class=\"car-rental-item-image-jd\"><img data-lazy=\"https:\/\/www.autosvalls.com\/it\/wp-content\/uploads\/CarRentalGallery\/Audi-Q2.png\" title=\"Audi Q2\" alt=\"Audi Q2\"><\/div>\t\t\t\t\t<\/div>\r\n\t\t\t\t<\/div>\r\n\t\t\t\t\t\t\t<div class=\"row\">\r\n\t\t\t\t\t<div class=\"col-xs-12 col-sm-6 col-md-5 pr-0 pt-4\">\r\n\t\t\t\t\t\t<div class=\"car-rental-item-details\"><div class=\"huge\">Citroen C3 Automatica<\/div><div class=\"big mb-8\"><\/div><div class=\"big mb-8\"><a class=\"button big\" href=\"https:\/\/www.autosvalls.com\/it\/le-nostre-auto\/citroen-c3-automatica\/\" title=\"Visualizza vettura\">Prenota<\/a><\/div><\/div>\t\t\t\t\t<\/div>\r\n\t\t\t\t\t<div class=\"col-xs-12 col-sm-6 col-md-7 pl-0\">\r\n\t\t\t\t\t\t<div class=\"car-rental-item-image-jd\"><img data-lazy=\"https:\/\/www.autosvalls.com\/it\/wp-content\/uploads\/CarRentalGallery\/1679565016_C3-2022.png\" title=\"Citroen C3 Automatica\" alt=\"Citroen C3 Automatica\"><\/div>\t\t\t\t\t<\/div>\r\n\t\t\t\t<\/div>\r\n\t\t\t\t\t\t\t<div class=\"row\">\r\n\t\t\t\t\t<div class=\"col-xs-12 col-sm-6 col-md-5 pr-0 pt-4\">\r\n\t\t\t\t\t\t<div class=\"car-rental-item-details\"><div class=\"huge\">Fiat 500<\/div><div class=\"big mb-8\"><\/div><div class=\"big mb-8\"><a class=\"button big\" href=\"https:\/\/www.autosvalls.com\/it\/le-nostre-auto\/autonoleggio-minorca-fiat-500\/\" title=\"Visualizza vettura\">Prenota<\/a><\/div><\/div>\t\t\t\t\t<\/div>\r\n\t\t\t\t\t<div class=\"col-xs-12 col-sm-6 col-md-7 pl-0\">\r\n\t\t\t\t\t\t<div class=\"car-rental-item-image-jd\"><img data-lazy=\"https:\/\/www.autosvalls.com\/it\/wp-content\/uploads\/CarRentalGallery\/Fiat-500-margen-largo.png\" title=\"Fiat 500\" alt=\"Fiat 500\"><\/div>\t\t\t\t\t<\/div>\r\n\t\t\t\t<\/div>\r\n\t\t\t\t\t\t\t<div class=\"row\">\r\n\t\t\t\t\t<div class=\"col-xs-12 col-sm-6 col-md-5 pr-0 pt-4\">\r\n\t\t\t\t\t\t<div class=\"car-rental-item-details\"><div class=\"huge\">Fiat 500 Elettrico<\/div><div class=\"big mb-8\"><\/div><div class=\"big mb-8\"><a class=\"button big\" href=\"https:\/\/www.autosvalls.com\/it\/le-nostre-auto\/fiat-500-electrico\/\" title=\"Visualizza vettura\">Prenota<\/a><\/div><\/div>\t\t\t\t\t<\/div>\r\n\t\t\t\t\t<div class=\"col-xs-12 col-sm-6 col-md-7 pl-0\">\r\n\t\t\t\t\t\t<div class=\"car-rental-item-image-jd\"><img data-lazy=\"https:\/\/www.autosvalls.com\/it\/wp-content\/uploads\/CarRentalGallery\/1620319471_Fiat-500-Electrico.png\" title=\"Fiat 500 Elettrico\" alt=\"Fiat 500 Elettrico\"><\/div>\t\t\t\t\t<\/div>\r\n\t\t\t\t<\/div>\r\n\t\t\t\t\t\t\t<div class=\"row\">\r\n\t\t\t\t\t<div class=\"col-xs-12 col-sm-6 col-md-5 pr-0 pt-4\">\r\n\t\t\t\t\t\t<div class=\"car-rental-item-details\"><div class=\"huge\">Fiat New Panda<\/div><div class=\"big mb-8\"><\/div><div class=\"big mb-8\"><a class=\"button big\" href=\"https:\/\/www.autosvalls.com\/it\/le-nostre-auto\/autonoleggio-minorca-fiat-new-panda\/\" title=\"Visualizza vettura\">Prenota<\/a><\/div><\/div>\t\t\t\t\t<\/div>\r\n\t\t\t\t\t<div class=\"col-xs-12 col-sm-6 col-md-7 pl-0\">\r\n\t\t\t\t\t\t<div class=\"car-rental-item-image-jd\"><img data-lazy=\"https:\/\/www.autosvalls.com\/it\/wp-content\/uploads\/CarRentalGallery\/Fiat-Panda-margen-largo.png\" title=\"Fiat New Panda\" alt=\"Fiat New Panda\"><\/div>\t\t\t\t\t<\/div>\r\n\t\t\t\t<\/div>\r\n\t\t\t\t\t\t\t<div class=\"row\">\r\n\t\t\t\t\t<div class=\"col-xs-12 col-sm-6 col-md-5 pr-0 pt-4\">\r\n\t\t\t\t\t\t<div class=\"car-rental-item-details\"><div class=\"huge\">Honda CB 500cc<\/div><div class=\"big mb-8\"><\/div><div class=\"big mb-8\"><a class=\"button big\" href=\"https:\/\/www.autosvalls.com\/it\/le-nostre-auto\/honda-cb500x-500cc\/\" title=\"Visualizza vettura\">Prenota<\/a><\/div><\/div>\t\t\t\t\t<\/div>\r\n\t\t\t\t\t<div class=\"col-xs-12 col-sm-6 col-md-7 pl-0\">\r\n\t\t\t\t\t\t<div class=\"car-rental-item-image-jd\"><img data-lazy=\"https:\/\/www.autosvalls.com\/it\/wp-content\/uploads\/CarRentalGallery\/1709575687_Honda-CB-500cc.png\" title=\"Honda CB 500cc\" alt=\"Honda CB 500cc\"><\/div>\t\t\t\t\t<\/div>\r\n\t\t\t\t<\/div>\r\n\t\t\t\t\t\t\t<div class=\"row\">\r\n\t\t\t\t\t<div class=\"col-xs-12 col-sm-6 col-md-5 pr-0 pt-4\">\r\n\t\t\t\t\t\t<div class=\"car-rental-item-details\"><div class=\"huge\">Honda Forza 350cc<\/div><div class=\"big mb-8\"><\/div><div class=\"big mb-8\"><a class=\"button big\" href=\"https:\/\/www.autosvalls.com\/it\/le-nostre-auto\/honda-forza-350\/\" title=\"Visualizza vettura\">Prenota<\/a><\/div><\/div>\t\t\t\t\t<\/div>\r\n\t\t\t\t\t<div class=\"col-xs-12 col-sm-6 col-md-7 pl-0\">\r\n\t\t\t\t\t\t<div class=\"car-rental-item-image-jd\"><img data-lazy=\"https:\/\/www.autosvalls.com\/it\/wp-content\/uploads\/CarRentalGallery\/1709575715_forza-350.png\" title=\"Honda Forza 350cc\" alt=\"Honda Forza 350cc\"><\/div>\t\t\t\t\t<\/div>\r\n\t\t\t\t<\/div>\r\n\t\t\t\t\t\t\t<div class=\"row\">\r\n\t\t\t\t\t<div class=\"col-xs-12 col-sm-6 col-md-5 pr-0 pt-4\">\r\n\t\t\t\t\t\t<div class=\"car-rental-item-details\"><div class=\"huge\">Honda SH 125cc o similar<\/div><div class=\"big mb-8\"><\/div><div class=\"big mb-8\"><a class=\"button big\" href=\"https:\/\/www.autosvalls.com\/it\/le-nostre-auto\/honda-scoopy-sh-125cc\/\" title=\"Visualizza vettura\">Prenota<\/a><\/div><\/div>\t\t\t\t\t<\/div>\r\n\t\t\t\t\t<div class=\"col-xs-12 col-sm-6 col-md-7 pl-0\">\r\n\t\t\t\t\t\t<div class=\"car-rental-item-image-jd\"><img data-lazy=\"https:\/\/www.autosvalls.com\/it\/wp-content\/uploads\/CarRentalGallery\/1709575783_Honda-SH125.png\" title=\"Honda SH 125cc o similar\" alt=\"Honda SH 125cc o similar\"><\/div>\t\t\t\t\t<\/div>\r\n\t\t\t\t<\/div>\r\n\t\t\t\t\t\t\t<div class=\"row\">\r\n\t\t\t\t\t<div class=\"col-xs-12 col-sm-6 col-md-5 pr-0 pt-4\">\r\n\t\t\t\t\t\t<div class=\"car-rental-item-details\"><div class=\"huge\">Honda SH-350cc<\/div><div class=\"big mb-8\">Da <span class=\"huge\">22<\/span>&euro; \/ giorno<\/div><div class=\"big mb-8\"><a class=\"button big\" href=\"https:\/\/www.autosvalls.com\/it\/le-nostre-auto\/honda-sh-350i\/\" title=\"Visualizza vettura\">Prenota<\/a><\/div><\/div>\t\t\t\t\t<\/div>\r\n\t\t\t\t\t<div class=\"col-xs-12 col-sm-6 col-md-7 pl-0\">\r\n\t\t\t\t\t\t<div class=\"car-rental-item-image-jd\"><img data-lazy=\"https:\/\/www.autosvalls.com\/it\/wp-content\/uploads\/CarRentalGallery\/Honda-Sh350.png\" title=\"Honda SH-350cc\" alt=\"Honda SH-350cc\"><\/div>\t\t\t\t\t<\/div>\r\n\t\t\t\t<\/div>\r\n\t\t\t\t\t\t\t<div class=\"row\">\r\n\t\t\t\t\t<div class=\"col-xs-12 col-sm-6 col-md-5 pr-0 pt-4\">\r\n\t\t\t\t\t\t<div class=\"car-rental-item-details\"><div class=\"huge\">Honda Vision 125cc<\/div><div class=\"big mb-8\"><\/div><div class=\"big mb-8\"><a class=\"button big\" href=\"https:\/\/www.autosvalls.com\/it\/le-nostre-auto\/honda-new-vision\/\" title=\"Visualizza vettura\">Prenota<\/a><\/div><\/div>\t\t\t\t\t<\/div>\r\n\t\t\t\t\t<div class=\"col-xs-12 col-sm-6 col-md-7 pl-0\">\r\n\t\t\t\t\t\t<div class=\"car-rental-item-image-jd\"><img data-lazy=\"https:\/\/www.autosvalls.com\/it\/wp-content\/uploads\/CarRentalGallery\/Honda-Visiont-margen-alto.png\" title=\"Honda Vision 125cc\" alt=\"Honda Vision 125cc\"><\/div>\t\t\t\t\t<\/div>\r\n\t\t\t\t<\/div>\r\n\t\t\t\t\t\t\t<div class=\"row\">\r\n\t\t\t\t\t<div class=\"col-xs-12 col-sm-6 col-md-5 pr-0 pt-4\">\r\n\t\t\t\t\t\t<div class=\"car-rental-item-details\"><div class=\"huge\">Jeep Renegade Automatico<\/div><div class=\"big mb-8\">Da <span class=\"huge\">40<\/span>&euro; \/ giorno<\/div><div class=\"big mb-8\"><a class=\"button big\" href=\"https:\/\/www.autosvalls.com\/it\/le-nostre-auto\/jeep-renegade-automatico\/\" title=\"Visualizza vettura\">Prenota<\/a><\/div><\/div>\t\t\t\t\t<\/div>\r\n\t\t\t\t\t<div class=\"col-xs-12 col-sm-6 col-md-7 pl-0\">\r\n\t\t\t\t\t\t<div class=\"car-rental-item-image-jd\"><img data-lazy=\"https:\/\/www.autosvalls.com\/it\/wp-content\/uploads\/CarRentalGallery\/1646758675_Jeep-Renegade-Automatico.png\" title=\"Jeep Renegade Automatico\" alt=\"Jeep Renegade Automatico\"><\/div>\t\t\t\t\t<\/div>\r\n\t\t\t\t<\/div>\r\n\t\t\t\t\t\t\t<div class=\"row\">\r\n\t\t\t\t\t<div class=\"col-xs-12 col-sm-6 col-md-5 pr-0 pt-4\">\r\n\t\t\t\t\t\t<div class=\"car-rental-item-details\"><div class=\"huge\">KIA Stonic<\/div><div class=\"big mb-8\"><\/div><div class=\"big mb-8\"><a class=\"button big\" href=\"https:\/\/www.autosvalls.com\/it\/le-nostre-auto\/kia-stonic\/\" title=\"Visualizza vettura\">Prenota<\/a><\/div><\/div>\t\t\t\t\t<\/div>\r\n\t\t\t\t\t<div class=\"col-xs-12 col-sm-6 col-md-7 pl-0\">\r\n\t\t\t\t\t\t<div class=\"car-rental-item-image-jd\"><img data-lazy=\"https:\/\/www.autosvalls.com\/it\/wp-content\/uploads\/CarRentalGallery\/1716191301_stonic-autos-valls-menorca-2.webp\" title=\"KIA Stonic\" alt=\"KIA Stonic\"><\/div>\t\t\t\t\t<\/div>\r\n\t\t\t\t<\/div>\r\n\t\t\t\t\t\t\t<div class=\"row\">\r\n\t\t\t\t\t<div class=\"col-xs-12 col-sm-6 col-md-5 pr-0 pt-4\">\r\n\t\t\t\t\t\t<div class=\"car-rental-item-details\"><div class=\"huge\">KIA Stonic Fiat Tipo o simil<\/div><div class=\"big mb-8\">Da <span class=\"huge\">20<\/span>&euro; \/ giorno<\/div><div class=\"big mb-8\"><a class=\"button big\" href=\"https:\/\/www.autosvalls.com\/it\/le-nostre-auto\/kia-stonic\/\" title=\"Visualizza vettura\">Prenota<\/a><\/div><\/div>\t\t\t\t\t<\/div>\r\n\t\t\t\t\t<div class=\"col-xs-12 col-sm-6 col-md-7 pl-0\">\r\n\t\t\t\t\t\t<div class=\"car-rental-item-image-jd\"><img data-lazy=\"https:\/\/www.autosvalls.com\/it\/wp-content\/uploads\/CarRentalGallery\/Fiat-Tipo-001.png\" title=\"KIA Stonic Fiat Tipo o simil\" alt=\"KIA Stonic Fiat Tipo o simil\"><\/div>\t\t\t\t\t<\/div>\r\n\t\t\t\t<\/div>\r\n\t\t\t\t\t\t\t<div class=\"row\">\r\n\t\t\t\t\t<div class=\"col-xs-12 col-sm-6 col-md-5 pr-0 pt-4\">\r\n\t\t\t\t\t\t<div class=\"car-rental-item-details\"><div class=\"huge\">Mercedes Vito<\/div><div class=\"big mb-8\"><\/div><div class=\"big mb-8\"><a class=\"button big\" href=\"https:\/\/www.autosvalls.com\/it\/le-nostre-auto\/mercedes-vito\/\" title=\"Visualizza vettura\">Prenota<\/a><\/div><\/div>\t\t\t\t\t<\/div>\r\n\t\t\t\t\t<div class=\"col-xs-12 col-sm-6 col-md-7 pl-0\">\r\n\t\t\t\t\t\t<div class=\"car-rental-item-image-jd\"><img data-lazy=\"https:\/\/www.autosvalls.com\/it\/wp-content\/uploads\/CarRentalGallery\/1715676607_Mercedes-Vito.png\" title=\"Mercedes Vito\" alt=\"Mercedes Vito\"><\/div>\t\t\t\t\t<\/div>\r\n\t\t\t\t<\/div>\r\n\t\t\t\t\t\t\t<div class=\"row\">\r\n\t\t\t\t\t<div class=\"col-xs-12 col-sm-6 col-md-5 pr-0 pt-4\">\r\n\t\t\t\t\t\t<div class=\"car-rental-item-details\"><div class=\"huge\">Nissan NV200 7 posti<\/div><div class=\"big mb-8\">Da <span class=\"huge\">35<\/span>&euro; \/ giorno<\/div><div class=\"big mb-8\"><a class=\"button big\" href=\"https:\/\/www.autosvalls.com\/it\/le-nostre-auto\/nissan-nv200-7-posti\/\" title=\"Visualizza vettura\">Prenota<\/a><\/div><\/div>\t\t\t\t\t<\/div>\r\n\t\t\t\t\t<div class=\"col-xs-12 col-sm-6 col-md-7 pl-0\">\r\n\t\t\t\t\t\t<div class=\"car-rental-item-image-jd\"><img data-lazy=\"https:\/\/www.autosvalls.com\/it\/wp-content\/uploads\/CarRentalGallery\/Nissan-NV200-margen-largo.png\" title=\"Nissan NV200 7 posti\" alt=\"Nissan NV200 7 posti\"><\/div>\t\t\t\t\t<\/div>\r\n\t\t\t\t<\/div>\r\n\t\t\t\t\t\t\t<div class=\"row\">\r\n\t\t\t\t\t<div class=\"col-xs-12 col-sm-6 col-md-5 pr-0 pt-4\">\r\n\t\t\t\t\t\t<div class=\"car-rental-item-details\"><div class=\"huge\">Opel Corsa o simile<\/div><div class=\"big mb-8\"><\/div><div class=\"big mb-8\"><a class=\"button big\" href=\"https:\/\/www.autosvalls.com\/it\/le-nostre-auto\/autonoleggio-minorca-opel-corsa\/\" title=\"Visualizza vettura\">Prenota<\/a><\/div><\/div>\t\t\t\t\t<\/div>\r\n\t\t\t\t\t<div class=\"col-xs-12 col-sm-6 col-md-7 pl-0\">\r\n\t\t\t\t\t\t<div class=\"car-rental-item-image-jd\"><img data-lazy=\"https:\/\/www.autosvalls.com\/it\/wp-content\/uploads\/CarRentalGallery\/1709575395_Opel-Corsa.png\" title=\"Opel Corsa o simile\" alt=\"Opel Corsa o simile\"><\/div>\t\t\t\t\t<\/div>\r\n\t\t\t\t<\/div>\r\n\t\t\t\t\t\t\t<div class=\"row\">\r\n\t\t\t\t\t<div class=\"col-xs-12 col-sm-6 col-md-5 pr-0 pt-4\">\r\n\t\t\t\t\t\t<div class=\"car-rental-item-details\"><div class=\"huge\">Toyota Prius<\/div><div class=\"big mb-8\">Da <span class=\"huge\">32<\/span>&euro; \/ giorno<\/div><div class=\"big mb-8\"><a class=\"button big\" href=\"https:\/\/www.autosvalls.com\/it\/le-nostre-auto\/toyota-prius\/\" title=\"Visualizza vettura\">Prenota<\/a><\/div><\/div>\t\t\t\t\t<\/div>\r\n\t\t\t\t\t<div class=\"col-xs-12 col-sm-6 col-md-7 pl-0\">\r\n\t\t\t\t\t\t<div class=\"car-rental-item-image-jd\"><img data-lazy=\"https:\/\/www.autosvalls.com\/it\/wp-content\/uploads\/CarRentalGallery\/Toyota-Prius-margen-alto.png\" title=\"Toyota Prius\" alt=\"Toyota Prius\"><\/div>\t\t\t\t\t<\/div>\r\n\t\t\t\t<\/div>\r\n\t\t\t\t\t\t\t<div class=\"row\">\r\n\t\t\t\t\t<div class=\"col-xs-12 col-sm-6 col-md-5 pr-0 pt-4\">\r\n\t\t\t\t\t\t<div class=\"car-rental-item-details\"><div class=\"huge\">Toyota Proace 9 posti<\/div><div class=\"big mb-8\">Da <span class=\"huge\">45<\/span>&euro; \/ giorno<\/div><div class=\"big mb-8\"><a class=\"button big\" href=\"https:\/\/www.autosvalls.com\/it\/le-nostre-auto\/nissan-primastar\/\" title=\"Visualizza vettura\">Prenota<\/a><\/div><\/div>\t\t\t\t\t<\/div>\r\n\t\t\t\t\t<div class=\"col-xs-12 col-sm-6 col-md-7 pl-0\">\r\n\t\t\t\t\t\t<div class=\"car-rental-item-image-jd\"><img data-lazy=\"https:\/\/www.autosvalls.com\/it\/wp-content\/uploads\/CarRentalGallery\/1709575434_toyota.png\" title=\"Toyota Proace 9 posti\" alt=\"Toyota Proace 9 posti\"><\/div>\t\t\t\t\t<\/div>\r\n\t\t\t\t<\/div>\r\n\t\t\t\t\t\t\t<div class=\"row\">\r\n\t\t\t\t\t<div class=\"col-xs-12 col-sm-6 col-md-5 pr-0 pt-4\">\r\n\t\t\t\t\t\t<div class=\"car-rental-item-details\"><div class=\"huge\">Volkswagen Beetle Cabrio<\/div><div class=\"big mb-8\">Da <span class=\"huge\">50<\/span>&euro; \/ giorno<\/div><div class=\"big mb-8\"><a class=\"button big\" href=\"https:\/\/www.autosvalls.com\/it\/le-nostre-auto\/volkswagen-new-beetle\/\" title=\"Visualizza vettura\">Prenota<\/a><\/div><\/div>\t\t\t\t\t<\/div>\r\n\t\t\t\t\t<div class=\"col-xs-12 col-sm-6 col-md-7 pl-0\">\r\n\t\t\t\t\t\t<div class=\"car-rental-item-image-jd\"><img data-lazy=\"https:\/\/www.autosvalls.com\/it\/wp-content\/uploads\/CarRentalGallery\/VW-Beetle-margen-largo.png\" title=\"Volkswagen Beetle Cabrio\" alt=\"Volkswagen Beetle Cabrio\"><\/div>\t\t\t\t\t<\/div>\r\n\t\t\t\t<\/div>\r\n\t\t\t\t\t<\/div>\r\n\t<\/div><\/div>[\/vc_column][\/vc_row][vc_row css=&#8221;.vc_custom_1611696339304{margin-bottom: 50px !important;}&#8221;][vc_column][vc_column_text el_class=&#8221;hug sc-c bold&#8221; css=&#8221;.vc_custom_1707854736597{margin-top: 10px !important;margin-bottom: 0px !important;}&#8221;]\r\n<h2 class=\"huge sc-c\">Noleggio Auto Minorca<\/h2>\r\n[\/vc_column_text][vc_row_inner equal_height=&#8221;yes&#8221; content_placement=&#8221;middle&#8221; gap=&#8221;10&#8243;][vc_column_inner width=&#8221;1\/4&#8243;][vc_column_text el_class=&#8221;text-center box_shadow big_border_radius pb-4&#8243;]<a href=\"https:\/\/www.autosvalls.com\/it\/le-nostre-auto\/fiat-500\/\"><img decoding=\"async\" class=\"size-full wp-image-4050 aligncenter\" src=\"https:\/\/www.autosvalls.com\/wp-content\/uploads\/2021\/01\/fiat.jpg\" alt=\"Alquiler coche Menorca\" width=\"300\" height=\"200\" \/>\r\n<span class=\"big bold\">Fiat 500<\/span><\/a>[\/vc_column_text][\/vc_column_inner][vc_column_inner width=&#8221;1\/4&#8243;][vc_column_text el_class=&#8221;text-center box_shadow big_border_radius pb-4&#8243;]<a href=\"https:\/\/www.autosvalls.com\/it\/le-nostre-auto\/audi-a3-cabrio-2\/\"><img decoding=\"async\" class=\"mb-0 wp-image-4067 size-full aligncenter\" src=\"https:\/\/www.autosvalls.com\/wp-content\/uploads\/2021\/01\/audi-1.jpg\" alt=\"Alquiler coche Menorca\" width=\"300\" height=\"200\" \/>\r\n<span class=\"big bold\">Audi A3 Cabrio<\/span><\/a>[\/vc_column_text][\/vc_column_inner][vc_column_inner width=&#8221;1\/4&#8243;][vc_column_text el_class=&#8221;text-center box_shadow big_border_radius pb-4&#8243;]<a href=\"https:\/\/www.autosvalls.com\/it\/le-nostre-auto\/citroen-c3-picasso\/\"><img decoding=\"async\" class=\"mb-0 wp-image-4065 size-full aligncenter\" src=\"https:\/\/www.autosvalls.com\/wp-content\/uploads\/2021\/01\/picasso.jpg\" alt=\"Alquiler coche Menorca\" width=\"300\" height=\"212\" \/>\r\n<span class=\"big bold\">Citro\u00e9n C3<\/span><\/a>[\/vc_column_text][\/vc_column_inner][vc_column_inner width=&#8221;1\/4&#8243;][vc_column_text el_class=&#8221;text-center box_shadow big_border_radius pb-4&#8243;]<a href=\"https:\/\/www.autosvalls.com\/it\/le-nostre-auto\/jeep-renegade-automatica\/\"><img decoding=\"async\" class=\"mb-0 wp-image-4064 size-full aligncenter\" src=\"https:\/\/www.autosvalls.com\/wp-content\/uploads\/2021\/01\/jeep.jpg\" alt=\"Alquiler coche Menorca\" width=\"300\" height=\"199\" \/>\r\n<span class=\"big bold\">Jeep Renegade<\/span><\/a>[\/vc_column_text][\/vc_column_inner][\/vc_row_inner][\/vc_column][\/vc_row][vc_row][vc_column][vc_row_inner equal_height=&#8221;yes&#8221; content_placement=&#8221;middle&#8221; gap=&#8221;35&#8243;][vc_column_inner width=&#8221;1\/2&#8243;][vc_column_text]\r\n<h3>Scopri Minorca con la Pi\u00f9 Grande Rete di Noleggio Auto!<\/h3>\r\n<strong>Percorri Minorca a Tuo Modo<\/strong>\r\n\r\nUn veicolo \u00e8 il tuo passaporto per esplorare i tesori di Minorca. Grazie al nostro servizio di noleggio auto, potrai immergerti nella bellezza dell&#8217;isola al tuo ritmo. Che sia in famiglia, con amici o per una fuga romantica, offriamo la flessibilit\u00e0 che ti serve per viaggiare comodamente.\r\n\r\n<strong>Senza Franchigia e Tutto Incluso<\/strong>\r\n\r\nCerchi un noleggio auto a Minorca senza complicazioni? Autos Valls \u00e8 la tua soluzione. Offriamo tariffe competitive che includono assicurazione e chilometraggio illimitato, cos\u00ec ti preoccupi solo di goderti il viaggio.\r\n\r\n<strong>Autos Valls: Tradizione e Fiducia<\/strong>\r\n\r\nCon pi\u00f9 di 40 anni di esperienza, siamo un&#8217;azienda orgogliosamente menorquina, dedicata a fornire un servizio eccezionale e personalizzato. La nostra vasta flotta di autos menorca, moto e scooter \u00e8 pensata per adattarsi a qualsiasi piano di viaggio.\r\n\r\nPer la tua comodit\u00e0, disponiamo di 17 uffici strategicamente situati nei porti e negli hotel chiave di Minorca, oltre a un servizio minibus gratuito per noleggi all &#8216;<a href=\"https:\/\/www.autosvalls.com\/it\/autonoleggio\/minorca-aeroporto-autonoleggio\/\"><strong>Noleggio Auto all&#8217;Aeroporto di Minorca<\/strong><\/a>. Scegli il punto di ritiro che meglio si adatta al tuo itinerario e inizia la tua avventura senza ritardi.[\/vc_column_text][\/vc_column_inner][vc_column_inner el_class=&#8221;home-rent-images&#8221; width=&#8221;1\/2&#8243;][vc_single_image image=&#8221;2024&#8243; img_size=&#8221;large&#8221; alignment=&#8221;right&#8221; css_animation=&#8221;fadeInRight&#8221;][vc_single_image image=&#8221;2023&#8243; img_size=&#8221;large&#8221; css_animation=&#8221;fadeInRight&#8221; css=&#8221;.vc_custom_1707829982112{margin-top: -150px !important;margin-bottom: -150px !important;}&#8221;][vc_single_image image=&#8221;2025&#8243; img_size=&#8221;large&#8221; alignment=&#8221;right&#8221; css_animation=&#8221;fadeInRight&#8221;][\/vc_column_inner][\/vc_row_inner][\/vc_column][\/vc_row][vc_row css=&#8221;.vc_custom_1611444866742{padding-bottom: 32px !important;background-color: #f8f8f8 !important;}&#8221; el_class=&#8221;super_border_radius text-center box_shadow&#8221;][vc_column][vc_column_text css=&#8221;.vc_custom_1707854836881{margin-bottom: 50px !important;padding-top: 32px !important;}&#8221;]\r\n<h2 class=\"huge sc-c mb-0 mt-0\">Noleggia la Tua Auto a Minorca in 3 Semplici Passi<\/h2>\r\n<span class=\"med\">Il Modo Pi\u00f9 Veloce e Sicuro di Noleggiare la Tua Auto a Minorca.<\/span>\r\n[\/vc_column_text][vc_column_text]\r\n<div class=\"row med\">\r\n<div class=\"col-xs-12 col-md-24 mb-12\">\r\n\r\n<img decoding=\"async\" class=\"big_border_radius box_shadow aligncenter wp-image-3911 mb-8\" src=\"\/wp-content\/uploads\/2024\/02\/icon-04a.png\" alt=\"Auto Minorca\" width=\"164\" height=\"164\" \/>\r\n<div class=\"sc-c bold\">Scegli la Tua Ufficio<\/div>\r\n<p class=\"mt-2\">Abbiamo pi\u00f9 di 17 uffici al tuo servizio.<\/p>\r\n\r\n<\/div>\r\n<div class=\"col-xs-12 col-md-14\"><\/div>\r\n<div class=\"col-xs-12 col-md-24 mb-12\">\r\n\r\n<img decoding=\"async\" class=\"big_border_radius box_shadow aligncenter wp-image-3911 mb-8\" src=\"\/wp-content\/uploads\/2024\/02\/icon-05a.png\" alt=\"Auto Minorca\" width=\"164\" height=\"164\" \/>\r\n<div class=\"sc-c bold\">Scegli Data e Ora<\/div>\r\n<p class=\"mt-2\">Il tuo veicolo pronto quando ne hai bisogno.<\/p>\r\n\r\n<\/div>\r\n<div class=\"col-xs-12 col-md-14\"><\/div>\r\n<div class=\"col-xs-12 col-md-24 mb-12\">\r\n\r\n<img decoding=\"async\" class=\"big_border_radius box_shadow aligncenter wp-image-3911 mb-8\" src=\"\/wp-content\/uploads\/2024\/02\/icon-06a.png\" alt=\"Auto Minorca\" width=\"164\" height=\"164\" \/>\r\n<div class=\"sc-c bold\">Seleziona la Tua Auto<\/div>\r\n<p class=\"mt-2\">Ricevi conferma diretta nella tua email, con tutti i dettagli della tua prenotazione.<\/p>\r\n\r\n<\/div>\r\n<\/div>\r\n<a class=\"button big\" href=\"#!page\">Prenota Ora<\/a>\r\n[\/vc_column_text][\/vc_column][\/vc_row][vc_row equal_height=&#8221;yes&#8221; content_placement=&#8221;top&#8221;][vc_column][vc_column_text css=&#8221;.vc_custom_1707854909197{margin-bottom: 50px !important;padding-top: 32px !important;}&#8221; el_class=&#8221;text-center&#8221;]\r\n<h3 class=\"huge sc-c my-0\">Come Funziona il Noleggio Auto in Autos Menorca?<\/h3>\r\n<span class=\"med\">Siamo l&#8217;opzione numero uno per il noleggio auto in Autos Menorca.<\/span>\r\n[\/vc_column_text][vc_row_inner][vc_column_inner width=&#8221;1\/2&#8243;][vc_column_text]\r\n<h4 class=\"mb-1\"><span class=\"success pr-1\">\u2714<\/span><strong>Seleziona la Durata del tuo Noleggio<\/strong><\/h4>\r\nDecidi per quanto tempo desideri goderti l&#8217;esplorazione di Minorca. Prenota il tuo veicolo in modo semplice utilizzando il nostro sito web, contattandoci telefonicamente o inviando una email. Inizia il tuo viaggio con totale comodit\u00e0.\r\n[\/vc_column_text][\/vc_column_inner][vc_column_inner width=&#8221;1\/2&#8243;][vc_column_text]\r\n<h4 class=\"mb-1\"><span class=\"success pr-1\">\u2714<\/span><strong>Scegli il Tuo Punto di Ritiro<\/strong><\/h4>\r\nCon una vasta rete di punti di ritiro e consegna distribuiti in tutta l&#8217;isola, Autos Valls ti consente di scegliere l&#8217;ufficio pi\u00f9 conveniente per te. Goditi una vacanza senza complicazioni, iniziando con il ritiro della tua auto nel luogo che si adatta meglio ai tuoi piani.\r\n[\/vc_column_text][\/vc_column_inner][\/vc_row_inner][vc_row_inner][vc_column_inner width=&#8221;1\/2&#8243;][vc_column_text]\r\n<h4 class=\"mb-1\"><span class=\"success pr-1\">\u2714<\/span><strong>Seleziona la Tua Auto Ideale<\/strong><\/h4>\r\nLa nostra vasta flotta di veicoli a noleggio a Minorca ti offre la libert\u00e0 di scegliere l&#8217;auto perfetta che si adatta sia alle tue esigenze che al tuo budget. Trova il modello ideale per rendere il tuo viaggio un&#8217;esperienza indimenticabile.\r\n[\/vc_column_text][\/vc_column_inner][vc_column_inner width=&#8221;1\/2&#8243;][vc_column_text]\r\n<h4 class=\"mb-1\"><span class=\"success pr-1\">\u2714<\/span><strong>Completa il Tuo Pagamento e Goditi<\/strong><\/h4>\r\nCompleta il processo di noleggio della tua auto a Minorca in modo semplice e sicuro attraverso il nostro sito web, utilizzando carta di credito o debito. Accettiamo anche pagamenti tramite bonifico o in contanti. Una volta completato, sarai pronto per goderti al massimo l&#8217;isola con l&#8217;auto a noleggio perfetta per te.\r\n[\/vc_column_text][\/vc_column_inner][\/vc_row_inner][\/vc_column][\/vc_row][vc_row equal_height=&#8221;yes&#8221; content_placement=&#8221;top&#8221;][vc_column][vc_column_text css=&#8221;.vc_custom_1707855053091{margin-bottom: 50px !important;padding-top: 32px !important;}&#8221; el_class=&#8221;text-center&#8221;]\r\n<h3 class=\"huge sc-c my-0\">Perch\u00e9 Scegliere Minorca per il Tuo Noleggio Auto?<\/h3>\r\n<span class=\"med\">Leader nel Noleggio Auto a Minorca.<\/span>\r\n[\/vc_column_text][vc_row_inner][vc_column_inner width=&#8221;1\/2&#8243;][vc_column_text]\r\n<h4 class=\"mb-1\"><span class=\"success pr-1\">\u2714<\/span><strong>Tariffe Chiare, Senza Sorprese<\/strong><\/h4>\r\nIn Autos Valls, la chiarezza e la trasparenza sono fondamentali. Per questo, nel nostro servizio di noleggio auto in Minorca, assicuriamo che tutte le tariffe siano trasparenti, senza costi nascosti n\u00e9 sorprese nei termini e condizioni. Vogliamo che tu possa goderti il tuo viaggio con la massima tranquillit\u00e0.\r\n[\/vc_column_text][\/vc_column_inner][vc_column_inner width=&#8221;1\/2&#8243;][vc_column_text]\r\n<h4 class=\"mb-1\"><span class=\"success pr-1\">\u2714<\/span><strong>Tariffa Tutto Incluso per la tua Tranquillit\u00e0<\/strong><\/h4>\r\nLe nostre tariffe di noleggio auto economiche a Minorca includono tutto ci\u00f2 di cui hai bisogno per un&#8217;esperienza senza preoccupazioni: assicurazione di responsabilit\u00e0 civile, assicurazione contro il furto, assistenza stradale, chilometraggio illimitato e tutte le tasse applicabili. Con le nostre tariffe tutto incluso, l&#8217;unica tua preoccupazione sar\u00e0 goderti al massimo i tuoi giorni sull&#8217;isola.\r\n[\/vc_column_text][\/vc_column_inner][\/vc_row_inner][vc_row_inner][vc_column_inner width=&#8221;1\/2&#8243;][vc_column_text]\r\n<h4 class=\"mb-1\"><span class=\"success pr-1\">\u2714<\/span><strong>Vantaggi per Residenti e Clienti Abituali<\/strong><\/h4>\r\nIn Autos Valls, apprezziamo la lealt\u00e0 dei nostri clienti. \u00c8 per questo che offriamo sconti speciali per i residenti dell&#8217;isola e per coloro che ci scelgono ripetutamente per le loro necessit\u00e0 di noleggio. Se possiedi una casa in Minorca o hai noleggiato con noi in due occasioni, contattaci per godere di uno sconto esclusivo. Valorizziamo la tua fedelt\u00e0!\r\n[\/vc_column_text][\/vc_column_inner][vc_column_inner width=&#8221;1\/2&#8243;][vc_column_text]\r\n<h4 class=\"mb-1\"><span class=\"success pr-1\">\u2714<\/span><strong>Salta la Coda con Click&amp;Go<\/strong><\/h4>\r\nPer massimizzare il tuo tempo di godimento a Minorca, Autos Valls ti offre il servizio Click&amp;Go. Questo sistema \u00e8 progettato per accelerare il processo di ritiro del tuo veicolo. Completa le pratiche necessarie online prima del tuo arrivo e, una volta sull&#8217;isola, semplicemente ritira le chiavi. \u00a1\r\n[\/vc_column_text][\/vc_column_inner][\/vc_row_inner][vc_row_inner][vc_column_inner width=&#8221;1\/2&#8243;][vc_column_text]\r\n<h4 class=\"mb-1\"><span class=\"success pr-1\">\u2714<\/span><strong>Vantaggi del Noleggio con Autos Valls<\/strong><\/h4>\r\nPrenotando la tua auto con Autos Valls, scegli un&#8217;azienda 100% minorchina. A differenza delle agenzie, broker o comparatori di prezzi, ti liberi da costi per modifiche o cancellazioni dovute a cambi o cancellazioni di voli, cos\u00ec come da assicurazioni non necessarie. Prenota direttamente con un&#8217;azienda locale che promuove il commercio locale e goditi Minorca con la massima libert\u00e0 e tranquillit\u00e0.\r\n[\/vc_column_text][\/vc_column_inner][vc_column_inner width=&#8221;1\/2&#8243;][vc_column_text]\r\n<h4 class=\"mb-1\"><span class=\"success pr-1\">\u2714<\/span><strong>Flexibilit\u00e0 nel Pagamento del tuo Noleggio<\/strong><\/h4>\r\nIn Autos Valls, ti offriamo diverse opzioni per il pagamento del noleggio della tua auto o moto. Che sia in contanti, tramite bonifico bancario, con carta di debito, credito o anche Bitcoin, hai il controllo di scegliere il metodo di pagamento che pi\u00f9 ti conviene. Goditi la massima comodit\u00e0 e flessibilit\u00e0 nella pianificazione del tuo viaggio.\r\n[\/vc_column_text][\/vc_column_inner][\/vc_row_inner][\/vc_column][\/vc_row][vc_row css=&#8221;.vc_custom_1611443741577{margin-top: 50px !important;padding-bottom: 25px !important;background-color: #f8f8f8 !important;}&#8221; el_class=&#8221;super_border_radius text-center box_shadow&#8221;][vc_column width=&#8221;1\/4&#8243; css=&#8221;.vc_custom_1611447788643{padding-top: 0px !important;}&#8221;][\/vc_column][vc_column width=&#8221;1\/2&#8243;][vc_column_text css=&#8221;.vc_custom_1707897891450{margin-bottom: 50px !important;padding-top: 32px !important;}&#8221;]\r\n<h4 class=\"huge sc-c my-2\">La Differenza \u00e8 nei Piccoli Dettagli<\/h4>\r\n<span class=\"med\">Il nostro impegno, responsabilit\u00e0, coinvolgimento e atteggiamento positivo ci definiscono.<\/span>\r\n[\/vc_column_text][\/vc_column][vc_column width=&#8221;1\/4&#8243; css=&#8221;.vc_custom_1611447793944{padding-top: 0px !important;}&#8221;][\/vc_column][\/vc_row][vc_row equal_height=&#8221;yes&#8221; content_placement=&#8221;top&#8221;][vc_column][vc_column_text]\r\n<h4 class=\"mb-1\"><span class=\"success pr-1\">\u2714<\/span> Servizio Minibus Aeroporto Gratis con Click&amp;Go<\/h4>\r\nAll&#8217;atterraggio a Minorca, sarai accolto dal team di Autos Valls al punto d&#8217;incontro del parcheggio P1 dell&#8217;Aeroporto di Minorca. In meno di 10 minuti, sarai sulla strada per ritirare il tuo veicolo a noleggio, pronto per iniziare le tue vacanze sull&#8217;isola.\r\n\r\nCon il nostro servizio di <strong><a href=\"https:\/\/www.autosvalls.com\/it\/autonoleggio\/minorca-aeroporto-autonoleggio\/\">noleggio auto all&#8217;aeroporto di Minorca<\/a><\/strong>, ti assicuriamo un&#8217;esperienza senza attese. Completa i dati del conducente online al momento della tua prenotazione e, al tuo arrivo, dovrai solo firmare per iniziare a goderti Minorca. Il nostro team, altamente qualificato\r\n[\/vc_column_text][\/vc_column][\/vc_row][vc_row css=&#8221;.vc_custom_1611446667990{margin-top: 50px !important;padding-bottom: 25px !important;background-color: #f8f8f8 !important;}&#8221; el_class=&#8221;super_border_radius box_shadow&#8221;][vc_column width=&#8221;1\/12&#8243; el_class=&#8221;home-rent-images&#8221; css=&#8221;.vc_custom_1611447734089{padding-top: 0px !important;}&#8221;][\/vc_column][vc_column width=&#8221;5\/6&#8243; css=&#8221;.vc_custom_1611447895836{padding-top: 16px !important;padding-bottom: 32px !important;}&#8221;][vc_row_inner equal_height=&#8221;yes&#8221; content_placement=&#8221;middle&#8221; gap=&#8221;35&#8243;][vc_column_inner el_class=&#8221;home-rent-images&#8221; width=&#8221;1\/2&#8243; css=&#8221;.vc_custom_1611447565940{padding-top: 32px !important;}&#8221;][vc_single_image image=&#8221;2027&#8243; css_animation=&#8221;fadeInLeft&#8221;][vc_single_image image=&#8221;2026&#8243; alignment=&#8221;right&#8221; css_animation=&#8221;fadeInLeft&#8221; css=&#8221;.vc_custom_1707830007464{margin-top: -150px !important;margin-bottom: 0px !important;}&#8221;][\/vc_column_inner][vc_column_inner width=&#8221;1\/2&#8243; css=&#8221;.vc_custom_1611447982466{padding-bottom: 0px !important;}&#8221;][vc_column_text css=&#8221;.vc_custom_1707897988988{margin-bottom: 0px !important;padding-top: 32px !important;}&#8221;]\r\n<div class=\"huge sc-c\">Check-Click &amp; Go<\/div>\r\n<p class=\"mt-2 med\">Dimentica le attese e i trasferimenti non necessari. Con il servizio innovativo di <a href=\"https:\/\/www.autosvalls.com\/it\/l-mio-conto\/\"><strong>Check-in Click &amp; Go<\/strong><\/a> di Valls Rent a Car, ritira e restituisci il tuo auto a noleggio a Minorca nel modo pi\u00f9 efficiente.<\/p>\r\n\r\n<ul>\r\n \t<li>\r\n<p class=\"mt-2 med\">Servizio Premium Personalizzato.<\/p>\r\n<\/li>\r\n \t<li>\r\n<p class=\"mt-2 med\">Rapido, Sicuro e Senza Contatto.<\/p>\r\n<\/li>\r\n \t<li>\r\n<p class=\"mt-2 med\"><a href=\"https:\/\/www.autosvalls.com\/it\/l-mio-conto\/\">Completa i tuoi dati online e Raccogli le chiavi &amp; Go.<\/a><\/p>\r\n<\/li>\r\n<\/ul>\r\n[\/vc_column_text][\/vc_column_inner][\/vc_row_inner][\/vc_column][vc_column width=&#8221;1\/12&#8243;][\/vc_column][\/vc_row][vc_row css=&#8221;.vc_custom_1621965550206{margin-top: 50px !important;}&#8221; el_class=&#8221;text-center&#8221;][vc_column width=&#8221;1\/4&#8243; css=&#8221;.vc_custom_1611447788643{padding-top: 0px !important;}&#8221;][\/vc_column][vc_column width=&#8221;1\/2&#8243;][vc_column_text css=&#8221;.vc_custom_1707898077797{margin-bottom: 50px !important;padding-top: 32px !important;}&#8221;]\r\n<div class=\"huge sc-c\">Cosa Fare a Minorca<\/div>\r\n<span class=\"med grey\">Esplora le destinazioni pi\u00f9 iconiche dell&#8217;isola.<\/span>\r\n[\/vc_column_text][\/vc_column][vc_column width=&#8221;1\/4&#8243; css=&#8221;.vc_custom_1611447793944{padding-top: 0px !important;}&#8221;][\/vc_column][\/vc_row][vc_row][vc_column][vc_column_text el_class=&#8221;encabezados&#8221;]\r\n<h2>Noleggio Auto Minorca<\/h2>\r\n<div class=\"line\"><\/div>\r\n[\/vc_column_text][vc_basic_grid post_type=&#8221;post&#8221; max_items=&#8221;3&#8243; orderby=&#8221;rand&#8221; item=&#8221;1158&#8243; grid_id=&#8221;vc_gid:1708413282612-6a78f997-1123-8&#8243;][vc_btn title=&#8221;Vedi tutti i post&#8221; style=&#8221;button&#8221; shape=&#8221;theme&#8221; color=&#8221;theme&#8221; size=&#8221;theme&#8221; align=&#8221;center&#8221; link=&#8221;url:https%3A%2F%2Fwww.autosvalls.com%2Fit%2Finfo-menorca%2F|title:Blog&#8221;][\/vc_column][\/vc_row][vc_row css=&#8221;.vc_custom_1611448157971{margin-top: 50px !important;padding-bottom: 25px !important;}&#8221; el_class=&#8221;text-center&#8221;][vc_column css=&#8221;.vc_custom_1611447788643{padding-top: 0px !important;}&#8221;][vc_row_inner][vc_column_inner width=&#8221;1\/4&#8243;][\/vc_column_inner][vc_column_inner width=&#8221;1\/2&#8243;][vc_column_text css=&#8221;.vc_custom_1707898148345{margin-bottom: 50px !important;padding-top: 32px !important;}&#8221;]\r\n<div class=\"huge sc-c\">Testimonianze<\/div>\r\n<span class=\"med\">Cosa dicono di noi i nostri clienti.<\/span>\r\n[\/vc_column_text][\/vc_column_inner][vc_column_inner width=&#8221;1\/4&#8243;][\/vc_column_inner][\/vc_row_inner][vc_column_text]<div class=\"wprevpro-shortcode-wrapper\"><div class=\"wprevpro wprev-slick-slider \" id=\"wprev-slider-1\"><style>#wprev-slider-1 .slick-list {transition: all .5s ease;}<\/style><div id=\"wprevgoslickid_1\"  style=\"display:none;\" class=\"wprevgoslick w3_wprs-row\" data-avatartemplate=\"0\" data-totalreviewsnum=\"16\" data-revsperrow=\"2\" data-wprevmasonry=\"no\" data-loadmore=\"yes\" data-avatarnav=\"no\" data-revsameheight=\"yes\" data-slickwprev='{\"slidesToShow\": 2,\"slidesToScroll\": 1,\"dots\": true,\"arrows\": true,\"infinite\": true,\"speed\": 600,\"adaptiveHeight\": true,\"centerMode\": false,\"fade\":false,\"centerPadding\": \"60px\", \"rows\":2,\"autoplay\": true,\"autoplaySpeed\": 5000}'>\t<div class=\"wpproslider_t4_DIV_1 w3_wprs-col l6 outerrevdiv\">\r\n\t\t<div class=\"indrevdiv wpproslider_t4_DIV_1a  wprev_preview_bg1_T4 wprev_preview_bradius_T4\">\r\n\t\t\t<div class=\"wpproslider_t4_avatar_div\"><img decoding=\"async\" loading=\"lazy\" src=\"https:\/\/lh3.googleusercontent.com\/a\/AATXAJwh8O37yAOK7vhc82VSFFtG69ebFrfyucPGcuei=s128-c0x00000000-cc-rp-mo-ba3?sz=100\" alt=\"Flavien C. Avatar\" class=\"wpproslider_t4_IMG_2 wprevpro_avatarimg\" \/><\/div>\t\t\t<div class=\"wpproslider_t4_H3_3 wprev_preview_tcolor1_T4\">\r\n\t\t\t\tFlavien C.\t\t\t<\/div>\r\n\t\t\t<span class=\"wpproslider_t4_SPAN_4\">\r\n\t\t\t<span class=\"wprevpro_star_imgs_T4\"><span class=\"starloc1 wprevpro_star_imgs wprevpro_star_imgsloc1\"><span class=\"svgicons svg-wprsp-star\"><\/span><span class=\"svgicons svg-wprsp-star\"><\/span><span class=\"svgicons svg-wprsp-star\"><\/span><span class=\"svgicons svg-wprsp-star\"><\/span><span class=\"svgicons svg-wprsp-star\"><\/span><\/span><span class=\"verifiedloc1 wprevpro_verified_svg wprevtooltip\" data-wprevtooltip=\"Verified on Google\"><span class=\"svgicons svg-wprsp-verified \"><\/span><\/span><\/span>\r\n\t\t\t<\/span>\r\n\t\t\t<div class=\"indrevtxt wpproslider_t4_P_5 wprev_preview_tcolor2_T4\">\t\t\t\tProbably the Best car renting agency of Menorca. We rent a car with full insurance for 25\u20ac\/Day (fiat 500). Was the best deal we could have found !\t\t\t\t\t\t\t<\/div>\r\n\t\t\t<span class=\"wpproslider_t4_date wprev_preview_tcolor3_T4\"> <span class=\"wprev_showdate_T4\">10\/16\/2021<\/span><\/span>\r\n\t\t\t<div class='wprevt4_icon_div'><a href=\"https:\/\/maps.google.com\/?cid=18046526950919120469\" target=\"_blank\" rel=\"nofollow noreferrer noopener\" class=\"wprevpro_t4_site_logo_a\"><img decoding=\"async\" width=32 height=32 src=\"https:\/\/www.autosvalls.com\/it\/wp-content\/plugins\/wp-review-slider-pro\/public\/partials\/imgs\/google_small_icon.svg\" alt=\"Google Logo\" class=\"wprevpro_t4_site_logo wprevsiteicon \"><\/a><\/div>\t\t\t\t\t\t\t\t\t\t\t<\/div>\r\n\t\t\t\r\n\t<\/div>\r\n\t\t<div class=\"wpproslider_t4_DIV_1 w3_wprs-col l6 outerrevdiv\">\r\n\t\t<div class=\"indrevdiv wpproslider_t4_DIV_1a  wprev_preview_bg1_T4 wprev_preview_bradius_T4\">\r\n\t\t\t<div class=\"wpproslider_t4_avatar_div\"><img decoding=\"async\" loading=\"lazy\" src=\"https:\/\/lh3.googleusercontent.com\/a\/AATXAJy10jGG9f8jscphuaIhwkOb0mNZea7dfkkGKnYw=s128-c0x00000000-cc-rp-mo?sz=100\" alt=\"Yonatan Avatar\" class=\"wpproslider_t4_IMG_2 wprevpro_avatarimg\" \/><\/div>\t\t\t<div class=\"wpproslider_t4_H3_3 wprev_preview_tcolor1_T4\">\r\n\t\t\t\tYonatan\t\t\t<\/div>\r\n\t\t\t<span class=\"wpproslider_t4_SPAN_4\">\r\n\t\t\t<span class=\"wprevpro_star_imgs_T4\"><span class=\"starloc1 wprevpro_star_imgs wprevpro_star_imgsloc1\"><span class=\"svgicons svg-wprsp-star\"><\/span><span class=\"svgicons svg-wprsp-star\"><\/span><span class=\"svgicons svg-wprsp-star\"><\/span><span class=\"svgicons svg-wprsp-star\"><\/span><span class=\"svgicons svg-wprsp-star\"><\/span><\/span><span class=\"verifiedloc1 wprevpro_verified_svg wprevtooltip\" data-wprevtooltip=\"Verified on Google\"><span class=\"svgicons svg-wprsp-verified \"><\/span><\/span><\/span>\r\n\t\t\t<\/span>\r\n\t\t\t<div class=\"indrevtxt wpproslider_t4_P_5 wprev_preview_tcolor2_T4\">\t\t\t\tPerfect ! Highly recommend \ud83d\ude42\t\t\t\t\t\t\t<\/div>\r\n\t\t\t<span class=\"wpproslider_t4_date wprev_preview_tcolor3_T4\"> <span class=\"wprev_showdate_T4\">9\/17\/2021<\/span><\/span>\r\n\t\t\t<div class='wprevt4_icon_div'><a href=\"https:\/\/maps.google.com\/?cid=18046526950919120469\" target=\"_blank\" rel=\"nofollow noreferrer noopener\" class=\"wprevpro_t4_site_logo_a\"><img decoding=\"async\" width=32 height=32 src=\"https:\/\/www.autosvalls.com\/it\/wp-content\/plugins\/wp-review-slider-pro\/public\/partials\/imgs\/google_small_icon.svg\" alt=\"Google Logo\" class=\"wprevpro_t4_site_logo wprevsiteicon \"><\/a><\/div>\t\t\t\t\t\t\t\t\t\t\t<\/div>\r\n\t\t\t\r\n\t<\/div>\r\n\t\t<div class=\"wpproslider_t4_DIV_1 w3_wprs-col l6 outerrevdiv\">\r\n\t\t<div class=\"indrevdiv wpproslider_t4_DIV_1a  wprev_preview_bg1_T4 wprev_preview_bradius_T4\">\r\n\t\t\t<div class=\"wpproslider_t4_avatar_div\"><img decoding=\"async\" loading=\"lazy\" src=\"https:\/\/lh3.googleusercontent.com\/a-\/AOh14Gjh-uhZDwoCsgcTG_1c5UkWCoU8dcRgmedaf0thiw=s128-c0x00000000-cc-rp-mo?sz=100\" alt=\"Ren\u00e1ta I. Avatar\" class=\"wpproslider_t4_IMG_2 wprevpro_avatarimg\" \/><\/div>\t\t\t<div class=\"wpproslider_t4_H3_3 wprev_preview_tcolor1_T4\">\r\n\t\t\t\tRen\u00e1ta I.\t\t\t<\/div>\r\n\t\t\t<span class=\"wpproslider_t4_SPAN_4\">\r\n\t\t\t<span class=\"wprevpro_star_imgs_T4\"><span class=\"starloc1 wprevpro_star_imgs wprevpro_star_imgsloc1\"><span class=\"svgicons svg-wprsp-star\"><\/span><span class=\"svgicons svg-wprsp-star\"><\/span><span class=\"svgicons svg-wprsp-star\"><\/span><span class=\"svgicons svg-wprsp-star\"><\/span><span class=\"svgicons svg-wprsp-star\"><\/span><\/span><span class=\"verifiedloc1 wprevpro_verified_svg wprevtooltip\" data-wprevtooltip=\"Verified on Google\"><span class=\"svgicons svg-wprsp-verified \"><\/span><\/span><\/span>\r\n\t\t\t<\/span>\r\n\t\t\t<div class=\"indrevtxt wpproslider_t4_P_5 wprev_preview_tcolor2_T4\">\t\t\t\tThey were very kind and helpful. I rented a Fiat 500 hybrid with full insurance. It was a really good car, in good condition. I\u2019m sure I will chose them next year again.\t\t\t\t\t\t\t<\/div>\r\n\t\t\t<span class=\"wpproslider_t4_date wprev_preview_tcolor3_T4\"> <span class=\"wprev_showdate_T4\">8\/25\/2021<\/span><\/span>\r\n\t\t\t<div class='wprevt4_icon_div'><a href=\"https:\/\/maps.google.com\/?cid=18046526950919120469\" target=\"_blank\" rel=\"nofollow noreferrer noopener\" class=\"wprevpro_t4_site_logo_a\"><img decoding=\"async\" width=32 height=32 src=\"https:\/\/www.autosvalls.com\/it\/wp-content\/plugins\/wp-review-slider-pro\/public\/partials\/imgs\/google_small_icon.svg\" alt=\"Google Logo\" class=\"wprevpro_t4_site_logo wprevsiteicon \"><\/a><\/div>\t\t\t\t\t\t\t\t\t\t\t<\/div>\r\n\t\t\t\r\n\t<\/div>\r\n\t\t<div class=\"wpproslider_t4_DIV_1 w3_wprs-col l6 outerrevdiv\">\r\n\t\t<div class=\"indrevdiv wpproslider_t4_DIV_1a  wprev_preview_bg1_T4 wprev_preview_bradius_T4\">\r\n\t\t\t<div class=\"wpproslider_t4_avatar_div\"><img decoding=\"async\" loading=\"lazy\" src=\"https:\/\/lh3.googleusercontent.com\/a-\/AOh14GganbsDT5zwdFT1QANwpqDiH9MuVrpNLzczgVC6WQ=s128-c0x00000000-cc-rp-mo?sz=100\" alt=\"Ben C. Avatar\" class=\"wpproslider_t4_IMG_2 wprevpro_avatarimg\" \/><\/div>\t\t\t<div class=\"wpproslider_t4_H3_3 wprev_preview_tcolor1_T4\">\r\n\t\t\t\tBen C.\t\t\t<\/div>\r\n\t\t\t<span class=\"wpproslider_t4_SPAN_4\">\r\n\t\t\t<span class=\"wprevpro_star_imgs_T4\"><span class=\"starloc1 wprevpro_star_imgs wprevpro_star_imgsloc1\"><span class=\"svgicons svg-wprsp-star\"><\/span><span class=\"svgicons svg-wprsp-star\"><\/span><span class=\"svgicons svg-wprsp-star\"><\/span><span class=\"svgicons svg-wprsp-star\"><\/span><span class=\"svgicons svg-wprsp-star\"><\/span><\/span><span class=\"verifiedloc1 wprevpro_verified_svg wprevtooltip\" data-wprevtooltip=\"Verified on Google\"><span class=\"svgicons svg-wprsp-verified \"><\/span><\/span><\/span>\r\n\t\t\t<\/span>\r\n\t\t\t<div class=\"indrevtxt wpproslider_t4_P_5 wprev_preview_tcolor2_T4\">\t\t\t\tReally smooth car hire experience. Fairly easy to find the shuttle at the airport, they take you to the office and you pick up your vehicle. I would use them again.\t\t\t\t\t\t\t<\/div>\r\n\t\t\t<span class=\"wpproslider_t4_date wprev_preview_tcolor3_T4\"> <span class=\"wprev_showdate_T4\">8\/22\/2021<\/span><\/span>\r\n\t\t\t<div class='wprevt4_icon_div'><a href=\"https:\/\/maps.google.com\/?cid=18046526950919120469\" target=\"_blank\" rel=\"nofollow noreferrer noopener\" class=\"wprevpro_t4_site_logo_a\"><img decoding=\"async\" width=32 height=32 src=\"https:\/\/www.autosvalls.com\/it\/wp-content\/plugins\/wp-review-slider-pro\/public\/partials\/imgs\/google_small_icon.svg\" alt=\"Google Logo\" class=\"wprevpro_t4_site_logo wprevsiteicon \"><\/a><\/div>\t\t\t\t\t\t\t\t\t\t\t<\/div>\r\n\t\t\t\r\n\t<\/div>\r\n\t\t<div class=\"wpproslider_t4_DIV_1 w3_wprs-col l6 outerrevdiv\">\r\n\t\t<div class=\"indrevdiv wpproslider_t4_DIV_1a  wprev_preview_bg1_T4 wprev_preview_bradius_T4\">\r\n\t\t\t<div class=\"wpproslider_t4_avatar_div\"><img decoding=\"async\" loading=\"lazy\" src=\"https:\/\/lh5.googleusercontent.com\/-u_gMVh2iArI\/AAAAAAAAAAI\/AAAAAAAAAAA\/AMZuucmOsyV5Hm7lfqKCppxWFctegfxrUA\/s128-c0x00000000-cc-rp-mo-ba2\/photo.jpg?sz=100\" alt=\"David D. Avatar\" class=\"wpproslider_t4_IMG_2 wprevpro_avatarimg\" \/><\/div>\t\t\t<div class=\"wpproslider_t4_H3_3 wprev_preview_tcolor1_T4\">\r\n\t\t\t\tDavid D.\t\t\t<\/div>\r\n\t\t\t<span class=\"wpproslider_t4_SPAN_4\">\r\n\t\t\t<span class=\"wprevpro_star_imgs_T4\"><span class=\"starloc1 wprevpro_star_imgs wprevpro_star_imgsloc1\"><span class=\"svgicons svg-wprsp-star\"><\/span><span class=\"svgicons svg-wprsp-star\"><\/span><span class=\"svgicons svg-wprsp-star\"><\/span><span class=\"svgicons svg-wprsp-star\"><\/span><span class=\"svgicons svg-wprsp-star\"><\/span><\/span><span class=\"verifiedloc1 wprevpro_verified_svg wprevtooltip\" data-wprevtooltip=\"Verified on Google\"><span class=\"svgicons svg-wprsp-verified \"><\/span><\/span><\/span>\r\n\t\t\t<\/span>\r\n\t\t\t<div class=\"indrevtxt wpproslider_t4_P_5 wprev_preview_tcolor2_T4\">\t\t\t\tI called them last minute and in August and they brought me the car to the dock and all very good.<br>\n<br>\nI highly recommend them to rent a car if you go to Mahon. Good price with all covered.\t\t\t\t\t\t\t<\/div>\r\n\t\t\t<span class=\"wpproslider_t4_date wprev_preview_tcolor3_T4\"> <span class=\"wprev_showdate_T4\">8\/08\/2020<\/span><\/span>\r\n\t\t\t<div class='wprevt4_icon_div'><a href=\"https:\/\/maps.google.com\/?cid=17855820858013750826\" target=\"_blank\" rel=\"nofollow noreferrer noopener\" class=\"wprevpro_t4_site_logo_a\"><img decoding=\"async\" width=32 height=32 src=\"https:\/\/www.autosvalls.com\/it\/wp-content\/plugins\/wp-review-slider-pro\/public\/partials\/imgs\/google_small_icon.svg\" alt=\"Google Logo\" class=\"wprevpro_t4_site_logo wprevsiteicon \"><\/a><\/div>\t\t\t\t\t\t\t\t\t\t\t<\/div>\r\n\t\t\t\r\n\t<\/div>\r\n\t\t<div class=\"wpproslider_t4_DIV_1 w3_wprs-col l6 outerrevdiv\">\r\n\t\t<div class=\"indrevdiv wpproslider_t4_DIV_1a  wprev_preview_bg1_T4 wprev_preview_bradius_T4\">\r\n\t\t\t<div class=\"wpproslider_t4_avatar_div\"><img decoding=\"async\" loading=\"lazy\" src=\"https:\/\/lh4.googleusercontent.com\/-s8bJSUxvCNo\/AAAAAAAAAAI\/AAAAAAAAAAA\/AMZuucmBIYopzeK56B3teVrbmycW5IcOLQ\/s128-c0x00000000-cc-rp-mo-ba2\/photo.jpg?sz=100\" alt=\"sains b. Avatar\" class=\"wpproslider_t4_IMG_2 wprevpro_avatarimg\" \/><\/div>\t\t\t<div class=\"wpproslider_t4_H3_3 wprev_preview_tcolor1_T4\">\r\n\t\t\t\tsains b.\t\t\t<\/div>\r\n\t\t\t<span class=\"wpproslider_t4_SPAN_4\">\r\n\t\t\t<span class=\"wprevpro_star_imgs_T4\"><span class=\"starloc1 wprevpro_star_imgs wprevpro_star_imgsloc1\"><span class=\"svgicons svg-wprsp-star\"><\/span><span class=\"svgicons svg-wprsp-star\"><\/span><span class=\"svgicons svg-wprsp-star\"><\/span><span class=\"svgicons svg-wprsp-star\"><\/span><span class=\"svgicons svg-wprsp-star\"><\/span><\/span><span class=\"verifiedloc1 wprevpro_verified_svg wprevtooltip\" data-wprevtooltip=\"Verified on Google\"><span class=\"svgicons svg-wprsp-verified \"><\/span><\/span><\/span>\r\n\t\t\t<\/span>\r\n\t\t\t<div class=\"indrevtxt wpproslider_t4_P_5 wprev_preview_tcolor2_T4\">\t\t\t\tperfect\t\t\t\t\t\t\t<\/div>\r\n\t\t\t<span class=\"wpproslider_t4_date wprev_preview_tcolor3_T4\"> <span class=\"wprev_showdate_T4\">9\/28\/2019<\/span><\/span>\r\n\t\t\t<div class='wprevt4_icon_div'><a href=\"https:\/\/maps.google.com\/?cid=18046526950919120469\" target=\"_blank\" rel=\"nofollow noreferrer noopener\" class=\"wprevpro_t4_site_logo_a\"><img decoding=\"async\" width=32 height=32 src=\"https:\/\/www.autosvalls.com\/it\/wp-content\/plugins\/wp-review-slider-pro\/public\/partials\/imgs\/google_small_icon.svg\" alt=\"Google Logo\" class=\"wprevpro_t4_site_logo wprevsiteicon \"><\/a><\/div>\t\t\t\t\t\t\t\t\t\t\t<\/div>\r\n\t\t\t\r\n\t<\/div>\r\n\t\t<div class=\"wpproslider_t4_DIV_1 w3_wprs-col l6 outerrevdiv\">\r\n\t\t<div class=\"indrevdiv wpproslider_t4_DIV_1a  wprev_preview_bg1_T4 wprev_preview_bradius_T4\">\r\n\t\t\t<div class=\"wpproslider_t4_avatar_div\"><img decoding=\"async\" loading=\"lazy\" src=\"https:\/\/lh3.googleusercontent.com\/a-\/AOh14Gi9ERKMTwEhHzSuYh18PK3-GXak9TL4S_NvV3IG=s128-c0x00000000-cc-rp-mo?sz=100\" alt=\"Rodolfo H. Avatar\" class=\"wpproslider_t4_IMG_2 wprevpro_avatarimg\" \/><\/div>\t\t\t<div class=\"wpproslider_t4_H3_3 wprev_preview_tcolor1_T4\">\r\n\t\t\t\tRodolfo H.\t\t\t<\/div>\r\n\t\t\t<span class=\"wpproslider_t4_SPAN_4\">\r\n\t\t\t<span class=\"wprevpro_star_imgs_T4\"><span class=\"starloc1 wprevpro_star_imgs wprevpro_star_imgsloc1\"><span class=\"svgicons svg-wprsp-star\"><\/span><span class=\"svgicons svg-wprsp-star\"><\/span><span class=\"svgicons svg-wprsp-star\"><\/span><span class=\"svgicons svg-wprsp-star\"><\/span><span class=\"svgicons svg-wprsp-star\"><\/span><\/span><span class=\"verifiedloc1 wprevpro_verified_svg wprevtooltip\" data-wprevtooltip=\"Verified on Google\"><span class=\"svgicons svg-wprsp-verified \"><\/span><\/span><\/span>\r\n\t\t\t<\/span>\r\n\t\t\t<div class=\"indrevtxt wpproslider_t4_P_5 wprev_preview_tcolor2_T4\">\t\t\t\tI recommend them, they are a local company that strives to make their services available, I like that in these years with them I have released a car several times.\t\t\t\t\t\t\t<\/div>\r\n\t\t\t<span class=\"wpproslider_t4_date wprev_preview_tcolor3_T4\"> <span class=\"wprev_showdate_T4\">6\/12\/2019<\/span><\/span>\r\n\t\t\t<div class='wprevt4_icon_div'><a href=\"https:\/\/maps.google.com\/?cid=17855820858013750826\" target=\"_blank\" rel=\"nofollow noreferrer noopener\" class=\"wprevpro_t4_site_logo_a\"><img decoding=\"async\" width=32 height=32 src=\"https:\/\/www.autosvalls.com\/it\/wp-content\/plugins\/wp-review-slider-pro\/public\/partials\/imgs\/google_small_icon.svg\" alt=\"Google Logo\" class=\"wprevpro_t4_site_logo wprevsiteicon \"><\/a><\/div>\t\t\t\t\t\t\t\t\t\t\t<\/div>\r\n\t\t\t\r\n\t<\/div>\r\n\t\t<div class=\"wpproslider_t4_DIV_1 w3_wprs-col l6 outerrevdiv\">\r\n\t\t<div class=\"indrevdiv wpproslider_t4_DIV_1a  wprev_preview_bg1_T4 wprev_preview_bradius_T4\">\r\n\t\t\t<div class=\"wpproslider_t4_avatar_div\"><img decoding=\"async\" loading=\"lazy\" src=\"https:\/\/lh3.googleusercontent.com\/a-\/AOh14GiNBEeLgOAYo5xzjYN7QFf9IgM8Eq9qsId_d_5C=s128-c0x00000000-cc-rp-mo?sz=100\" alt=\"Javier L. Avatar\" class=\"wpproslider_t4_IMG_2 wprevpro_avatarimg\" \/><\/div>\t\t\t<div class=\"wpproslider_t4_H3_3 wprev_preview_tcolor1_T4\">\r\n\t\t\t\tJavier L.\t\t\t<\/div>\r\n\t\t\t<span class=\"wpproslider_t4_SPAN_4\">\r\n\t\t\t<span class=\"wprevpro_star_imgs_T4\"><span class=\"starloc1 wprevpro_star_imgs wprevpro_star_imgsloc1\"><span class=\"svgicons svg-wprsp-star\"><\/span><span class=\"svgicons svg-wprsp-star\"><\/span><span class=\"svgicons svg-wprsp-star\"><\/span><span class=\"svgicons svg-wprsp-star\"><\/span><span class=\"svgicons svg-wprsp-star\"><\/span><\/span><span class=\"verifiedloc1 wprevpro_verified_svg wprevtooltip\" data-wprevtooltip=\"Verified on Google\"><span class=\"svgicons svg-wprsp-verified \"><\/span><\/span><\/span>\r\n\t\t\t<\/span>\r\n\t\t\t<div class=\"indrevtxt wpproslider_t4_P_5 wprev_preview_tcolor2_T4\">\t\t\t\tThey are a very good and well-known company that since its use has given me excellent impressions, I highly recommend it.\t\t\t\t\t\t\t<\/div>\r\n\t\t\t<span class=\"wpproslider_t4_date wprev_preview_tcolor3_T4\"> <span class=\"wprev_showdate_T4\">6\/12\/2019<\/span><\/span>\r\n\t\t\t<div class='wprevt4_icon_div'><a href=\"https:\/\/maps.google.com\/?cid=17855820858013750826\" target=\"_blank\" rel=\"nofollow noreferrer noopener\" class=\"wprevpro_t4_site_logo_a\"><img decoding=\"async\" width=32 height=32 src=\"https:\/\/www.autosvalls.com\/it\/wp-content\/plugins\/wp-review-slider-pro\/public\/partials\/imgs\/google_small_icon.svg\" alt=\"Google Logo\" class=\"wprevpro_t4_site_logo wprevsiteicon \"><\/a><\/div>\t\t\t\t\t\t\t\t\t\t\t<\/div>\r\n\t\t\t\r\n\t<\/div>\r\n\t\t<div class=\"wpproslider_t4_DIV_1 w3_wprs-col l6 outerrevdiv\">\r\n\t\t<div class=\"indrevdiv wpproslider_t4_DIV_1a  wprev_preview_bg1_T4 wprev_preview_bradius_T4\">\r\n\t\t\t<div class=\"wpproslider_t4_avatar_div\"><img decoding=\"async\" loading=\"lazy\" src=\"https:\/\/lh3.googleusercontent.com\/a-\/AOh14GgznKH-99SaNSbqRmeIvNEjOCMPYrrqIf-W9twpEdhJxw0=s128-c0x00000000-cc-rp-mo-ba4?sz=100\" alt=\"Rob S. Avatar\" class=\"wpproslider_t4_IMG_2 wprevpro_avatarimg\" \/><\/div>\t\t\t<div class=\"wpproslider_t4_H3_3 wprev_preview_tcolor1_T4\">\r\n\t\t\t\tRob S.\t\t\t<\/div>\r\n\t\t\t<span class=\"wpproslider_t4_SPAN_4\">\r\n\t\t\t<span class=\"wprevpro_star_imgs_T4\"><span class=\"starloc1 wprevpro_star_imgs wprevpro_star_imgsloc1\"><span class=\"svgicons svg-wprsp-star\"><\/span><span class=\"svgicons svg-wprsp-star\"><\/span><span class=\"svgicons svg-wprsp-star\"><\/span><span class=\"svgicons svg-wprsp-star\"><\/span><span class=\"svgicons svg-wprsp-star-o\"><\/span><\/span><span class=\"verifiedloc1 wprevpro_verified_svg wprevtooltip\" data-wprevtooltip=\"Verified on Google\"><span class=\"svgicons svg-wprsp-verified \"><\/span><\/span><\/span>\r\n\t\t\t<\/span>\r\n\t\t\t<div class=\"indrevtxt wpproslider_t4_P_5 wprev_preview_tcolor2_T4\">\t\t\t\tVery good when I found their office - location was wrong on Google maps. Good price and decent car.\t\t\t\t\t\t\t<\/div>\r\n\t\t\t<span class=\"wpproslider_t4_date wprev_preview_tcolor3_T4\"> <span class=\"wprev_showdate_T4\">8\/03\/2018<\/span><\/span>\r\n\t\t\t<div class='wprevt4_icon_div'><a href=\"https:\/\/maps.google.com\/?cid=17855820858013750826\" target=\"_blank\" rel=\"nofollow noreferrer noopener\" class=\"wprevpro_t4_site_logo_a\"><img decoding=\"async\" width=32 height=32 src=\"https:\/\/www.autosvalls.com\/it\/wp-content\/plugins\/wp-review-slider-pro\/public\/partials\/imgs\/google_small_icon.svg\" alt=\"Google Logo\" class=\"wprevpro_t4_site_logo wprevsiteicon \"><\/a><\/div>\t\t\t\t\t\t\t\t\t\t\t<\/div>\r\n\t\t\t\r\n\t<\/div>\r\n\t\t<div class=\"wpproslider_t4_DIV_1 w3_wprs-col l6 outerrevdiv\">\r\n\t\t<div class=\"indrevdiv wpproslider_t4_DIV_1a  wprev_preview_bg1_T4 wprev_preview_bradius_T4\">\r\n\t\t\t<div class=\"wpproslider_t4_avatar_div\"><img decoding=\"async\" loading=\"lazy\" src=\"https:\/\/lh5.googleusercontent.com\/-xh3SJdXK2Sk\/AAAAAAAAAAI\/AAAAAAAAAAA\/AMZuuckBtQLijzJFRuLbEuXt5SZ-QkoF4Q\/s128-c0x00000000-cc-rp-mo\/photo.jpg?sz=100\" alt=\"Aga A. Avatar\" class=\"wpproslider_t4_IMG_2 wprevpro_avatarimg\" \/><\/div>\t\t\t<div class=\"wpproslider_t4_H3_3 wprev_preview_tcolor1_T4\">\r\n\t\t\t\tAga A.\t\t\t<\/div>\r\n\t\t\t<span class=\"wpproslider_t4_SPAN_4\">\r\n\t\t\t<span class=\"wprevpro_star_imgs_T4\"><span class=\"starloc1 wprevpro_star_imgs wprevpro_star_imgsloc1\"><span class=\"svgicons svg-wprsp-star\"><\/span><span class=\"svgicons svg-wprsp-star\"><\/span><span class=\"svgicons svg-wprsp-star\"><\/span><span class=\"svgicons svg-wprsp-star\"><\/span><span class=\"svgicons svg-wprsp-star\"><\/span><\/span><span class=\"verifiedloc1 wprevpro_verified_svg wprevtooltip\" data-wprevtooltip=\"Verified on Google\"><span class=\"svgicons svg-wprsp-verified \"><\/span><\/span><\/span>\r\n\t\t\t<\/span>\r\n\t\t\t<div class=\"indrevtxt wpproslider_t4_P_5 wprev_preview_tcolor2_T4\">\t\t\t\tGreat service!\t\t\t\t\t\t\t<\/div>\r\n\t\t\t<span class=\"wpproslider_t4_date wprev_preview_tcolor3_T4\"> <span class=\"wprev_showdate_T4\">7\/20\/2018<\/span><\/span>\r\n\t\t\t<div class='wprevt4_icon_div'><a href=\"https:\/\/maps.google.com\/?cid=17855820858013750826\" target=\"_blank\" rel=\"nofollow noreferrer noopener\" class=\"wprevpro_t4_site_logo_a\"><img decoding=\"async\" width=32 height=32 src=\"https:\/\/www.autosvalls.com\/it\/wp-content\/plugins\/wp-review-slider-pro\/public\/partials\/imgs\/google_small_icon.svg\" alt=\"Google Logo\" class=\"wprevpro_t4_site_logo wprevsiteicon \"><\/a><\/div>\t\t\t\t\t\t\t\t\t\t\t<\/div>\r\n\t\t\t\r\n\t<\/div>\r\n\t\t<div class=\"wpproslider_t4_DIV_1 w3_wprs-col l6 outerrevdiv\">\r\n\t\t<div class=\"indrevdiv wpproslider_t4_DIV_1a  wprev_preview_bg1_T4 wprev_preview_bradius_T4\">\r\n\t\t\t<div class=\"wpproslider_t4_avatar_div\"><img decoding=\"async\" loading=\"lazy\" src=\"https:\/\/lh3.googleusercontent.com\/a-\/AOh14GjyE4dgApyMj0pDFcwrW8r6uoJzTyEatJThVCa3=s128-c0x00000000-cc-rp-mo?sz=100\" alt=\"Samir S. Avatar\" class=\"wpproslider_t4_IMG_2 wprevpro_avatarimg\" \/><\/div>\t\t\t<div class=\"wpproslider_t4_H3_3 wprev_preview_tcolor1_T4\">\r\n\t\t\t\tSamir S.\t\t\t<\/div>\r\n\t\t\t<span class=\"wpproslider_t4_SPAN_4\">\r\n\t\t\t<span class=\"wprevpro_star_imgs_T4\"><span class=\"starloc1 wprevpro_star_imgs wprevpro_star_imgsloc1\"><span class=\"svgicons svg-wprsp-star\"><\/span><span class=\"svgicons svg-wprsp-star\"><\/span><span class=\"svgicons svg-wprsp-star\"><\/span><span class=\"svgicons svg-wprsp-star\"><\/span><span class=\"svgicons svg-wprsp-star\"><\/span><\/span><span class=\"verifiedloc1 wprevpro_verified_svg wprevtooltip\" data-wprevtooltip=\"Verified on Google\"><span class=\"svgicons svg-wprsp-verified \"><\/span><\/span><\/span>\r\n\t\t\t<\/span>\r\n\t\t\t<div class=\"indrevtxt wpproslider_t4_P_5 wprev_preview_tcolor2_T4\">\t\t\t\tDefinetly this link deserve 5 stars Thank you so much do to the fact that you make my life izi.\t\t\t\t\t\t\t<\/div>\r\n\t\t\t<span class=\"wpproslider_t4_date wprev_preview_tcolor3_T4\"> <span class=\"wprev_showdate_T4\">4\/01\/2016<\/span><\/span>\r\n\t\t\t<div class='wprevt4_icon_div'><a href=\"https:\/\/maps.google.com\/?cid=10736212585358881915\" target=\"_blank\" rel=\"nofollow noreferrer noopener\" class=\"wprevpro_t4_site_logo_a\"><img decoding=\"async\" width=32 height=32 src=\"https:\/\/www.autosvalls.com\/it\/wp-content\/plugins\/wp-review-slider-pro\/public\/partials\/imgs\/google_small_icon.svg\" alt=\"Google Logo\" class=\"wprevpro_t4_site_logo wprevsiteicon \"><\/a><\/div>\t\t\t\t\t\t\t\t\t\t\t<\/div>\r\n\t\t\t\r\n\t<\/div>\r\n\t\t<div class=\"wpproslider_t4_DIV_1 w3_wprs-col l6 outerrevdiv\">\r\n\t\t<div class=\"indrevdiv wpproslider_t4_DIV_1a  wprev_preview_bg1_T4 wprev_preview_bradius_T4\">\r\n\t\t\t<div class=\"wpproslider_t4_avatar_div\"><img decoding=\"async\" loading=\"lazy\" src=\"https:\/\/lh5.googleusercontent.com\/-2-4ZsBKSSrc\/AAAAAAAAAAI\/AAAAAAAAAAA\/AMZuucmbXIXl98n5_mY0jbkrX2rfoXAUqg\/s128-c0x00000000-cc-rp-mo\/photo.jpg?sz=100\" alt=\"Anna N. Avatar\" class=\"wpproslider_t4_IMG_2 wprevpro_avatarimg\" \/><\/div>\t\t\t<div class=\"wpproslider_t4_H3_3 wprev_preview_tcolor1_T4\">\r\n\t\t\t\tAnna N.\t\t\t<\/div>\r\n\t\t\t<span class=\"wpproslider_t4_SPAN_4\">\r\n\t\t\t<span class=\"wprevpro_star_imgs_T4\"><span class=\"starloc1 wprevpro_star_imgs wprevpro_star_imgsloc1\"><span class=\"svgicons svg-wprsp-star\"><\/span><span class=\"svgicons svg-wprsp-star\"><\/span><span class=\"svgicons svg-wprsp-star\"><\/span><span class=\"svgicons svg-wprsp-star\"><\/span><span class=\"svgicons svg-wprsp-star\"><\/span><\/span><span class=\"verifiedloc1 wprevpro_verified_svg wprevtooltip\" data-wprevtooltip=\"Verified on Google\"><span class=\"svgicons svg-wprsp-verified \"><\/span><\/span><\/span>\r\n\t\t\t<\/span>\r\n\t\t\t<div class=\"indrevtxt wpproslider_t4_P_5 wprev_preview_tcolor2_T4\">\t\t\t\tWe are a Russian family and this company give a very good service and very helpful with us we recommend\t\t\t\t\t\t\t<\/div>\r\n\t\t\t<span class=\"wpproslider_t4_date wprev_preview_tcolor3_T4\"> <span class=\"wprev_showdate_T4\">2\/17\/2015<\/span><\/span>\r\n\t\t\t<div class='wprevt4_icon_div'><a href=\"https:\/\/maps.google.com\/?cid=18046526950919120469\" target=\"_blank\" rel=\"nofollow noreferrer noopener\" class=\"wprevpro_t4_site_logo_a\"><img decoding=\"async\" width=32 height=32 src=\"https:\/\/www.autosvalls.com\/it\/wp-content\/plugins\/wp-review-slider-pro\/public\/partials\/imgs\/google_small_icon.svg\" alt=\"Google Logo\" class=\"wprevpro_t4_site_logo wprevsiteicon \"><\/a><\/div>\t\t\t\t\t\t\t\t\t\t\t<\/div>\r\n\t\t\t\r\n\t<\/div>\r\n\t\t<div class=\"wpproslider_t4_DIV_1 w3_wprs-col l6 outerrevdiv\">\r\n\t\t<div class=\"indrevdiv wpproslider_t4_DIV_1a  wprev_preview_bg1_T4 wprev_preview_bradius_T4\">\r\n\t\t\t<div class=\"wpproslider_t4_avatar_div\"><img decoding=\"async\" loading=\"lazy\" src=\"https:\/\/lh3.googleusercontent.com\/a-\/AOh14GgICrzKBIn1jV6JlIXu56br1-ndh3d_ebxhrNz_=s128-c0x00000000-cc-rp-mo?sz=100\" alt=\"Kristina K. Avatar\" class=\"wpproslider_t4_IMG_2 wprevpro_avatarimg\" \/><\/div>\t\t\t<div class=\"wpproslider_t4_H3_3 wprev_preview_tcolor1_T4\">\r\n\t\t\t\tKristina K.\t\t\t<\/div>\r\n\t\t\t<span class=\"wpproslider_t4_SPAN_4\">\r\n\t\t\t<span class=\"wprevpro_star_imgs_T4\"><span class=\"starloc1 wprevpro_star_imgs wprevpro_star_imgsloc1\"><span class=\"svgicons svg-wprsp-star\"><\/span><span class=\"svgicons svg-wprsp-star\"><\/span><span class=\"svgicons svg-wprsp-star\"><\/span><span class=\"svgicons svg-wprsp-star\"><\/span><span class=\"svgicons svg-wprsp-star\"><\/span><\/span><span class=\"verifiedloc1 wprevpro_verified_svg wprevtooltip\" data-wprevtooltip=\"Verified on Google\"><span class=\"svgicons svg-wprsp-verified \"><\/span><\/span><\/span>\r\n\t\t\t<\/span>\r\n\t\t\t<div class=\"indrevtxt wpproslider_t4_P_5 wprev_preview_tcolor2_T4\">\t\t\t\tWe hired a car with Autos Valls. Friendly staff and good service without additional charge on returning.\t\t\t\t\t\t\t<\/div>\r\n\t\t\t<span class=\"wpproslider_t4_date wprev_preview_tcolor3_T4\"> <span class=\"wprev_showdate_T4\">12\/07\/2014<\/span><\/span>\r\n\t\t\t<div class='wprevt4_icon_div'><a href=\"https:\/\/maps.google.com\/?cid=18046526950919120469\" target=\"_blank\" rel=\"nofollow noreferrer noopener\" class=\"wprevpro_t4_site_logo_a\"><img decoding=\"async\" width=32 height=32 src=\"https:\/\/www.autosvalls.com\/it\/wp-content\/plugins\/wp-review-slider-pro\/public\/partials\/imgs\/google_small_icon.svg\" alt=\"Google Logo\" class=\"wprevpro_t4_site_logo wprevsiteicon \"><\/a><\/div>\t\t\t\t\t\t\t\t\t\t\t<\/div>\r\n\t\t\t\r\n\t<\/div>\r\n\t\t<div class=\"wpproslider_t4_DIV_1 w3_wprs-col l6 outerrevdiv\">\r\n\t\t<div class=\"indrevdiv wpproslider_t4_DIV_1a  wprev_preview_bg1_T4 wprev_preview_bradius_T4\">\r\n\t\t\t<div class=\"wpproslider_t4_avatar_div\"><img decoding=\"async\" loading=\"lazy\" src=\"https:\/\/lh3.googleusercontent.com\/a-\/AOh14Gjau61dPnoo2L96sFFBhJUXAi6Jk7C6nSh2TFc4=s128-c0x00000000-cc-rp-mo?sz=100\" alt=\"Alexandre T. Avatar\" class=\"wpproslider_t4_IMG_2 wprevpro_avatarimg\" \/><\/div>\t\t\t<div class=\"wpproslider_t4_H3_3 wprev_preview_tcolor1_T4\">\r\n\t\t\t\tAlexandre T.\t\t\t<\/div>\r\n\t\t\t<span class=\"wpproslider_t4_SPAN_4\">\r\n\t\t\t<span class=\"wprevpro_star_imgs_T4\"><span class=\"starloc1 wprevpro_star_imgs wprevpro_star_imgsloc1\"><span class=\"svgicons svg-wprsp-star\"><\/span><span class=\"svgicons svg-wprsp-star\"><\/span><span class=\"svgicons svg-wprsp-star\"><\/span><span class=\"svgicons svg-wprsp-star\"><\/span><span class=\"svgicons svg-wprsp-star\"><\/span><\/span><span class=\"verifiedloc1 wprevpro_verified_svg wprevtooltip\" data-wprevtooltip=\"Verified on Google\"><span class=\"svgicons svg-wprsp-verified \"><\/span><\/span><\/span>\r\n\t\t\t<\/span>\r\n\t\t\t<div class=\"indrevtxt wpproslider_t4_P_5 wprev_preview_tcolor2_T4\">\t\t\t\tI've been renting car 7 years and I am satisfied with the treatment received. For now I'll keep trusting them.\t\t\t\t\t\t\t<\/div>\r\n\t\t\t<span class=\"wpproslider_t4_date wprev_preview_tcolor3_T4\"> <span class=\"wprev_showdate_T4\">11\/10\/2014<\/span><\/span>\r\n\t\t\t<div class='wprevt4_icon_div'><a href=\"https:\/\/maps.google.com\/?cid=10736212585358881915\" target=\"_blank\" rel=\"nofollow noreferrer noopener\" class=\"wprevpro_t4_site_logo_a\"><img decoding=\"async\" width=32 height=32 src=\"https:\/\/www.autosvalls.com\/it\/wp-content\/plugins\/wp-review-slider-pro\/public\/partials\/imgs\/google_small_icon.svg\" alt=\"Google Logo\" class=\"wprevpro_t4_site_logo wprevsiteicon \"><\/a><\/div>\t\t\t\t\t\t\t\t\t\t\t<\/div>\r\n\t\t\t\r\n\t<\/div>\r\n\t\t<div class=\"wpproslider_t4_DIV_1 w3_wprs-col l6 outerrevdiv\">\r\n\t\t<div class=\"indrevdiv wpproslider_t4_DIV_1a  wprev_preview_bg1_T4 wprev_preview_bradius_T4\">\r\n\t\t\t<div class=\"wpproslider_t4_avatar_div\"><img decoding=\"async\" loading=\"lazy\" src=\"https:\/\/lh3.googleusercontent.com\/a-\/AOh14Ghbbk4Py-sf3xULkc_ooIjBRr1s2Lp-OUR5mP8rCw=s128-c0x00000000-cc-rp-mo?sz=100\" alt=\"dixons a. Avatar\" class=\"wpproslider_t4_IMG_2 wprevpro_avatarimg\" \/><\/div>\t\t\t<div class=\"wpproslider_t4_H3_3 wprev_preview_tcolor1_T4\">\r\n\t\t\t\tdixons a.\t\t\t<\/div>\r\n\t\t\t<span class=\"wpproslider_t4_SPAN_4\">\r\n\t\t\t<span class=\"wprevpro_star_imgs_T4\"><span class=\"starloc1 wprevpro_star_imgs wprevpro_star_imgsloc1\"><span class=\"svgicons svg-wprsp-star\"><\/span><span class=\"svgicons svg-wprsp-star\"><\/span><span class=\"svgicons svg-wprsp-star\"><\/span><span class=\"svgicons svg-wprsp-star\"><\/span><span class=\"svgicons svg-wprsp-star-o\"><\/span><\/span><span class=\"verifiedloc1 wprevpro_verified_svg wprevtooltip\" data-wprevtooltip=\"Verified on Google\"><span class=\"svgicons svg-wprsp-verified \"><\/span><\/span><\/span>\r\n\t\t\t<\/span>\r\n\t\t\t<div class=\"indrevtxt wpproslider_t4_P_5 wprev_preview_tcolor2_T4\">\t\t\t\tVery nice and friendly people good service recommend\t\t\t\t\t\t\t<\/div>\r\n\t\t\t<span class=\"wpproslider_t4_date wprev_preview_tcolor3_T4\"> <span class=\"wprev_showdate_T4\">11\/05\/2014<\/span><\/span>\r\n\t\t\t<div class='wprevt4_icon_div'><a href=\"https:\/\/maps.google.com\/?cid=18046526950919120469\" target=\"_blank\" rel=\"nofollow noreferrer noopener\" class=\"wprevpro_t4_site_logo_a\"><img decoding=\"async\" width=32 height=32 src=\"https:\/\/www.autosvalls.com\/it\/wp-content\/plugins\/wp-review-slider-pro\/public\/partials\/imgs\/google_small_icon.svg\" alt=\"Google Logo\" class=\"wprevpro_t4_site_logo wprevsiteicon \"><\/a><\/div>\t\t\t\t\t\t\t\t\t\t\t<\/div>\r\n\t\t\t\r\n\t<\/div>\r\n\t\t<div class=\"wpproslider_t4_DIV_1 w3_wprs-col l6 outerrevdiv\">\r\n\t\t<div class=\"indrevdiv wpproslider_t4_DIV_1a  wprev_preview_bg1_T4 wprev_preview_bradius_T4\">\r\n\t\t\t<div class=\"wpproslider_t4_avatar_div\"><img decoding=\"async\" loading=\"lazy\" src=\"https:\/\/lh3.googleusercontent.com\/a-\/AOh14GiV67wZsJfp-QpfAjssIuXtg7dnS3Mp3eGbYDa5=s128-c0x00000000-cc-rp-mo?sz=100\" alt=\"Barbara D. Avatar\" class=\"wpproslider_t4_IMG_2 wprevpro_avatarimg\" \/><\/div>\t\t\t<div class=\"wpproslider_t4_H3_3 wprev_preview_tcolor1_T4\">\r\n\t\t\t\tBarbara D.\t\t\t<\/div>\r\n\t\t\t<span class=\"wpproslider_t4_SPAN_4\">\r\n\t\t\t<span class=\"wprevpro_star_imgs_T4\"><span class=\"starloc1 wprevpro_star_imgs wprevpro_star_imgsloc1\"><span class=\"svgicons svg-wprsp-star\"><\/span><span class=\"svgicons svg-wprsp-star\"><\/span><span class=\"svgicons svg-wprsp-star\"><\/span><span class=\"svgicons svg-wprsp-star\"><\/span><span class=\"svgicons svg-wprsp-star\"><\/span><\/span><span class=\"verifiedloc1 wprevpro_verified_svg wprevtooltip\" data-wprevtooltip=\"Verified on Google\"><span class=\"svgicons svg-wprsp-verified \"><\/span><\/span><\/span>\r\n\t\t\t<\/span>\r\n\t\t\t<div class=\"indrevtxt wpproslider_t4_P_5 wprev_preview_tcolor2_T4\">\t\t\t\tGreat company, very good service and very friendly and efficient staff. I really recommend this family business, I will use them every time I'll go back to Menorca.\t\t\t\t\t\t\t<\/div>\r\n\t\t\t<span class=\"wpproslider_t4_date wprev_preview_tcolor3_T4\"> <span class=\"wprev_showdate_T4\">7\/28\/2014<\/span><\/span>\r\n\t\t\t<div class='wprevt4_icon_div'><a href=\"https:\/\/maps.google.com\/?cid=10736212585358881915\" target=\"_blank\" rel=\"nofollow noreferrer noopener\" class=\"wprevpro_t4_site_logo_a\"><img decoding=\"async\" width=32 height=32 src=\"https:\/\/www.autosvalls.com\/it\/wp-content\/plugins\/wp-review-slider-pro\/public\/partials\/imgs\/google_small_icon.svg\" alt=\"Google Logo\" class=\"wprevpro_t4_site_logo wprevsiteicon \"><\/a><\/div>\t\t\t\t\t\t\t\t\t\t\t<\/div>\r\n\t\t\t\r\n\t<\/div>\r\n\t<\/div><div  class=\"wprevpro_load_more_div\" ><button data-notinstring=\"58,61,59,60,50,49,53,54,51,52,40,46,47,39,48,38\" data-onemobil=\"no\" data-revsameheight=\"yes\"  data-callnum=\"1\" data-ismasonry=\"no\" data-slideshow=\"sli\" data-tid=\"1\" data-nrows=\"2\" data-perrow=\"2\" data-cpostid=\"2017\" data-shortcodepageid=\"\" data-shortcodelang=\"\" data-shortcodetag=\"\" class=\"wprevpro_load_more_btn brnprevclass \" id=\"wprev_load_more_btn_1\" style=display:none;>load more<\/button><img decoding=\"async\" loading=\"lazy\" src=\"https:\/\/www.autosvalls.com\/it\/wp-content\/plugins\/wp-review-slider-pro\/public\/partials\/imgs\/loading_ripple.gif\" class=\"wprploadmore_loading_image \" alt=\"Button to load more customer reviews\" style=\"display:none;\"><\/div><\/div><script type=\"application\/ld+json\">{\"@context\": \"http:\/\/schema.org\/\",\"@type\": \"LocalBusiness\",\"name\": \"Motos Valls Menorca\",\"description\": \"Alquiler de motos en Menorca\",\"aggregateRating\": {\"@type\": \"AggregateRating\",\"ratingValue\": \"4.9\",\"ratingCount\": \"16\",\"bestRating\": \"5\",\"worstRating\": \"1\"},\"image\": \"https:\/\/www.motosvallsmenorca.es\/wp-content\/uploads\/2020\/10\/logo_125.png.webp\", \"address\": {\"@type\": \"PostalAddress\",\"addressLocality\": \"Mahon\",\"addressRegion\": \"Menorca\",\"postalCode\": \"07714\",\"addressCountry\": \"\",\"streetAddress\": \"C. Curniola 32\"}, \"telephone\": \"(+34) 971 593 167\"}<\/script><\/div>[\/vc_column_text][\/vc_column][\/vc_row][vc_row el_class=&#8221;text-center&#8221; css=&#8221;.vc_custom_1611441381003{margin-top: 50px !important;}&#8221;][vc_column][vc_column_text css=&#8221;.vc_custom_1707898173826{margin-bottom: 50px !important;padding-top: 32px !important;}&#8221;]\r\n<div class=\"huge sc-c\">Le Nostre Uffici<\/div>\r\n<span class=\"med\">Scopri le nostre <a href=\"https:\/\/goo.gl\/maps\/cjHK9cJmxSuKB4YL9\" target=\"_blank\" rel=\"noopener\">17 uffici<\/a> distribuite lungo tutta la costa di Minorca.<\/span>\r\n[\/vc_column_text][vc_gmaps link=&#8221;#E-8_JTNDaWZyYW1lJTIwdGl0bGUlM0QlMjJPZmljaW5hcyUyMEF1dG9zJTIwVmFsbHMlMjIlMjBzcmMlM0QlMjJodHRwcyUzQSUyRiUyRnd3dy5nb29nbGUuY29tJTJGbWFwcyUyRmVtYmVkJTNGcGIlM0QlMjExbTEyJTIxMW04JTIxMW0zJTIxMWQxOTU3NTYuMTg2NDAxMDY4NTIlMjEyZDQuMDcxNzg5OTIxMDMxNzIyJTIxM2QzOS45NDgzMTQwOTg2MzYzOSUyMTNtMiUyMTFpMTAyNCUyMTJpNzY4JTIxNGYxMy4xJTIxMm0xJTIxMXNhdXRvcyUyNTIwdmFsbHMlMjUyMG1lbm9yY2ElMjE1ZTAlMjEzbTIlMjExc2VuJTIxMnNlcyUyMTR2MTYxMTQ0MjA2MzYzNCUyMTVtMiUyMTFzZW4lMjEyc2VzJTIyJTIwd2lkdGglM0QlMjI2MDAlMjIlMjBoZWlnaHQlM0QlMjI0NTAlMjIlMjBmcmFtZWJvcmRlciUzRCUyMjAlMjIlMjBzdHlsZSUzRCUyMmJvcmRlciUzQTAlM0IlMjIlMjBhbGxvd2Z1bGxzY3JlZW4lM0QlMjIlMjIlMjBhcmlhLWhpZGRlbiUzRCUyMmZhbHNlJTIyJTIwdGFiaW5kZXglM0QlMjIwJTIyJTNFJTNDJTJGaWZyYW1lJTNF&#8221; size=&#8221;450&#8243; css=&#8221;.vc_custom_1612895222553{margin-bottom: 0px !important;}&#8221; el_class=&#8221;home-map super_border_radius&#8221;][\/vc_column][\/vc_row][vc_row css=&#8221;.vc_custom_1613328433072{margin-top: 50px !important;margin-bottom: 50px !important;padding-bottom: 25px !important;background-color: #f8f8f8 !important;}&#8221; el_class=&#8221;super_border_radius text-center box_shadow&#8221;][vc_column width=&#8221;1\/4&#8243; css=&#8221;.vc_custom_1611447788643{padding-top: 0px !important;}&#8221;][\/vc_column][vc_column width=&#8221;1\/2&#8243;][vc_column_text css=&#8221;.vc_custom_1707898199892{margin-bottom: 50px !important;padding-top: 32px !important;}&#8221;]\r\n<div class=\"huge sc-c\">Prenota dal tuo Telefono<\/div>\r\n<p class=\"med\">Un operatore \u00e8 pronto per assisterti.<\/p>\r\n<p class=\"mt-8 med\"><a class=\"button big\" href=\"tel:+34971573740\">+34 971 573 740<\/a><\/p>\r\n[\/vc_column_text][\/vc_column][vc_column width=&#8221;1\/4&#8243; css=&#8221;.vc_custom_1611447793944{padding-top: 0px !important;}&#8221;][\/vc_column][\/vc_row]<\/div>","protected":false},"excerpt":{"rendered":"[vc_row full_width=&#8221;stretch_row&#8221; full_height=&#8221;yes&#8221; content_placement=&#8221;bottom&#8221; css=&#8221;.vc_custom_1707759881853{margin-top: -40px !important;background-image: url(https:\/\/www.autosvalls.com\/wp-content\/uploads\/2024\/02\/01-fondo-scaled.jpg?id=34543) !important;background-position: center !important;background-repeat: no-repeat !important;background-size: cover !important;}&#8221; el_class=&#8221;home-master&#8221;][vc_column css=&#8221;.vc_custom_1616088060901{margin-top: 150px !important;padding-top: 15px !important;padding-right: 0px !important;padding-bottom: 15px !important;padding-left: 0px !important;background-color: rgba(255,255,255,0.82) !important;*background-color: rgb(255,255,255) !important;border-radius: 10px !important;}&#8221; offset=&#8221;vc_col-lg-12 vc_col-md-12&#8243;][\/vc_column][\/vc_row][vc_row css=&#8221;.vc_custom_1611445168304{margin-top: 50px !important;}&#8221;][vc_column][vc_column_text] Il Tuo Viaggio Ideale con Autos Menorca [\/vc_column_text][vc_column_text] Specialisti in Noleggio di Auto e Moto a Minorca [&hellip;]","protected":false},"author":3,"featured_media":2020,"parent":0,"menu_order":0,"comment_status":"closed","ping_status":"closed","template":"homepage.php","meta":{"footnotes":""},"class_list":["post-2017","page","type-page","status-publish","has-post-thumbnail","hentry"],"_links":{"self":[{"href":"https:\/\/www.autosvalls.com\/it\/wp-json\/wp\/v2\/pages\/2017","targetHints":{"allow":["GET"]}}],"collection":[{"href":"https:\/\/www.autosvalls.com\/it\/wp-json\/wp\/v2\/pages"}],"about":[{"href":"https:\/\/www.autosvalls.com\/it\/wp-json\/wp\/v2\/types\/page"}],"author":[{"embeddable":true,"href":"https:\/\/www.autosvalls.com\/it\/wp-json\/wp\/v2\/users\/3"}],"replies":[{"embeddable":true,"href":"https:\/\/www.autosvalls.com\/it\/wp-json\/wp\/v2\/comments?post=2017"}],"version-history":[{"count":14,"href":"https:\/\/www.autosvalls.com\/it\/wp-json\/wp\/v2\/pages\/2017\/revisions"}],"predecessor-version":[{"id":2211,"href":"https:\/\/www.autosvalls.com\/it\/wp-json\/wp\/v2\/pages\/2017\/revisions\/2211"}],"wp:featuredmedia":[{"embeddable":true,"href":"https:\/\/www.autosvalls.com\/it\/wp-json\/wp\/v2\/media\/2020"}],"wp:attachment":[{"href":"https:\/\/www.autosvalls.com\/it\/wp-json\/wp\/v2\/media?parent=2017"}],"curies":[{"name":"wp","href":"https:\/\/api.w.org\/{rel}","templated":true}]}}